{"id":1984,"date":"2021-06-10T19:59:16","date_gmt":"2021-06-10T19:59:16","guid":{"rendered":"https:\/\/www.entrerios.gov.ar\/cultura\/?page_id=1984"},"modified":"2026-01-28T12:00:27","modified_gmt":"2026-01-28T12:00:27","slug":"mas-informacion-artesanias-2","status":"publish","type":"page","link":"https:\/\/www.entrerios.gov.ar\/cultura\/mas-informacion-artesanias-2\/","title":{"rendered":"mas informacion artesanias"},"content":{"rendered":"<p>[et_pb_section fb_built=&#8221;1&#8243; _builder_version=&#8221;4.16&#8243; _module_preset=&#8221;default&#8221; custom_margin=&#8221;0px|0px|0px|0px|false|false&#8221; custom_padding=&#8221;0px|0px|0px|0px|false|false&#8221; global_colors_info=&#8221;{}&#8221;][et_pb_row column_structure=&#8221;1_2,1_2&#8243; _builder_version=&#8221;4.16&#8243; _module_preset=&#8221;default&#8221; width=&#8221;95%&#8221; max_width=&#8221;95%&#8221; global_colors_info=&#8221;{}&#8221;][et_pb_column type=&#8221;1_2&#8243; _builder_version=&#8221;4.16&#8243; _module_preset=&#8221;default&#8221; global_colors_info=&#8221;{}&#8221;][et_pb_text _builder_version=&#8221;4.16&#8243; _module_preset=&#8221;default&#8221; global_colors_info=&#8221;{}&#8221;]<\/p>\n<h1><span style=\"color: #ffcc00;\"><b>Museo y Mercado Provincial de Artesan\u00edas Carlos Asiain<\/b><\/span><\/h1>\n<p>[\/et_pb_text][et_pb_image src=&#8221;https:\/\/www.entrerios.gov.ar\/cultura\/wp-content\/uploads\/2021\/06\/artesanias-1.jpg&#8221; title_text=&#8221;artesanias (1)&#8221; _builder_version=&#8221;4.17.6&#8243; _module_preset=&#8221;default&#8221; custom_margin=&#8221;0px||0px||false|false&#8221; global_colors_info=&#8221;{}&#8221;][\/et_pb_image][et_pb_image src=&#8221;https:\/\/www.entrerios.gov.ar\/cultura\/wp-content\/uploads\/2021\/03\/artesanias-4.jpg&#8221; title_text=&#8221;artesanias (4)&#8221; _builder_version=&#8221;4.17.6&#8243; _module_preset=&#8221;default&#8221; custom_margin=&#8221;0px||0px||false|false&#8221; global_colors_info=&#8221;{}&#8221;][\/et_pb_image][et_pb_image src=&#8221;https:\/\/www.entrerios.gov.ar\/cultura\/wp-content\/uploads\/2021\/06\/artesanias-3.jpg&#8221; title_text=&#8221;artesanias (3)&#8221; _builder_version=&#8221;4.17.6&#8243; _module_preset=&#8221;default&#8221; custom_margin=&#8221;0px||0px||false|false&#8221; global_colors_info=&#8221;{}&#8221;][\/et_pb_image][et_pb_image src=&#8221;https:\/\/www.entrerios.gov.ar\/cultura\/wp-content\/uploads\/2022\/07\/DSC_8009-copia-min-scaled.jpg&#8221; title_text=&#8221;DSC_8009 copia-min&#8221; _builder_version=&#8221;4.17.6&#8243; _module_preset=&#8221;default&#8221; custom_margin=&#8221;0px||0px||false|false&#8221; global_colors_info=&#8221;{}&#8221;][\/et_pb_image][et_pb_image src=&#8221;https:\/\/www.entrerios.gov.ar\/cultura\/wp-content\/uploads\/2022\/07\/DSC_8003-copia-scaled.jpg&#8221; title_text=&#8221;DSC_8003 copia&#8221; _builder_version=&#8221;4.17.6&#8243; _module_preset=&#8221;default&#8221; custom_margin=&#8221;0px||0px||false|false&#8221; global_colors_info=&#8221;{}&#8221;][\/et_pb_image][\/et_pb_column][et_pb_column type=&#8221;1_2&#8243; _builder_version=&#8221;4.16&#8243; _module_preset=&#8221;default&#8221; global_colors_info=&#8221;{}&#8221;][et_pb_text _builder_version=&#8221;4.18.0&#8243; _module_preset=&#8221;default&#8221; custom_padding=&#8221;||0px|||&#8221; global_colors_info=&#8221;{}&#8221;]<\/p>\n<p><span style=\"font-weight: 400; color: #ffcc00;\"><\/span><\/p>\n<p><span style=\"font-weight: 400;\"><\/span><\/p>\n<p><span style=\"font-weight: 400;\"><\/span><\/p>\n<p><span style=\"font-weight: 400;\"><\/span><\/p>\n<p><span style=\"font-weight: 400;\"><\/span><\/p>\n<p><span style=\"font-weight: 400;\"><\/span><\/p>\n<p><span style=\"font-weight: 400;\"><\/span><\/p>\n<p><span style=\"font-weight: 400;\"><\/span><\/p>\n<p><span style=\"font-weight: 400;\">El Museo\u00a0 y Mercado de Artesan\u00edas surge en julio de 1979 para recuperar el sello de las costumbres, la creatividad y el trabajo que reside en las artesan\u00edas entrerrianas.<\/span><br \/><span style=\"font-weight: 400;\">Luego de a\u00f1os de presencia en diversos lugares, las artesan\u00edas de Entre R\u00edos y\u00a0 la instituci\u00f3n han logrado el reconocimiento de especialistas y del p\u00fablico en general y han obtenido numerosas distinciones: Premio de la Sociedad Rural Argentina (1979), Premio de la Feria Internacional de Artesan\u00edas en C\u00f3rdoba (1998), Diploma de Honor a la Mejor Representaci\u00f3n Oficial Argentina y Primer Premio a la excelencia por el aporte a la cultura, otorgado por el Instituto Argentino a la Excelencia (1999).<\/span><\/p>\n<h5><strong><span style=\"color: #ffcc00;\">Historia<\/span><\/strong><\/h5>\n<p><span style=\"font-weight: 400;\">El Museo\u00a0 y Mercado de Artesan\u00edas surge en julio de 1979 para recuperar el sello de las costumbres, la creatividad y el trabajo que reside en las artesan\u00edas entrerrianas.<\/span><br \/><span style=\"font-weight: 400;\">Luego de a\u00f1os de presencia en diversos lugares, las artesan\u00edas de Entre R\u00edos y\u00a0 la instituci\u00f3n han logrado el reconocimiento de especialistas y del p\u00fablico en general y han obtenido numerosas distinciones: Premio de la Sociedad Rural Argentina (1979), Premio de la Feria Internacional de Artesan\u00edas en C\u00f3rdoba (1998), Diploma de Honor a la Mejor Representaci\u00f3n Oficial Argentina y Primer Premio a la excelencia por el aporte a la cultura, otorgado por el Instituto Argentino a la Excelencia (1999).<\/span><br \/><span style=\"font-weight: 400;\">En la sede de este Museo se realiz\u00f3 la preselecci\u00f3n provincial para el Premio UNESCO de Artesan\u00edas para Am\u00e9rica Latina y el Caribe (1999-2002-2004) y el regional del mismo certamen (1999-2002). Asimismo en abril del 2003 se entreg\u00f3 en la sede del Museo el diploma del 3er Premio UNESCO de Artesan\u00edas, obtenido por un artesano entrerriano con residencia en M\u00e9xico. En 2008 fue sede de la selecci\u00f3n provincial para el Reconocimiento a la Excelencia de UNESCO para productos artesanales MERCOSUR.<\/span><br \/><span style=\"font-weight: 400;\">En el a\u00f1o 2010 alcanz\u00f3 la Menci\u00f3n Especial al Mejor Puesto Institucional Nacional en la 25\u00b0 Fiesta Nacional de la Artesan\u00eda, realizada en Col\u00f3n, Entre R\u00edos. El mismo a\u00f1o el Museo fue invitado por el Fondo Nacional de las Artesan\u00edas a la muestra Pertenencia, donde artesanos entrerrianos dictaron talleres y participaron con cinco piezas en la Muestra Nacional de Artesan\u00edas del Bicentenario que recorre nuestro pa\u00eds, coordinada por Secretar\u00eda de Cultura de Naci\u00f3n.<\/span><br \/><span style=\"font-weight: 400;\">El Museo presenta muestras itinerantes en escuelas, bibliotecas, centros culturales de diferentes localidades y zonas rurales de Entre R\u00edos, en las que participan artesanos que trabajan en p\u00fablico. Esto colabora en la valorizaci\u00f3n de los oficios y productos que se exhiben.\u00a0<\/span><br \/><span style=\"font-weight: 400;\">Adem\u00e1s, junto a otras instituciones p\u00fablicas y privadas, nacionales y provinciales, gestiona y produce proyectos de desarrollo y capacitaci\u00f3n para el sector artesano.<\/span><\/p>\n<h5><span style=\"color: #ffcc00;\"><strong>Piezas que se pueden encontrar en el museo<\/strong><\/span><\/h5>\n<p><span style=\"font-weight: 400;\">El repertorio artesanal entrerriano ofrece numerosas especialidades que se nutren de diversos materiales y que se pueden conocer en un recorrido por el museo:<\/span><\/p>\n<h4><span style=\"color: #ffcc00;\">Astas y huesos<\/span><br \/><span style=\"font-weight: 400;\">Entre las piezas del\u00a0 museo se pueden encontrar valiosas creaciones en astas y huesos. Estos materiales requieren la cuidadosa selecci\u00f3n de materia prima de los artesanos para la realizaci\u00f3n de recipientes como \u201cchifles\u201d, jarros y mates que se caracterizan por su excelente talla y pulido.\u00a0<\/span><\/h4>\n<h4><strong><span style=\"color: #ffcc00;\"><span style=\"font-size: 14px;\">Piedras<\/span><\/span><\/strong><br \/><span style=\"font-weight: 400;\">El museo contiene finas piezas de joyer\u00eda realizadas por artesanos y artesanas locales. La mayor\u00eda trabaja con materia prima de gran calidad que se obtiene a orillas del r\u00edo Uruguay.<\/span><\/h4>\n<h5><span style=\"color: #ffcc00;\"><span style=\"font-size: 14px;\">Fibras vegetales<\/span><\/span><br \/><span style=\"font-weight: 400;\">Los tejidos se realizan con dos agujas, crochet o en telar. Artesanos y artesanas de este rubro producen mantas, sacos, chalinas y medias. Gran parte de las bases, t\u00e9cnicas y estilos caracter\u00edsticos del oficio textil, pueden rastrearse a mediados del Siglo XIX con la llegada de los inmigrantes, cuyas realizaciones se sumaron a las ya existentes. La lana la hilan por lo general con rueca y en algunos casos con hueso y se utilizan t\u00e9cnicas de te\u00f1ido\u00a0 con tinturas naturales. Se trabaja el hilo para la elaboraci\u00f3n de carpetas, puntillas y ropa.<\/span><\/h5>\n<p><strong><span style=\"color: #ffcc00;\"><span style=\"font-size: 14px;\">Cueros<\/span><\/span><\/strong><br \/><span style=\"font-weight: 400;\">Nuestra provincia se encuentra enmarcada en lo que se dio en llamar \u201cCivilizaci\u00f3n del cuero\u201d. Los artesanos que trabajan con el cuero crudo son conocidos en esta regi\u00f3n como \u201cguasqueros\u201d usan yeguarizo o vacuno para producir cabezadas y riendas, lazos, rebenques y arreadores. Cortan finos tientos para tejer cabos y vainas de cuchillo; con el cuero procesado hacen caronas, monturas, bolsos, carteras, forran o retoban mates y botellas. En este rubro algunos trabajan, adem\u00e1s, pieles de pescado de la regi\u00f3n.<\/span><\/p>\n<h5><strong><span style=\"color: #ffcc00;\"><span style=\"font-size: 14px;\">Metales<\/span><\/span><\/strong><br \/><span style=\"font-weight: 400;\">Los trabajos en metal tienen un gran vigor en Entre R\u00edos. Hierro, alpaca, cobre, oro y plata son las bases en la elaboraci\u00f3n de bombillas, cuchillos, estribos, espuelas, l\u00e1mparas, jarras, joyas, marcos de espejo y utensilios. Algunas de estas artesan\u00edas est\u00e1n en el museo. Adquieren su forma a trav\u00e9s del fuego, los martillos, los cinceles y las ideas creativas de los artesanos.<\/span><\/h5>\n<h5><span style=\"color: #ffcc00;\"><strong><span style=\"font-size: 14px;\">Madera<\/span><\/strong><\/span><br \/><span style=\"font-weight: 400;\">Los artesanos entrerrianos toman arcilla que se encuentra en la provincia para trabajar con sus manos vasijas y figuras o para levantar desde el tomo del alfarero cacharros, macetas y floreros. Algunos de ellos rescatan las t\u00e9cnicas e im\u00e1genes de los pueblos originarios.\u00a0<\/span><\/h5>\n<h5><span style=\"font-size: 14px; color: #ffcc00;\"><strong>Instrumentos musicales<\/strong><\/span><br \/><span style=\"font-weight: 400;\">Se trata de piezas de compleja elaboraci\u00f3n que combinan aspecto y terminaci\u00f3n con la sonoridad que de ellas se logra; se destacan los instrumentos de cuerda que producen los luthiers, sobre todo las guitarras entrerrianas y que son utilizadas por grandes m\u00fasicos argentinos.<\/span><\/h5>\n<h5><span style=\"color: #ffcc00;\"><strong><span style=\"font-size: 14px;\">Textiles<\/span><\/strong><\/span><br \/><span style=\"font-weight: 400;\">Entre R\u00edos se ha destacado siempre en la producci\u00f3n de cester\u00eda por la variedad de vegetales naturales y de cultivos. Se realizan canastos, paneras, posafuentes, sillas, sillones y muebles utilizando palma caranday, isip\u00f3, totora, junco, espada\u00f1a, espartillo, chala de ma\u00edz, paja de trigo y mimbre, entre otras fibras.<\/span><\/h5>\n<h5><span style=\"color: #ffcc00;\"><strong><span style=\"font-size: 14px;\">Cer\u00e1mica<\/span><\/strong><\/span><br \/><span style=\"font-weight: 400;\">El museo exhibe productos de madera en distintas t\u00e9cnicas. Los artesanos toman de la naturaleza s\u00f3lo lo que van a usar y lo transforman en juguetes, cajas, fuentes, tablas, cucharas, etc, mediante el tallado o torneado.\u00a0<\/span><\/h5>\n<p>&nbsp;<\/p>\n<p>[\/et_pb_text][\/et_pb_column][\/et_pb_row][et_pb_row column_structure=&#8221;1_4,1_4,1_4,1_4&#8243; use_custom_gutter=&#8221;on&#8221; gutter_width=&#8221;4&#8243; _builder_version=&#8221;4.21.2&#8243; _module_preset=&#8221;default&#8221; background_color=&#8221;RGBA(255,255,255,0)&#8221; width=&#8221;100%&#8221; max_width=&#8221;100%&#8221; module_alignment=&#8221;center&#8221; min_height=&#8221;134.3px&#8221; custom_margin=&#8221;15px|0px|0px|8px|false|false&#8221; custom_padding=&#8221;15px|1521px|15px|32px|false|false&#8221; border_color_all=&#8221;#7CDA24&#8243; border_width_top=&#8221;10px&#8221; border_color_top=&#8221;#64b44b&#8221; global_module=&#8221;4620&#8243; saved_tabs=&#8221;all&#8221; global_colors_info=&#8221;{}&#8221;][et_pb_column type=&#8221;1_4&#8243; _builder_version=&#8221;4.17.4&#8243; _module_preset=&#8221;default&#8221; global_colors_info=&#8221;{}&#8221;][et_pb_text _builder_version=&#8221;4.21.2&#8243; _module_preset=&#8221;default&#8221; width=&#8221;113%&#8221; module_alignment=&#8221;right&#8221; global_colors_info=&#8221;{}&#8221;][\/et_pb_text][\/et_pb_column][et_pb_column type=&#8221;1_4&#8243; _builder_version=&#8221;4.16&#8243; _module_preset=&#8221;default&#8221; global_colors_info=&#8221;{}&#8221;][et_pb_image src=&#8221;https:\/\/www.entrerios.gov.ar\/cultura\/wp-content\/uploads\/2021\/08\/LOGOS_P_WEB-02.png&#8221; title_text=&#8221;LOGOS_P_WEB-02&#8243; url=&#8221;https:\/\/www.entrerios.gov.ar\/cultura\/&#8221; _builder_version=&#8221;4.21.2&#8243; _module_preset=&#8221;default&#8221; width=&#8221;91.8%&#8221; custom_margin=&#8221;0px|-10px||20px|false|false&#8221; custom_padding=&#8221;|76px||||&#8221; global_colors_info=&#8221;{}&#8221;][\/et_pb_image][\/et_pb_column][et_pb_column type=&#8221;1_4&#8243; _builder_version=&#8221;4.16&#8243; _module_preset=&#8221;default&#8221; global_colors_info=&#8221;{}&#8221;][et_pb_image src=&#8221;https:\/\/www.entrerios.gov.ar\/cultura\/wp-content\/uploads\/2021\/08\/LOGOS_P_WEB-03.png&#8221; title_text=&#8221;LOGOS_P_WEB-03&#8243; url=&#8221;https:\/\/portal.entrerios.gov.ar\/gobiernoytrabajo\/inicio&#8221; url_new_window=&#8221;on&#8221; _builder_version=&#8221;4.21.2&#8243; _module_preset=&#8221;default&#8221; width=&#8221;91.8%&#8221; custom_margin=&#8221;0px|-10px||20px|false|false&#8221; custom_padding=&#8221;|76px||||&#8221; global_colors_info=&#8221;{}&#8221;][\/et_pb_image][\/et_pb_column][et_pb_column type=&#8221;1_4&#8243; _builder_version=&#8221;4.16&#8243; _module_preset=&#8221;default&#8221; global_colors_info=&#8221;{}&#8221;][et_pb_image src=&#8221;https:\/\/www.entrerios.gov.ar\/cultura\/wp-content\/uploads\/2021\/08\/LOGOS_P_WEB-01.png&#8221; title_text=&#8221;LOGOS_P_WEB-01&#8243; url=&#8221;https:\/\/portal.entrerios.gov.ar\/inicio&#8221; url_new_window=&#8221;on&#8221; _builder_version=&#8221;4.21.2&#8243; _module_preset=&#8221;default&#8221; width=&#8221;91.8%&#8221; custom_margin=&#8221;0px|-10px||20px|false|false&#8221; custom_padding=&#8221;|76px||||&#8221; global_colors_info=&#8221;{}&#8221;][\/et_pb_image][\/et_pb_column][\/et_pb_row][\/et_pb_section]<\/p>\n","protected":false},"excerpt":{"rendered":"<p>Museo y Mercado Provincial de Artesan\u00edas Carlos Asiain El Museo\u00a0 y Mercado de Artesan\u00edas surge en julio de 1979 para recuperar el sello de las costumbres, la creatividad y el trabajo que reside en las artesan\u00edas entrerrianas.Luego de a\u00f1os de presencia en diversos lugares, las artesan\u00edas de Entre R\u00edos y\u00a0 la instituci\u00f3n han logrado el [&hellip;]<\/p>\n","protected":false},"author":2,"featured_media":0,"parent":0,"menu_order":0,"comment_status":"closed","ping_status":"closed","template":"","meta":{"_et_pb_use_builder":"on","_et_pb_old_content":"","_et_gb_content_width":"","footnotes":""},"class_list":["post-1984","page","type-page","status-publish","hentry"],"_links":{"self":[{"href":"https:\/\/www.entrerios.gov.ar\/cultura\/wp-json\/wp\/v2\/pages\/1984","targetHints":{"allow":["GET"]}}],"collection":[{"href":"https:\/\/www.entrerios.gov.ar\/cultura\/wp-json\/wp\/v2\/pages"}],"about":[{"href":"https:\/\/www.entrerios.gov.ar\/cultura\/wp-json\/wp\/v2\/types\/page"}],"author":[{"embeddable":true,"href":"https:\/\/www.entrerios.gov.ar\/cultura\/wp-json\/wp\/v2\/users\/2"}],"replies":[{"embeddable":true,"href":"https:\/\/www.entrerios.gov.ar\/cultura\/wp-json\/wp\/v2\/comments?post=1984"}],"version-history":[{"count":15,"href":"https:\/\/www.entrerios.gov.ar\/cultura\/wp-json\/wp\/v2\/pages\/1984\/revisions"}],"predecessor-version":[{"id":16145,"href":"https:\/\/www.entrerios.gov.ar\/cultura\/wp-json\/wp\/v2\/pages\/1984\/revisions\/16145"}],"wp:attachment":[{"href":"https:\/\/www.entrerios.gov.ar\/cultura\/wp-json\/wp\/v2\/media?parent=1984"}],"curies":[{"name":"wp","href":"https:\/\/api.w.org\/{rel}","templated":true}]}}