{"id":2132,"date":"2021-06-10T22:53:08","date_gmt":"2021-06-10T22:53:08","guid":{"rendered":"https:\/\/www.entrerios.gov.ar\/cultura\/?page_id=2132"},"modified":"2022-07-27T21:02:20","modified_gmt":"2022-07-27T21:02:20","slug":"mas-info-forclaz","status":"publish","type":"page","link":"https:\/\/www.entrerios.gov.ar\/cultura\/mas-info-forclaz\/","title":{"rendered":"mas info forclaz"},"content":{"rendered":"<p>[et_pb_section fb_built=&#8221;1&#8243; _builder_version=&#8221;4.16&#8243; _module_preset=&#8221;default&#8221; custom_margin=&#8221;0px|0px|0px|0px|false|false&#8221; custom_padding=&#8221;0px|0px|10px|0px|false|false&#8221; global_colors_info=&#8221;{}&#8221;][et_pb_row column_structure=&#8221;1_2,1_2&#8243; _builder_version=&#8221;4.16&#8243; _module_preset=&#8221;default&#8221; width=&#8221;95%&#8221; max_width=&#8221;95%&#8221; global_colors_info=&#8221;{}&#8221;][et_pb_column type=&#8221;1_2&#8243; _builder_version=&#8221;4.16&#8243; _module_preset=&#8221;default&#8221; global_colors_info=&#8221;{}&#8221;][et_pb_text _builder_version=&#8221;4.16&#8243; _module_preset=&#8221;default&#8221; custom_padding=&#8221;0px|||||&#8221; global_colors_info=&#8221;{}&#8221;]<\/p>\n<h1><span style=\"color: #000080;\"><b>Museo Provincial Molino Forclaz<\/b><\/span><\/h1>\n<p>[\/et_pb_text][et_pb_image src=&#8221;https:\/\/www.entrerios.gov.ar\/cultura\/wp-content\/uploads\/2021\/06\/DSC_0121.jpg&#8221; title_text=&#8221;DSC_0121&#8243; _builder_version=&#8221;4.17.6&#8243; _module_preset=&#8221;default&#8221; custom_margin=&#8221;0px||0px||false|false&#8221; global_colors_info=&#8221;{}&#8221;][\/et_pb_image][et_pb_image src=&#8221;https:\/\/www.entrerios.gov.ar\/cultura\/wp-content\/uploads\/2021\/06\/DSC_0330_-1_-2_fused.jpg&#8221; title_text=&#8221;DSC_0330_-1_-2_fused&#8221; _builder_version=&#8221;4.17.6&#8243; _module_preset=&#8221;default&#8221; custom_margin=&#8221;0px||0px||false|false&#8221; global_colors_info=&#8221;{}&#8221;][\/et_pb_image][et_pb_image src=&#8221;https:\/\/www.entrerios.gov.ar\/cultura\/wp-content\/uploads\/2022\/07\/295465193_2365689493596633_2415276635965442748_n.jpg&#8221; title_text=&#8221;295465193_2365689493596633_2415276635965442748_n&#8221; _builder_version=&#8221;4.17.6&#8243; _module_preset=&#8221;default&#8221; custom_margin=&#8221;0px||0px||false|false&#8221; hover_enabled=&#8221;0&#8243; global_colors_info=&#8221;{}&#8221; sticky_enabled=&#8221;0&#8243;][\/et_pb_image][\/et_pb_column][et_pb_column type=&#8221;1_2&#8243; _builder_version=&#8221;4.16&#8243; _module_preset=&#8221;default&#8221; global_colors_info=&#8221;{}&#8221;][et_pb_text _builder_version=&#8221;4.17.6&#8243; _module_preset=&#8221;default&#8221; custom_padding=&#8221;||0px|||&#8221; hover_enabled=&#8221;0&#8243; global_colors_info=&#8221;{}&#8221; sticky_enabled=&#8221;0&#8243;]<span style=\"font-weight: 400;\"><\/span><\/p>\n<p><span style=\"font-weight: 400;\"><\/span><\/p>\n<p><span style=\"font-weight: 400;\"><\/span><\/p>\n<p><span style=\"font-weight: 400;\"><\/span><\/p>\n<p><span style=\"font-weight: 400;\"><\/span><\/p>\n<p><span style=\"font-weight: 400;\"><\/span><\/p>\n<p><span style=\"font-weight: 400;\">La visita por los caminos y construcci\u00f3n del Molino, es un acercamiento a un tiempo y un espacio diferentes y ofrece una intensa conexi\u00f3n con grandes emprendimientos.<\/span><br \/>\n<span style=\"font-weight: 400;\">En la zona m\u00e1s alta del predio se puede apreciar el conjunto arquitect\u00f3nico: vivienda, galpones para dep\u00f3sito de herramientas de labranza y dem\u00e1s enseres, molino de viento y molino de malacate, aljibe, etc, todas ellas representativas de lo que eran las chacras de inmigrantes de la Colonia San Jos\u00e9.<\/span><\/p>\n<h3><strong><span style=\"color: #000080;\">Historia<\/span><\/strong><\/h3>\n<p><span style=\"font-weight: 400;\">La visita por los caminos y construcci\u00f3n del Molino, es un acercamiento a un tiempo y un espacio diferentes y ofrece una intensa conexi\u00f3n con grandes emprendimientos.<\/span><\/p>\n<p><span style=\"font-weight: 400;\">En la zona m\u00e1s alta del predio se puede apreciar el conjunto arquitect\u00f3nico: vivienda, galpones para dep\u00f3sito de herramientas de labranza y dem\u00e1s enseres, molino de viento y molino de malacate, aljibe, etc, todas ellas representativas de lo que eran las chacras de inmigrantes de la Colonia San Jos\u00e9.<\/span><br \/>\n<span style=\"font-weight: 400;\">El Museo recibe gran cantidad de visitantes nacionales e internacionales y ofrece visitas guiadas en horarios que var\u00edan seg\u00fan la temporada y afluencia de p\u00fablico.<\/span><br \/>\n<span style=\"font-size: 14px;\">El Museo Provincial Molino Forclaz fue declarado Monumento Hist\u00f3rico Nacional en 1985 (Decreto 3066) y Patrimonio Hist\u00f3rico Arquitect\u00f3nico de la Provincia de Entre R\u00edos en 2003 (Decreto 6676) y se reinaugur\u00f3 como organismo cultural dependiente de esta Secretar\u00eda el 2 de Julio de 2011.<\/span><\/p>\n<p><span style=\"font-weight: 400;\">El Museo brinda visitas guiadas teatralizadas donde reconstruye la historia del Molino con gu\u00edas vestidos de \u00e9poca, acompa\u00f1ados por la representaci\u00f3n de la familia Forclaz, con vestimenta t\u00edpica de inmigrantes de esos a\u00f1os, quienes comparten la magia de las an\u00e9cdotas de la Colonia, mientras conforman el entorno simulando la elaboraci\u00f3n de tareas cotidianas.<\/span><\/p>\n<h3>P<strong><span style=\"color: #000080;\">atrimonio Entrerriano<\/span><\/strong><\/h3>\n<p><span style=\"font-weight: 400;\">El museo lleva el nombre de la familia que en su origen cre\u00f3 el Molino de Viento cuyo propietario original era Juan Bautista Forclaz y fue protegido hasta nuestros d\u00edas por vecinos de la Colonia que decidieron conservar como hace 120 a\u00f1os ese sitio tan valioso a sus sentimientos y tan significativo para su comunidad y para todos.<\/span><br \/>\n<span style=\"font-weight: 400;\">Actualmente los vecinos se constituyen en la Asociaci\u00f3n de Amigos Molino Forclaz que tiene como funci\u00f3n primordial colaborar con el Gobierno en las tareas de mantenimiento, preservaci\u00f3n y conservaci\u00f3n del lugar.<\/span><br \/>\n<span style=\"font-weight: 400;\">El Museo Provincial Molino Forclaz tambi\u00e9n acu\u00f1a en su predio numerosas actividades culturales de la zona.<\/span><\/p>\n<h3><strong><span style=\"color: #000080;\">Los creadores del Molino<\/span><\/strong><\/h3>\n<p><span style=\"font-weight: 400;\">Jean Baptiste Forclaz fue un migrante de origen suizo que se instal\u00f3 en la Colonia San Jos\u00e9 en 1859 y form\u00f3 su grupo familiar junto a Joana Morend. Juntos trabajaron la molienda de granos para lo cual construyeron un molino a malacate, tirado por mulas, que se ubic\u00f3 en un galp\u00f3n contiguo a la casa. Con el pasar del tiempo con la intensidad de la demanda de molienda en la Colonia, proyectaron la construcci\u00f3n de un molino m\u00e1s productivo. El emprendimiento estuvo encabezado por su hijo Juan Forclaz, quien en 1888 llev\u00f3 adelante la magn\u00edfica obra de un molino a viento, \u00fanico en la zona, que contaba con caracter\u00edsticas similares a los molinos de su pa\u00eds natal, semejantes a los molinos holandeses propagados por Europa en la \u00e9poca. Juan Forclaz logr\u00f3 concretar la labor dos a\u00f1os m\u00e1s tarde con la ayuda de sus hermanos y de los vecinos de la zona, pero el molino nunca produjo la cantidad de harina que se esperaba. Luego a trav\u00e9s de especialistas se supo que el error estuvo en haber hecho tal cual el molino a los que se usaban en su pa\u00eds incluidos los vel\u00e1menes y en esta regi\u00f3n los vientos necesitan otro tipo de aspas. De todos modos en la \u00e9poca no se conoc\u00edan las aspas inclinadas.<\/span>[\/et_pb_text][\/et_pb_column][\/et_pb_row][et_pb_row column_structure=&#8221;1_4,1_4,1_4,1_4&#8243; use_custom_gutter=&#8221;on&#8221; gutter_width=&#8221;4&#8243; make_equal=&#8221;on&#8221; _builder_version=&#8221;4.17.4&#8243; _module_preset=&#8221;default&#8221; width=&#8221;100%&#8221; max_width=&#8221;100%&#8221; module_alignment=&#8221;center&#8221; custom_margin=&#8221;15px|0px|0px|8px|false|false&#8221; custom_padding=&#8221;15px|0px|15px|32px|false|false&#8221; border_color_all=&#8221;#0C71C3&#8243; border_width_top=&#8221;10px&#8221; border_color_top=&#8221;#0fafff&#8221; global_module=&#8221;4620&#8243; saved_tabs=&#8221;all&#8221; global_colors_info=&#8221;{}&#8221;][et_pb_column type=&#8221;1_4&#8243; _builder_version=&#8221;4.17.4&#8243; _module_preset=&#8221;default&#8221; global_colors_info=&#8221;{}&#8221;][et_pb_text _builder_version=&#8221;4.17.6&#8243; _module_preset=&#8221;default&#8221; width=&#8221;100%&#8221; module_alignment=&#8221;right&#8221; global_colors_info=&#8221;{}&#8221;]<\/p>\n<p>Secretar\u00eda de Cultura de Entre R\u00edos<br \/>Calle Gardel 42 (3100)<br \/>+54 (343) 4207828<br \/><span>secretariaculturaentrerios@gmail.com<\/span><br \/>Paran\u00e1 &#8211; Entre R\u00edos &#8211; Argentina<\/p>\n<p>[\/et_pb_text][\/et_pb_column][et_pb_column type=&#8221;1_4&#8243; _builder_version=&#8221;4.16&#8243; _module_preset=&#8221;default&#8221; global_colors_info=&#8221;{}&#8221;][et_pb_social_media_follow icon_color=&#8221;#FFFFFF&#8221; _builder_version=&#8221;4.16&#8243; _module_preset=&#8221;default&#8221; background_color=&#8221;RGBA(0,0,0,0)&#8221; width=&#8221;200px&#8221; custom_margin=&#8221;0px|||71px|false|false&#8221; custom_padding=&#8221;0px||||false|false&#8221; global_colors_info=&#8221;{}&#8221;][et_pb_social_media_follow_network social_network=&#8221;facebook&#8221; url=&#8221;https:\/\/www.facebook.com\/CulturaEntreRios&#8221; icon_color=&#8221;#000000&#8243; use_icon_font_size=&#8221;on&#8221; icon_font_size=&#8221;30px&#8221; _builder_version=&#8221;4.16&#8243; _module_preset=&#8221;default&#8221; background_color=&#8221;RGBA(0,0,0,0)&#8221; background_enable_color=&#8221;on&#8221; custom_button=&#8221;on&#8221; global_colors_info=&#8221;{}&#8221; follow_button=&#8221;off&#8221; url_new_window=&#8221;on&#8221;]facebook[\/et_pb_social_media_follow_network][et_pb_social_media_follow_network social_network=&#8221;twitter&#8221; url=&#8221;https:\/\/twitter.com\/EntreRiosCultur&#8221; icon_color=&#8221;#000000&#8243; use_icon_font_size=&#8221;on&#8221; icon_font_size=&#8221;30px&#8221; _builder_version=&#8221;4.16&#8243; _module_preset=&#8221;default&#8221; background_color=&#8221;RGBA(0,0,0,0)&#8221; background_enable_color=&#8221;on&#8221; global_colors_info=&#8221;{}&#8221; follow_button=&#8221;off&#8221; url_new_window=&#8221;on&#8221;]twitter[\/et_pb_social_media_follow_network][et_pb_social_media_follow_network social_network=&#8221;instagram&#8221; url=&#8221;https:\/\/www.instagram.com\/culturaentrerios\/?hl=es&#8221; icon_color=&#8221;#000000&#8243; use_icon_font_size=&#8221;on&#8221; icon_font_size=&#8221;30px&#8221; _builder_version=&#8221;4.16&#8243; _module_preset=&#8221;default&#8221; background_color=&#8221;RGBA(0,0,0,0)&#8221; background_enable_color=&#8221;on&#8221; global_colors_info=&#8221;{}&#8221; follow_button=&#8221;off&#8221; url_new_window=&#8221;on&#8221;]instagram[\/et_pb_social_media_follow_network][\/et_pb_social_media_follow][\/et_pb_column][et_pb_column type=&#8221;1_4&#8243; _builder_version=&#8221;4.16&#8243; _module_preset=&#8221;default&#8221; global_colors_info=&#8221;{}&#8221;][et_pb_image src=&#8221;https:\/\/www.entrerios.gov.ar\/cultura\/wp-content\/uploads\/2021\/10\/Sec.Cultura-en-negro.jpg&#8221; title_text=&#8221;Sec.Cultura en negro&#8221; _builder_version=&#8221;4.16&#8243; _module_preset=&#8221;default&#8221; global_colors_info=&#8221;{}&#8221;][\/et_pb_image][\/et_pb_column][et_pb_column type=&#8221;1_4&#8243; _builder_version=&#8221;4.16&#8243; _module_preset=&#8221;default&#8221; global_colors_info=&#8221;{}&#8221;][et_pb_image src=&#8221;https:\/\/www.entrerios.gov.ar\/cultura\/wp-content\/uploads\/2021\/01\/logo_er_negro_500-e1634427847360.png&#8221; title_text=&#8221;logo_er_negro_400&#8243; _builder_version=&#8221;4.16&#8243; _module_preset=&#8221;default&#8221; global_colors_info=&#8221;{}&#8221;][\/et_pb_image][\/et_pb_column][\/et_pb_row][\/et_pb_section]<\/p>\n","protected":false},"excerpt":{"rendered":"<p>Museo Provincial Molino Forclaz La visita por los caminos y construcci\u00f3n del Molino, es un acercamiento a un tiempo y un espacio diferentes y ofrece una intensa conexi\u00f3n con grandes emprendimientos. En la zona m\u00e1s alta del predio se puede apreciar el conjunto arquitect\u00f3nico: vivienda, galpones para dep\u00f3sito de herramientas de labranza y dem\u00e1s enseres, [&hellip;]<\/p>\n","protected":false},"author":2,"featured_media":0,"parent":0,"menu_order":0,"comment_status":"closed","ping_status":"closed","template":"","meta":{"_et_pb_use_builder":"on","_et_pb_old_content":"","_et_gb_content_width":"","footnotes":""},"class_list":["post-2132","page","type-page","status-publish","hentry"],"_links":{"self":[{"href":"https:\/\/www.entrerios.gov.ar\/cultura\/wp-json\/wp\/v2\/pages\/2132","targetHints":{"allow":["GET"]}}],"collection":[{"href":"https:\/\/www.entrerios.gov.ar\/cultura\/wp-json\/wp\/v2\/pages"}],"about":[{"href":"https:\/\/www.entrerios.gov.ar\/cultura\/wp-json\/wp\/v2\/types\/page"}],"author":[{"embeddable":true,"href":"https:\/\/www.entrerios.gov.ar\/cultura\/wp-json\/wp\/v2\/users\/2"}],"replies":[{"embeddable":true,"href":"https:\/\/www.entrerios.gov.ar\/cultura\/wp-json\/wp\/v2\/comments?post=2132"}],"version-history":[{"count":8,"href":"https:\/\/www.entrerios.gov.ar\/cultura\/wp-json\/wp\/v2\/pages\/2132\/revisions"}],"predecessor-version":[{"id":6183,"href":"https:\/\/www.entrerios.gov.ar\/cultura\/wp-json\/wp\/v2\/pages\/2132\/revisions\/6183"}],"wp:attachment":[{"href":"https:\/\/www.entrerios.gov.ar\/cultura\/wp-json\/wp\/v2\/media?parent=2132"}],"curies":[{"name":"wp","href":"https:\/\/api.w.org\/{rel}","templated":true}]}}