{"id":242,"date":"2021-02-18T10:48:55","date_gmt":"2021-02-18T10:48:55","guid":{"rendered":"https:\/\/www.entrerios.gov.ar\/cultura\/?page_id=242"},"modified":"2025-08-08T13:22:15","modified_gmt":"2025-08-08T13:22:15","slug":"organismos","status":"publish","type":"page","link":"https:\/\/www.entrerios.gov.ar\/cultura\/organismos\/","title":{"rendered":"Organismos"},"content":{"rendered":"<p>[et_pb_section fb_built=&#8221;1&#8243; custom_padding_last_edited=&#8221;on|tablet&#8221; _builder_version=&#8221;4.19.4&#8243; _module_preset=&#8221;default&#8221; custom_margin=&#8221;0px|0px|0px|0px|false|false&#8221; custom_padding=&#8221;0px|0px|0px|0px|false|false&#8221; custom_padding_tablet=&#8221;5px||||false|false&#8221; custom_padding_phone=&#8221;0px||||false|false&#8221; global_colors_info=&#8221;{}&#8221;][et_pb_row _builder_version=&#8221;4.16&#8243; _module_preset=&#8221;default&#8221; width=&#8221;95%&#8221; max_width=&#8221;95%&#8221; global_colors_info=&#8221;{}&#8221;][et_pb_column type=&#8221;4_4&#8243; _builder_version=&#8221;4.16&#8243; _module_preset=&#8221;default&#8221; global_colors_info=&#8221;{}&#8221;][et_pb_text _builder_version=&#8221;4.17.6&#8243; _module_preset=&#8221;default&#8221; custom_margin=&#8221;||-12px||false|false&#8221; border_width_bottom=&#8221;2px&#8221; border_color_bottom=&#8221;#7ebec5&#8243; global_colors_info=&#8221;{}&#8221;]<\/p>\n<h1 style=\"text-align: center;\"><strong>ORGANISMOS Y \u00c1REAS<\/strong><\/h1>\n<div id=\"gtx-trans\">\n<div class=\"gtx-trans-icon\"><\/div>\n<\/div>\n<p>[\/et_pb_text][\/et_pb_column][\/et_pb_row][et_pb_row column_structure=&#8221;1_4,1_4,1_4,1_4&#8243; use_custom_gutter=&#8221;on&#8221; gutter_width=&#8221;1&#8243; _builder_version=&#8221;4.16&#8243; _module_preset=&#8221;default&#8221; width=&#8221;95%&#8221; max_width=&#8221;100%&#8221; custom_padding=&#8221;0px||0px||false|false&#8221; global_colors_info=&#8221;{}&#8221;][et_pb_column type=&#8221;1_4&#8243; _builder_version=&#8221;4.16&#8243; _module_preset=&#8221;default&#8221; global_colors_info=&#8221;{}&#8221;][et_pb_image src=&#8221;https:\/\/www.entrerios.gov.ar\/cultura\/wp-content\/uploads\/2021\/08\/Casa-de-la-Cultura.jpg&#8221; title_text=&#8221;Casa de la Cultura&#8221; url=&#8221;https:\/\/www.entrerios.gov.ar\/cultura\/casa-de-la-cultura-de-entre-rios\/&#8221; use_overlay=&#8221;on&#8221; hover_overlay_color=&#8221;rgba(255,255,255,0.69)&#8221; _builder_version=&#8221;4.21.2&#8243; _module_preset=&#8221;default&#8221; global_colors_info=&#8221;{}&#8221;][\/et_pb_image][\/et_pb_column][et_pb_column type=&#8221;1_4&#8243; _builder_version=&#8221;4.16&#8243; _module_preset=&#8221;default&#8221; global_colors_info=&#8221;{}&#8221;][et_pb_image src=&#8221;https:\/\/www.entrerios.gov.ar\/cultura\/wp-content\/uploads\/2021\/08\/Usina.jpg&#8221; title_text=&#8221;Usina&#8221; url=&#8221;https:\/\/www.entrerios.gov.ar\/cultura\/centro-cultural-y-de-convenciones-la-vieja-usina\/&#8221; use_overlay=&#8221;on&#8221; hover_overlay_color=&#8221;rgba(255,255,255,0.7)&#8221; _builder_version=&#8221;4.21.2&#8243; _module_preset=&#8221;default&#8221; global_colors_info=&#8221;{}&#8221;][\/et_pb_image][\/et_pb_column][et_pb_column type=&#8221;1_4&#8243; _builder_version=&#8221;4.16&#8243; _module_preset=&#8221;default&#8221; global_colors_info=&#8221;{}&#8221;][et_pb_image src=&#8221;https:\/\/www.entrerios.gov.ar\/cultura\/wp-content\/uploads\/2021\/08\/Aura.jpg&#8221; title_text=&#8221;Aura&#8221; url=&#8221;https:\/\/www.entrerios.gov.ar\/cultura\/sala-antequeda\/&#8221; use_overlay=&#8221;on&#8221; hover_overlay_color=&#8221;rgba(255,255,255,0.73)&#8221; _builder_version=&#8221;4.21.2&#8243; _module_preset=&#8221;default&#8221; global_colors_info=&#8221;{}&#8221;][\/et_pb_image][\/et_pb_column][et_pb_column type=&#8221;1_4&#8243; _builder_version=&#8221;4.16&#8243; _module_preset=&#8221;default&#8221; global_colors_info=&#8221;{}&#8221;][et_pb_image src=&#8221;https:\/\/www.entrerios.gov.ar\/cultura\/wp-content\/uploads\/2021\/08\/Biblioteca.jpg&#8221; title_text=&#8221;Biblioteca&#8221; url=&#8221;https:\/\/www.entrerios.gov.ar\/cultura\/biblioteca-provincial-de-entre-rios\/&#8221; use_overlay=&#8221;on&#8221; hover_overlay_color=&#8221;rgba(255,255,255,0.72)&#8221; _builder_version=&#8221;4.21.2&#8243; _module_preset=&#8221;default&#8221; global_colors_info=&#8221;{}&#8221;][\/et_pb_image][\/et_pb_column][\/et_pb_row][et_pb_row column_structure=&#8221;1_4,1_4,1_4,1_4&#8243; use_custom_gutter=&#8221;on&#8221; gutter_width=&#8221;1&#8243; _builder_version=&#8221;4.16&#8243; _module_preset=&#8221;default&#8221; width=&#8221;95%&#8221; max_width=&#8221;100%&#8221; custom_padding=&#8221;0px||0px||false|false&#8221; global_colors_info=&#8221;{}&#8221;][et_pb_column type=&#8221;1_4&#8243; _builder_version=&#8221;4.16&#8243; _module_preset=&#8221;default&#8221; global_colors_info=&#8221;{}&#8221;][et_pb_image src=&#8221;https:\/\/www.entrerios.gov.ar\/cultura\/wp-content\/uploads\/2021\/08\/Editorial-1.jpg&#8221; title_text=&#8221;Editorial (1)&#8221; url=&#8221;https:\/\/www.entrerios.gov.ar\/cultura\/editorial-de-entre-rios\/&#8221; use_overlay=&#8221;on&#8221; hover_overlay_color=&#8221;rgba(255,255,255,0.68)&#8221; _builder_version=&#8221;4.21.2&#8243; _module_preset=&#8221;default&#8221; global_colors_info=&#8221;{}&#8221;][\/et_pb_image][\/et_pb_column][et_pb_column type=&#8221;1_4&#8243; _builder_version=&#8221;4.16&#8243; _module_preset=&#8221;default&#8221; global_colors_info=&#8221;{}&#8221;][et_pb_image src=&#8221;https:\/\/www.entrerios.gov.ar\/cultura\/wp-content\/uploads\/2021\/08\/Bellas-Artes.jpg&#8221; alt=&#8221;Museo Bellas Artes&#8221; title_text=&#8221;Bellas Artes&#8221; url=&#8221;https:\/\/www.entrerios.gov.ar\/cultura\/museo-provincial-de-bellas-artes&#8221; use_overlay=&#8221;on&#8221; overlay_icon_color=&#8221;#0C71C3&#8243; hover_overlay_color=&#8221;rgba(165,165,165,0.7)&#8221; hover_icon=&#8221;&#xe050;||divi||400&#8243; align=&#8221;center&#8221; _builder_version=&#8221;4.21.2&#8243; _module_preset=&#8221;default&#8221; global_colors_info=&#8221;{}&#8221;][\/et_pb_image][\/et_pb_column][et_pb_column type=&#8221;1_4&#8243; _builder_version=&#8221;4.16&#8243; _module_preset=&#8221;default&#8221; global_colors_info=&#8221;{}&#8221;][et_pb_image src=&#8221;https:\/\/www.entrerios.gov.ar\/cultura\/wp-content\/uploads\/2021\/08\/Serrano.jpg&#8221; title_text=&#8221;Serrano&#8221; url=&#8221;https:\/\/www.entrerios.gov.ar\/cultura\/museo-de-ciencias-naturales-y-antropologicas-profesor-antonio-serrano\/&#8221; use_overlay=&#8221;on&#8221; hover_overlay_color=&#8221;rgba(255,255,255,0.7)&#8221; _builder_version=&#8221;4.21.2&#8243; _module_preset=&#8221;default&#8221; global_colors_info=&#8221;{}&#8221;][\/et_pb_image][\/et_pb_column][et_pb_column type=&#8221;1_4&#8243; _builder_version=&#8221;4.16&#8243; _module_preset=&#8221;default&#8221; global_colors_info=&#8221;{}&#8221;][et_pb_image src=&#8221;https:\/\/www.entrerios.gov.ar\/cultura\/wp-content\/uploads\/2021\/08\/Historico.jpg&#8221; title_text=&#8221;Hist\u00f3rico&#8221; url=&#8221;https:\/\/www.entrerios.gov.ar\/cultura\/museo-historico-provincial-martiniano-leguizamon\/&#8221; use_overlay=&#8221;on&#8221; hover_overlay_color=&#8221;rgba(255,255,255,0.69)&#8221; _builder_version=&#8221;4.21.2&#8243; _module_preset=&#8221;default&#8221; global_colors_info=&#8221;{}&#8221;][\/et_pb_image][\/et_pb_column][\/et_pb_row][et_pb_row column_structure=&#8221;1_4,1_4,1_4,1_4&#8243; use_custom_gutter=&#8221;on&#8221; gutter_width=&#8221;1&#8243; _builder_version=&#8221;4.16&#8243; _module_preset=&#8221;default&#8221; width=&#8221;95%&#8221; max_width=&#8221;100%&#8221; custom_padding=&#8221;0px||0px||false|false&#8221; global_colors_info=&#8221;{}&#8221;][et_pb_column type=&#8221;1_4&#8243; _builder_version=&#8221;4.16&#8243; _module_preset=&#8221;default&#8221; global_colors_info=&#8221;{}&#8221;][et_pb_image src=&#8221;https:\/\/www.entrerios.gov.ar\/cultura\/wp-content\/uploads\/2021\/08\/Casa-de-Gobierno.jpg&#8221; title_text=&#8221;Casa de Gobierno&#8221; url=&#8221;https:\/\/www.entrerios.gov.ar\/cultura\/museo-casa-de-gobierno\/&#8221; use_overlay=&#8221;on&#8221; hover_overlay_color=&#8221;rgba(255,255,255,0.72)&#8221; _builder_version=&#8221;4.21.2&#8243; _module_preset=&#8221;default&#8221; global_colors_info=&#8221;{}&#8221;][\/et_pb_image][\/et_pb_column][et_pb_column type=&#8221;1_4&#8243; _builder_version=&#8221;4.16&#8243; _module_preset=&#8221;default&#8221; global_colors_info=&#8221;{}&#8221;][et_pb_image src=&#8221;https:\/\/www.entrerios.gov.ar\/cultura\/wp-content\/uploads\/2021\/08\/Archivo.jpg&#8221; title_text=&#8221;Archivo&#8221; url=&#8221;https:\/\/www.entrerios.gov.ar\/cultura\/archivo-general-de-entre-rios\/&#8221; use_overlay=&#8221;on&#8221; hover_overlay_color=&#8221;rgba(255,255,255,0.73)&#8221; _builder_version=&#8221;4.21.2&#8243; _module_preset=&#8221;default&#8221; global_colors_info=&#8221;{}&#8221;][\/et_pb_image][\/et_pb_column][et_pb_column type=&#8221;1_4&#8243; _builder_version=&#8221;4.16&#8243; _module_preset=&#8221;default&#8221; global_colors_info=&#8221;{}&#8221;][et_pb_image src=&#8221;https:\/\/www.entrerios.gov.ar\/cultura\/wp-content\/uploads\/2021\/08\/IAAER.jpg&#8221; title_text=&#8221;IAAER&#8221; url=&#8221;https:\/\/www.entrerios.gov.ar\/cultura\/instituto-audiovisual-de-entre-rios\/&#8221; use_overlay=&#8221;on&#8221; hover_overlay_color=&#8221;rgba(255,255,255,0.73)&#8221; _builder_version=&#8221;4.21.2&#8243; _module_preset=&#8221;default&#8221; global_colors_info=&#8221;{}&#8221;][\/et_pb_image][\/et_pb_column][et_pb_column type=&#8221;1_4&#8243; _builder_version=&#8221;4.16&#8243; _module_preset=&#8221;default&#8221; global_colors_info=&#8221;{}&#8221;][et_pb_image src=&#8221;https:\/\/www.entrerios.gov.ar\/cultura\/wp-content\/uploads\/2021\/08\/Industrias-CyC-1.jpg&#8221; title_text=&#8221;Industrias CyC (1)&#8221; url=&#8221;https:\/\/www.entrerios.gov.ar\/cultura\/industrias-culturales\/&#8221; use_overlay=&#8221;on&#8221; hover_overlay_color=&#8221;rgba(255,255,255,0.73)&#8221; _builder_version=&#8221;4.21.2&#8243; _module_preset=&#8221;default&#8221; global_colors_info=&#8221;{}&#8221;][\/et_pb_image][\/et_pb_column][\/et_pb_row][et_pb_row column_structure=&#8221;1_4,1_4,1_4,1_4&#8243; use_custom_gutter=&#8221;on&#8221; gutter_width=&#8221;1&#8243; _builder_version=&#8221;4.16&#8243; _module_preset=&#8221;default&#8221; width=&#8221;95%&#8221; max_width=&#8221;100%&#8221; custom_padding=&#8221;0px||0px||false|false&#8221; global_colors_info=&#8221;{}&#8221;][et_pb_column type=&#8221;1_4&#8243; _builder_version=&#8221;4.16&#8243; _module_preset=&#8221;default&#8221; global_colors_info=&#8221;{}&#8221;][et_pb_image src=&#8221;https:\/\/www.entrerios.gov.ar\/cultura\/wp-content\/uploads\/2021\/08\/Oser.jpg&#8221; title_text=&#8221;Oser&#8221; url=&#8221;https:\/\/www.entrerios.gov.ar\/cultura\/orquesta-sinfonica-de-entre-rios\/&#8221; use_overlay=&#8221;on&#8221; hover_overlay_color=&#8221;rgba(255,255,255,0.73)&#8221; _builder_version=&#8221;4.21.2&#8243; _module_preset=&#8221;default&#8221; global_colors_info=&#8221;{}&#8221;][\/et_pb_image][\/et_pb_column][et_pb_column type=&#8221;1_4&#8243; _builder_version=&#8221;4.16&#8243; _module_preset=&#8221;default&#8221; global_colors_info=&#8221;{}&#8221;][et_pb_image src=&#8221;https:\/\/www.entrerios.gov.ar\/cultura\/wp-content\/uploads\/2021\/08\/Orquestas-Infantiles.jpg&#8221; title_text=&#8221;Orquestas Infantiles&#8221; url=&#8221;https:\/\/www.entrerios.gov.ar\/cultura\/coordinacion-de-orquestas-infanto-juveniles\/?et_fb=1&#038;PageSpeed=off&#8221; use_overlay=&#8221;on&#8221; hover_overlay_color=&#8221;rgba(255,255,255,0.73)&#8221; _builder_version=&#8221;4.21.2&#8243; _module_preset=&#8221;default&#8221; global_colors_info=&#8221;{}&#8221;][\/et_pb_image][\/et_pb_column][et_pb_column type=&#8221;1_4&#8243; _builder_version=&#8221;4.16&#8243; _module_preset=&#8221;default&#8221; global_colors_info=&#8221;{}&#8221;][et_pb_image src=&#8221;https:\/\/www.entrerios.gov.ar\/cultura\/wp-content\/uploads\/2021\/08\/Patrimonio-1.jpg&#8221; title_text=&#8221;Patrimonio (1)&#8221; url=&#8221;https:\/\/www.entrerios.gov.ar\/cultura\/patrimonio-3\/&#8221; use_overlay=&#8221;on&#8221; hover_overlay_color=&#8221;rgba(255,255,255,0.73)&#8221; _builder_version=&#8221;4.21.2&#8243; _module_preset=&#8221;default&#8221; min_height=&#8221;355px&#8221; custom_margin=&#8221;1px||||false|false&#8221; custom_padding=&#8221;0px|||||&#8221; global_colors_info=&#8221;{}&#8221;][\/et_pb_image][\/et_pb_column][et_pb_column type=&#8221;1_4&#8243; _builder_version=&#8221;4.16&#8243; _module_preset=&#8221;default&#8221; global_colors_info=&#8221;{}&#8221;][et_pb_image src=&#8221;https:\/\/www.entrerios.gov.ar\/cultura\/wp-content\/uploads\/2021\/08\/Evita.jpg&#8221; title_text=&#8221;Evita&#8221; url=&#8221;https:\/\/www.entrerios.gov.ar\/cultura\/museo-provincial-hogar-escuela-eva-peron\/&#8221; use_overlay=&#8221;on&#8221; hover_overlay_color=&#8221;rgba(255,255,255,0.72)&#8221; _builder_version=&#8221;4.21.2&#8243; _module_preset=&#8221;default&#8221; global_colors_info=&#8221;{}&#8221;][\/et_pb_image][\/et_pb_column][\/et_pb_row][et_pb_row column_structure=&#8221;1_4,1_4,1_4,1_4&#8243; use_custom_gutter=&#8221;on&#8221; gutter_width=&#8221;1&#8243; _builder_version=&#8221;4.16&#8243; _module_preset=&#8221;default&#8221; width=&#8221;95%&#8221; max_width=&#8221;100%&#8221; min_height=&#8221;353px&#8221; custom_padding=&#8221;0px||0px||false|false&#8221; global_colors_info=&#8221;{}&#8221;][et_pb_column type=&#8221;1_4&#8243; _builder_version=&#8221;4.16&#8243; _module_preset=&#8221;default&#8221; global_colors_info=&#8221;{}&#8221;][et_pb_image src=&#8221;https:\/\/www.entrerios.gov.ar\/cultura\/wp-content\/uploads\/2021\/08\/Molino.jpg&#8221; title_text=&#8221;Molino&#8221; url=&#8221;https:\/\/www.entrerios.gov.ar\/cultura\/museo-provincial-molino-forclaz\/&#8221; use_overlay=&#8221;on&#8221; hover_overlay_color=&#8221;rgba(255,255,255,0.69)&#8221; _builder_version=&#8221;4.21.2&#8243; _module_preset=&#8221;default&#8221; global_colors_info=&#8221;{}&#8221;][\/et_pb_image][\/et_pb_column][et_pb_column type=&#8221;1_4&#8243; _builder_version=&#8221;4.16&#8243; _module_preset=&#8221;default&#8221; global_colors_info=&#8221;{}&#8221;][et_pb_image src=&#8221;https:\/\/www.entrerios.gov.ar\/cultura\/wp-content\/uploads\/2021\/08\/Artemio-1.jpg&#8221; title_text=&#8221;Artemio (1)&#8221; url=&#8221;https:\/\/www.entrerios.gov.ar\/cultura\/museo-provincial-de-dibujo-y-grabado-artemio-alisio\/&#8221; use_overlay=&#8221;on&#8221; hover_overlay_color=&#8221;rgba(255,255,255,0.72)&#8221; _builder_version=&#8221;4.21.2&#8243; _module_preset=&#8221;default&#8221; global_colors_info=&#8221;{}&#8221;][\/et_pb_image][\/et_pb_column][et_pb_column type=&#8221;1_4&#8243; _builder_version=&#8221;4.16&#8243; _module_preset=&#8221;default&#8221; global_colors_info=&#8221;{}&#8221;][et_pb_image src=&#8221;https:\/\/www.entrerios.gov.ar\/cultura\/wp-content\/uploads\/2021\/08\/Imagen-1.jpg&#8221; title_text=&#8221;Imagen (1)&#8221; url=&#8221;https:\/\/www.entrerios.gov.ar\/cultura\/museo-de-la-imagen\/&#8221; use_overlay=&#8221;on&#8221; hover_overlay_color=&#8221;rgba(255,255,255,0.7)&#8221; _builder_version=&#8221;4.21.2&#8243; _module_preset=&#8221;default&#8221; global_colors_info=&#8221;{}&#8221;][\/et_pb_image][\/et_pb_column][et_pb_column type=&#8221;1_4&#8243; _builder_version=&#8221;4.16&#8243; _module_preset=&#8221;default&#8221; global_colors_info=&#8221;{}&#8221;][et_pb_image src=&#8221;https:\/\/www.entrerios.gov.ar\/cultura\/wp-content\/uploads\/2021\/08\/Artesanias.jpg&#8221; title_text=&#8221;Artesan\u00edas&#8221; url=&#8221;https:\/\/www.entrerios.gov.ar\/cultura\/museo-y-mercado-de-artesanias-carlos-asiain\/&#8221; use_overlay=&#8221;on&#8221; hover_overlay_color=&#8221;rgba(255,255,255,0.68)&#8221; _builder_version=&#8221;4.21.2&#8243; _module_preset=&#8221;default&#8221; global_colors_info=&#8221;{}&#8221;][\/et_pb_image][\/et_pb_column][\/et_pb_row][et_pb_row column_structure=&#8221;1_4,1_4,1_4,1_4&#8243; use_custom_gutter=&#8221;on&#8221; gutter_width=&#8221;1&#8243; _builder_version=&#8221;4.16&#8243; _module_preset=&#8221;default&#8221; width=&#8221;95%&#8221; max_width=&#8221;100%&#8221; custom_margin=&#8221;0px||0px||false|false&#8221; custom_padding=&#8221;0px||0px||false|false&#8221; border_color_all=&#8221;RGBA(0,0,0,0)&#8221; border_style_all=&#8221;none&#8221; global_colors_info=&#8221;{}&#8221;][et_pb_column type=&#8221;1_4&#8243; _builder_version=&#8221;4.16&#8243; _module_preset=&#8221;default&#8221; border_width_all=&#8221;4px&#8221; border_color_all=&#8221;#FFFFFF&#8221; global_colors_info=&#8221;{}&#8221;][\/et_pb_column][et_pb_column type=&#8221;1_4&#8243; _builder_version=&#8221;4.16&#8243; _module_preset=&#8221;default&#8221; border_width_all=&#8221;4px&#8221; border_color_all=&#8221;#FFFFFF&#8221; global_colors_info=&#8221;{}&#8221;][\/et_pb_column][et_pb_column type=&#8221;1_4&#8243; _builder_version=&#8221;4.16&#8243; _module_preset=&#8221;default&#8221; border_width_all=&#8221;4px&#8221; border_color_all=&#8221;#FFFFFF&#8221; global_colors_info=&#8221;{}&#8221;][\/et_pb_column][et_pb_column type=&#8221;1_4&#8243; _builder_version=&#8221;4.16&#8243; _module_preset=&#8221;default&#8221; border_width_all=&#8221;4px&#8221; border_color_all=&#8221;#FFFFFF&#8221; global_colors_info=&#8221;{}&#8221;][\/et_pb_column][\/et_pb_row][et_pb_row column_structure=&#8221;1_4,1_4,1_4,1_4&#8243; use_custom_gutter=&#8221;on&#8221; gutter_width=&#8221;4&#8243; _builder_version=&#8221;4.21.2&#8243; _module_preset=&#8221;default&#8221; background_color=&#8221;RGBA(255,255,255,0)&#8221; width=&#8221;100%&#8221; max_width=&#8221;100%&#8221; module_alignment=&#8221;center&#8221; min_height=&#8221;134.3px&#8221; custom_margin=&#8221;15px|0px|0px|8px|false|false&#8221; custom_padding=&#8221;15px|69px|15px|32px|false|false&#8221; border_color_all=&#8221;#7CDA24&#8243; border_width_top=&#8221;10px&#8221; border_color_top=&#8221;#64b44b&#8221; global_module=&#8221;4620&#8243; saved_tabs=&#8221;all&#8221; global_colors_info=&#8221;{}&#8221;][et_pb_column type=&#8221;1_4&#8243; _builder_version=&#8221;4.17.4&#8243; _module_preset=&#8221;default&#8221; global_colors_info=&#8221;{}&#8221;][et_pb_text _builder_version=&#8221;4.21.2&#8243; _module_preset=&#8221;default&#8221; width=&#8221;113%&#8221; module_alignment=&#8221;right&#8221; global_colors_info=&#8221;{}&#8221;]<\/p>\n<p>Secretar\u00eda de Cultura de Entre R\u00edos<br \/>Calle Gardel 42 (3100)<br \/>+54 (343) 4207828<br \/>secretariadeculturaentrerios@gmail.com<br \/>Paran\u00e1 &#8211; Entre R\u00edos &#8211; Argentina<\/p>\n<p>[\/et_pb_text][\/et_pb_column][et_pb_column type=&#8221;1_4&#8243; _builder_version=&#8221;4.16&#8243; _module_preset=&#8221;default&#8221; global_colors_info=&#8221;{}&#8221;][et_pb_image src=&#8221;https:\/\/www.entrerios.gov.ar\/cultura\/wp-content\/uploads\/2021\/08\/LOGOS_P_WEB-02.png&#8221; title_text=&#8221;LOGOS_P_WEB-02&#8243; _builder_version=&#8221;4.21.2&#8243; _module_preset=&#8221;default&#8221; width=&#8221;91.8%&#8221; custom_margin=&#8221;0px|-10px||20px|false|false&#8221; custom_padding=&#8221;|76px||||&#8221; global_colors_info=&#8221;{}&#8221;][\/et_pb_image][\/et_pb_column][et_pb_column type=&#8221;1_4&#8243; _builder_version=&#8221;4.16&#8243; _module_preset=&#8221;default&#8221; global_colors_info=&#8221;{}&#8221;][et_pb_image src=&#8221;https:\/\/www.entrerios.gov.ar\/cultura\/wp-content\/uploads\/2021\/08\/LOGOS_P_WEB-03.png&#8221; title_text=&#8221;LOGOS_P_WEB-03&#8243; url=&#8221;https:\/\/portal.entrerios.gov.ar\/gobiernoytrabajo\/inicio&#8221; url_new_window=&#8221;on&#8221; _builder_version=&#8221;4.21.2&#8243; _module_preset=&#8221;default&#8221; width=&#8221;91.8%&#8221; custom_margin=&#8221;0px|-10px||20px|false|false&#8221; custom_padding=&#8221;|76px||||&#8221; global_colors_info=&#8221;{}&#8221;][\/et_pb_image][\/et_pb_column][et_pb_column type=&#8221;1_4&#8243; _builder_version=&#8221;4.16&#8243; _module_preset=&#8221;default&#8221; global_colors_info=&#8221;{}&#8221;][et_pb_image src=&#8221;https:\/\/www.entrerios.gov.ar\/cultura\/wp-content\/uploads\/2021\/08\/LOGOS_P_WEB-01.png&#8221; title_text=&#8221;LOGOS_P_WEB-01&#8243; url=&#8221;https:\/\/portal.entrerios.gov.ar\/inicio&#8221; url_new_window=&#8221;on&#8221; _builder_version=&#8221;4.21.2&#8243; _module_preset=&#8221;default&#8221; width=&#8221;91.8%&#8221; custom_margin=&#8221;0px|-10px||20px|false|false&#8221; custom_padding=&#8221;|76px||||&#8221; global_colors_info=&#8221;{}&#8221;][\/et_pb_image][\/et_pb_column][\/et_pb_row][\/et_pb_section]<\/p>\n","protected":false},"excerpt":{"rendered":"<p>ORGANISMOS Y \u00c1REAS Secretar\u00eda de Cultura de Entre R\u00edosCalle Gardel 42 (3100)+54 (343) 4207828secretariadeculturaentrerios@gmail.comParan\u00e1 &#8211; Entre R\u00edos &#8211; Argentina<\/p>\n","protected":false},"author":1,"featured_media":0,"parent":0,"menu_order":0,"comment_status":"closed","ping_status":"closed","template":"","meta":{"_et_pb_use_builder":"on","_et_pb_old_content":"","_et_gb_content_width":"","footnotes":""},"class_list":["post-242","page","type-page","status-publish","hentry"],"_links":{"self":[{"href":"https:\/\/www.entrerios.gov.ar\/cultura\/wp-json\/wp\/v2\/pages\/242","targetHints":{"allow":["GET"]}}],"collection":[{"href":"https:\/\/www.entrerios.gov.ar\/cultura\/wp-json\/wp\/v2\/pages"}],"about":[{"href":"https:\/\/www.entrerios.gov.ar\/cultura\/wp-json\/wp\/v2\/types\/page"}],"author":[{"embeddable":true,"href":"https:\/\/www.entrerios.gov.ar\/cultura\/wp-json\/wp\/v2\/users\/1"}],"replies":[{"embeddable":true,"href":"https:\/\/www.entrerios.gov.ar\/cultura\/wp-json\/wp\/v2\/comments?post=242"}],"version-history":[{"count":98,"href":"https:\/\/www.entrerios.gov.ar\/cultura\/wp-json\/wp\/v2\/pages\/242\/revisions"}],"predecessor-version":[{"id":14659,"href":"https:\/\/www.entrerios.gov.ar\/cultura\/wp-json\/wp\/v2\/pages\/242\/revisions\/14659"}],"wp:attachment":[{"href":"https:\/\/www.entrerios.gov.ar\/cultura\/wp-json\/wp\/v2\/media?parent=242"}],"curies":[{"name":"wp","href":"https:\/\/api.w.org\/{rel}","templated":true}]}}