{"id":9258,"date":"2023-09-28T22:16:44","date_gmt":"2023-09-28T22:16:44","guid":{"rendered":"https:\/\/www.entrerios.gov.ar\/cultura\/?page_id=9258"},"modified":"2025-08-18T12:00:42","modified_gmt":"2025-08-18T12:00:42","slug":"contier","status":"publish","type":"page","link":"https:\/\/www.entrerios.gov.ar\/cultura\/contier\/","title":{"rendered":"ConTIER"},"content":{"rendered":"<p>[et_pb_section fb_built=&#8221;1&#8243; _builder_version=&#8221;4.21.2&#8243; _module_preset=&#8221;default&#8221; background_color=&#8221;rgba(10,10,10,0.51)&#8221; background_image=&#8221;https:\/\/www.entrerios.gov.ar\/cultura\/wp-content\/uploads\/2021\/09\/53097170192_ee8de8a4e6_o-scaled.jpg&#8221; parallax=&#8221;on&#8221; background_blend=&#8221;darken&#8221; max_height=&#8221;600px&#8221; custom_padding=&#8221;121px||132px|2px||&#8221; global_colors_info=&#8221;{}&#8221;][et_pb_row custom_padding_last_edited=&#8221;on|phone&#8221; _builder_version=&#8221;4.21.2&#8243; _module_preset=&#8221;default&#8221; width=&#8221;90%&#8221; max_width=&#8221;90%&#8221; custom_margin=&#8221;5px||||false|false&#8221; custom_padding=&#8221;0px|587px|||false|false&#8221; custom_padding_tablet=&#8221;&#8221; custom_padding_phone=&#8221;|0px|||false|false&#8221; global_colors_info=&#8221;{}&#8221;][et_pb_column type=&#8221;4_4&#8243; _builder_version=&#8221;4.16&#8243; _module_preset=&#8221;default&#8221; global_colors_info=&#8221;{}&#8221;][et_pb_text _builder_version=&#8221;4.21.2&#8243; _module_preset=&#8221;default&#8221; text_text_color=&#8221;#FFFFFF&#8221; header_text_color=&#8221;#FFFFFF&#8221; header_font_size=&#8221;55px&#8221; background_color=&#8221;rgba(147,22,17,0.61)&#8221; width=&#8221;1000px&#8221; header_text_shadow_style=&#8221;preset2&#8243; global_colors_info=&#8221;{}&#8221;]<\/p>\n<h1>CONSEJO PROVINCIAL DE TEATRO INDEPENDIENTE DE ENTRE RIOS<\/h1>\n<p>[\/et_pb_text][et_pb_text _builder_version=&#8221;4.21.2&#8243; _module_preset=&#8221;default&#8221; text_text_color=&#8221;#FFFFFF&#8221; header_text_color=&#8221;#FFFFFF&#8221; header_font_size=&#8221;55px&#8221; width=&#8221;1000px&#8221; header_text_shadow_style=&#8221;preset2&#8243; global_colors_info=&#8221;{}&#8221;]<\/p>\n<p dir=\"ltr\" id=\"m_-122678392121720716docs-internal-guid-f25737ab-7fff-c612-abb0-06bfc0b7acb5\"><span>El Consejo Provincial de Teatro Independiente (ConTIER)\u00a0 es un organismo aut\u00e1rquico, creado en la \u00f3rbita de la Secretar\u00eda de Cultura, su sede central est\u00e1 ubicada en 25 de junio 39, planta baja, Paran\u00e1.<\/span><\/p>\n<p dir=\"ltr\"><span>Es el encargado de velar por la protecci\u00f3n, promoci\u00f3n y fomento de la actividad teatral independiente en la Provincia de Entre R\u00edos.\u00a0<\/span><\/p>\n<p dir=\"ltr\"><span>Creado a partir de la Ley 10.931 (Ley TIER) est\u00e1 integrado por cinco Representantes de diferentes regiones de la provincia elegidos\/as por el voto directo de la comunidad y un director\/a ejecutivo, con una duraci\u00f3n de cuatro a\u00f1os en sus funciones.<\/span><\/p>\n<p dir=\"ltr\"><span>Entre las funciones del organismo se encuentra el apoyo a proyectos a partir de la creaci\u00f3n de convocatorias, promover acciones de capacitaci\u00f3n, instancias de formaci\u00f3n, estrategias de difusi\u00f3n y espacios de producci\u00f3n para el impulso y el desarrollo de las artes esc\u00e9nicas en todo el territorio provincial, de modo de dar respuesta a las demandas del sector y democratizar el acceso al teatro independiente a la comunidad respetando la federalizacion de los recursos y programas con las particularidades de cada Regi\u00f3n, para lo cual la Ley crea el Fondo Especial de Teatro Independiente.<\/span><\/p>\n<p>[\/et_pb_text][et_pb_button button_url=&#8221;https:\/\/www.entrerios.gov.ar\/cultura\/?page_id=9352&#8243; button_text=&#8221;Mas Informaci\u00f3n&#8221; _builder_version=&#8221;4.21.2&#8243; _module_preset=&#8221;default&#8221; custom_button=&#8221;on&#8221; button_text_color=&#8221;#FFFFFF&#8221; global_colors_info=&#8221;{}&#8221;][\/et_pb_button][et_pb_social_media_follow icon_color=&#8221;#000000&#8243; use_icon_font_size=&#8221;on&#8221; icon_font_size=&#8221;20px&#8221; _builder_version=&#8221;4.21.2&#8243; _module_preset=&#8221;default&#8221; background_color=&#8221;rgba(0,0,0,0)&#8221; text_orientation=&#8221;left&#8221; width=&#8221;100%&#8221; custom_margin=&#8221;|||-14px|false|false&#8221; custom_margin_tablet=&#8221;&#8221; custom_margin_phone=&#8221;|||-14px|false|false&#8221; custom_margin_last_edited=&#8221;on|phone&#8221; custom_padding=&#8221;0px||||false|false&#8221; text_orientation_tablet=&#8221;&#8221; text_orientation_phone=&#8221;left&#8221; text_orientation_last_edited=&#8221;on|desktop&#8221; saved_tabs=&#8221;all&#8221; locked=&#8221;off&#8221; global_colors_info=&#8221;{}&#8221;][et_pb_social_media_follow_network social_network=&#8221;facebook&#8221; url=&#8221;https:\/\/www.facebook.com\/profile.php?id=100091571490160&#8243; icon_color=&#8221;#FFFFFF&#8221; _builder_version=&#8221;4.21.2&#8243; _module_preset=&#8221;default&#8221; background_enable_color=&#8221;off&#8221; global_colors_info=&#8221;{}&#8221; follow_button=&#8221;off&#8221; url_new_window=&#8221;on&#8221;]facebook[\/et_pb_social_media_follow_network][et_pb_social_media_follow_network social_network=&#8221;instagram&#8221; url=&#8221;https:\/\/www.instagram.com\/con_tier\/&#8221; icon_color=&#8221;#FFFFFF&#8221; _builder_version=&#8221;4.21.2&#8243; _module_preset=&#8221;default&#8221; background_color=&#8221;RGBA(0,0,0,0)&#8221; background_enable_color=&#8221;on&#8221; global_colors_info=&#8221;{}&#8221; follow_button=&#8221;off&#8221; url_new_window=&#8221;on&#8221;]instagram[\/et_pb_social_media_follow_network][\/et_pb_social_media_follow][\/et_pb_column][\/et_pb_row][\/et_pb_section][et_pb_section fb_built=&#8221;1&#8243; _builder_version=&#8221;4.16&#8243; _module_preset=&#8221;default&#8221; background_color=&#8221;RGBA(0,0,0,0)&#8221; custom_padding=&#8221;0px||0px||false|false&#8221; global_colors_info=&#8221;{}&#8221;][et_pb_row column_structure=&#8221;1_5,1_5,1_5,1_5,1_5&#8243; use_custom_gutter=&#8221;on&#8221; gutter_width=&#8221;1&#8243; _builder_version=&#8221;4.21.2&#8243; _module_preset=&#8221;default&#8221; width=&#8221;100%&#8221; max_width=&#8221;100%&#8221; module_alignment=&#8221;center&#8221; custom_padding=&#8221;0px||0px|||&#8221; global_colors_info=&#8221;{}&#8221;][et_pb_column type=&#8221;1_5&#8243; _builder_version=&#8221;4.16&#8243; _module_preset=&#8221;default&#8221; background_color=&#8221;#851417&#8243; custom_padding=&#8221;100px||100px||false|false&#8221; border_color_all=&#8221;#FFFFFF&#8221; global_colors_info=&#8221;{}&#8221;][et_pb_text _builder_version=&#8221;4.21.2&#8243; _module_preset=&#8221;default&#8221; header_text_color=&#8221;#FFFFFF&#8221; link_option_url=&#8221;https:\/\/www.entrerios.gov.ar\/cultura\/?page_id=9409&#8243; global_colors_info=&#8221;{}&#8221;]<\/p>\n<h1 style=\"text-align: center;\">\u00bfQUIENES SOMOS?<\/h1>\n<p>[\/et_pb_text][\/et_pb_column][et_pb_column type=&#8221;1_5&#8243; _builder_version=&#8221;4.16&#8243; _module_preset=&#8221;default&#8221; background_color=&#8221;#b01c35&#8243; custom_padding=&#8221;100px||100px||false|false&#8221; border_color_all=&#8221;#FFFFFF&#8221; global_colors_info=&#8221;{}&#8221;][et_pb_text _builder_version=&#8221;4.21.2&#8243; _module_preset=&#8221;default&#8221; header_text_color=&#8221;#FFFFFF&#8221; link_option_url=&#8221;http:\/\/www.saij.gob.ar\/10931-local-entre-rios-teatro-independiente-entre-rios-tier-lpe0010931-2021-10-20\/123456789-0abc-defg-139-0100evorpyel?&#038;o=26&#038;f=Total%7CFecha%5B50%2C1%5D%7CEstado%20de%20Vigencia\/Vigente%2C%20de%20alcance%20general%7CTema\/Cultura%20y%20educaci%F3n\/cultura%7COrganismo%5B5%2C1%5D%7CAutor%5B25%2C1%5D%7CJurisdicci%F3n%5B5%2C1%5D%7CTribunal%5B5%2C1%5D%7CPublicaci%F3n%5B5%2C1%5D%7CColecci%F3n%20tem%E1tica%5B5%2C1%5D%7CTipo%20de%20Documento\/Legislaci%F3n&#038;t=3896&#8243; global_colors_info=&#8221;{}&#8221;]<\/p>\n<h1 style=\"text-align: center;\">LEYES Y REGLAMENTACIONES<\/h1>\n<p>[\/et_pb_text][\/et_pb_column][et_pb_column type=&#8221;1_5&#8243; _builder_version=&#8221;4.16&#8243; _module_preset=&#8221;default&#8221; background_color=&#8221;#bc221a&#8221; global_colors_info=&#8221;{}&#8221;][et_pb_text _builder_version=&#8221;4.21.2&#8243; _module_preset=&#8221;default&#8221; custom_margin=&#8221;100px||||false|false&#8221; link_option_url=&#8221;https:\/\/www.entrerios.gov.ar\/cultura\/?page_id=9456&#8243; link_option_url_new_window=&#8221;on&#8221; global_colors_info=&#8221;{}&#8221;]<\/p>\n<h1 style=\"text-align: center;\"><span style=\"color: #ffffff;\">MAPA DE REGIONES<\/span><\/h1>\n<p>[\/et_pb_text][\/et_pb_column][et_pb_column type=&#8221;1_5&#8243; _builder_version=&#8221;4.16&#8243; _module_preset=&#8221;default&#8221; background_color=&#8221;#890d0d&#8221; global_colors_info=&#8221;{}&#8221;][et_pb_text _builder_version=&#8221;4.21.2&#8243; _module_preset=&#8221;default&#8221; custom_margin=&#8221;100px||||false|false&#8221; link_option_url=&#8221;https:\/\/drive.google.com\/drive\/folders\/1PTOqZ0rNWNBT57gCt5rqP8dc20xlptBz&#8221; link_option_url_new_window=&#8221;on&#8221; global_colors_info=&#8221;{}&#8221;]<\/p>\n<h1 style=\"text-align: center;\"><span style=\"color: #ffffff;\">ACTAS Y ANEXO<\/span><\/h1>\n<p>[\/et_pb_text][\/et_pb_column][et_pb_column type=&#8221;1_5&#8243; _builder_version=&#8221;4.21.2&#8243; _module_preset=&#8221;default&#8221; background_color=&#8221;#630d03&#8243; link_option_url_new_window=&#8221;on&#8221; global_colors_info=&#8221;{}&#8221;][et_pb_text _builder_version=&#8221;4.21.2&#8243; _module_preset=&#8221;default&#8221; custom_margin=&#8221;100px||||false|false&#8221; link_option_url=&#8221;https:\/\/www.entrerios.gov.ar\/cultura\/padron-contier\/&#8221; link_option_url_new_window=&#8221;on&#8221; locked=&#8221;off&#8221; global_colors_info=&#8221;{}&#8221;]<\/p>\n<h1 style=\"text-align: center;\"><span style=\"color: #ffffff;\">PADR\u00d3N<\/span><\/h1>\n<p>[\/et_pb_text][\/et_pb_column][\/et_pb_row][\/et_pb_section][et_pb_section fb_built=&#8221;1&#8243; _builder_version=&#8221;4.16&#8243; _module_preset=&#8221;default&#8221; width=&#8221;100%&#8221; custom_padding=&#8221;1px||0px|||&#8221; global_colors_info=&#8221;{}&#8221;][et_pb_row use_custom_gutter=&#8221;on&#8221; gutter_width=&#8221;1&#8243; _builder_version=&#8221;4.16&#8243; _module_preset=&#8221;default&#8221; width=&#8221;95%&#8221; max_width=&#8221;95%&#8221; custom_margin=&#8221;0px||0px||false|false&#8221; custom_padding=&#8221;0px||0px||false|false&#8221; global_colors_info=&#8221;{}&#8221;][et_pb_column type=&#8221;4_4&#8243; _builder_version=&#8221;4.16&#8243; _module_preset=&#8221;default&#8221; global_colors_info=&#8221;{}&#8221;][et_pb_text _builder_version=&#8221;4.16&#8243; _module_preset=&#8221;default&#8221; custom_margin=&#8221;0px||0px||false|false&#8221; custom_padding=&#8221;25px||0px||false|false&#8221; border_width_bottom=&#8221;1px&#8221; border_color_bottom=&#8221;#871c12&#8243; global_colors_info=&#8221;{}&#8221;]<\/p>\n<h1 style=\"text-align: center;\"><span style=\"color: #800000;\"><strong>NOTICIAS<\/strong><\/span><\/h1>\n<div id=\"gtx-trans\">\n<div class=\"gtx-trans-icon\"><\/div>\n<\/div>\n<p>[\/et_pb_text][\/et_pb_column][\/et_pb_row][et_pb_row use_custom_gutter=&#8221;on&#8221; gutter_width=&#8221;1&#8243; _builder_version=&#8221;4.18.0&#8243; _module_preset=&#8221;default&#8221; width=&#8221;95%&#8221; max_width=&#8221;95%&#8221; custom_padding=&#8221;2px|||||&#8221; global_colors_info=&#8221;{}&#8221;][et_pb_column type=&#8221;4_4&#8243; _builder_version=&#8221;4.16&#8243; _module_preset=&#8221;default&#8221; global_colors_info=&#8221;{}&#8221;][et_pb_blog fullwidth=&#8221;off&#8221; posts_number=&#8221;3&#8243; include_categories=&#8221;132&#8243; excerpt_length=&#8221;220&#8243; show_more=&#8221;on&#8221; show_author=&#8221;off&#8221; show_categories=&#8221;off&#8221; _builder_version=&#8221;4.21.2&#8243; _module_preset=&#8221;default&#8221; read_more_font=&#8221;|600|||||||&#8221; pagination_font=&#8221;|700|||||||&#8221; pagination_font_size=&#8221;20px&#8221; pagination_line_height=&#8221;0em&#8221; width=&#8221;100%&#8221; max_width=&#8221;100%&#8221; custom_margin=&#8221;0px||10px|0px|false|false&#8221; custom_padding=&#8221;||10px||false|false&#8221; custom_css_title=&#8221;height: 80px;||&#8221; custom_css_content=&#8221;height:115px;&#8221; global_colors_info=&#8221;{}&#8221;][\/et_pb_blog][\/et_pb_column][\/et_pb_row][et_pb_row use_custom_gutter=&#8221;on&#8221; gutter_width=&#8221;2&#8243; _builder_version=&#8221;4.21.2&#8243; _module_preset=&#8221;default&#8221; width=&#8221;95%&#8221; max_width=&#8221;95%&#8221; custom_margin=&#8221;0px||0px||false|false&#8221; custom_padding=&#8221;0px||0px||false|false&#8221; global_colors_info=&#8221;{}&#8221;][et_pb_column type=&#8221;4_4&#8243; _builder_version=&#8221;4.16&#8243; _module_preset=&#8221;default&#8221; global_colors_info=&#8221;{}&#8221;][et_pb_text _builder_version=&#8221;4.21.2&#8243; _module_preset=&#8221;default&#8221; text_line_height=&#8221;1.5em&#8221; header_2_font=&#8221;|300|||||||&#8221; custom_padding=&#8221;||0px|||&#8221; border_width_top=&#8221;1px&#8221; border_color_top=&#8221;#a81515&#8243; global_colors_info=&#8221;{}&#8221;]<\/p>\n<h1>AUTORIDADES<\/h1>\n<h2>DIRECTORA\u00a0 EJECUTIVA<\/h2>\n<p><span style=\"font-weight: 400;\"><strong>Maria Cristina Witschi<\/strong><\/span><\/p>\n<p><span style=\"font-weight: 400;\">Tel: 3434692199 &#8211; Correo Electronico:<\/span><\/p>\n<p><span style=\"font-weight: 400;\"><a href=\"mailto:direccion.ejecutiva.contier@gmail.com\">direccion.ejecutiva.contier@gmail.com<\/a><\/span><\/p>\n<h2>Representante de la Regi\u00f3n 1<\/h2>\n<p><span style=\"font-weight: 400;\"><strong><b>Carina Resnisky\u00a0<\/b><\/strong><\/span><br \/><span style=\"font-weight: 400;\"><span>Tel: 1163241143 &#8211; Correo electronico:<\/span><\/span><\/p>\n<p><span style=\"font-weight: 400;\"><span> <\/span><\/span><span style=\"font-weight: 400;\"><span><a href=\"mailto:representante.region1.contier@gmail.com\">representante.region1.contier@gmail.com<\/a><\/span><\/span><\/p>\n<h2>Representante de la Regi\u00f3n 2<\/h2>\n<p><span style=\"font-weight: 400;\"><strong>Juan Francisco Gibert\u00a0<\/strong><\/span><\/p>\n<p><span style=\"font-weight: 400;\">Tel: 3456267774 &#8211; <\/span><span style=\"font-weight: 400;\">Correo electr\u00f3nico:<\/span><\/p>\n<p><span style=\"font-weight: 400;\"><a href=\"mailto:representante.region1.contier@gmail.com\">representante.region2.contier@gmail.com<\/a><a href=\"mailto:archivogeneraler@hotmail.com. \"><\/a><\/span><\/p>\n<h2>Representante de la Regi\u00f3n 3<\/h2>\n<p><span style=\"font-weight: 400;\"><strong>Nadia Grand\u00f3n<\/strong><\/span><\/p>\n<p><span style=\"font-weight: 400;\">Tel: 3435040901 &#8211; Correo Electronico:<\/span><\/p>\n<p><span style=\"font-weight: 400;\"><a href=\"mailto:representante.region1.contier@gmail.com\">representante.region3.contier@gmail.com<\/a><\/span><\/p>\n<h2>Representante de la Regi\u00f3n 4<\/h2>\n<p><b>Marcos Retamozo<\/b><\/p>\n<p><b><span style=\"font-weight: 400;\">Tel: 3456538188 &#8211; Correo Electronico:<\/span><\/b><\/p>\n<p><b><span style=\"font-weight: 400;\"><a href=\"mailto:representante.region1.contier@gmail.com\">representante.region4.contier@gmail.com<\/a><\/span><\/b><b><\/b><\/p>\n<h2>Representante de la Regi\u00f3n 5<\/h2>\n<p><span style=\"font-weight: 400;\"><strong>Valeria Bassini<\/strong><\/span><\/p>\n<p><b><span style=\"font-weight: 400;\">Tel: 3446622866 &#8211; Correo Electronico:<\/span><\/b><\/p>\n<p><b><span style=\"font-weight: 400;\"><a href=\"mailto:representante.region1.contier@gmail.com\">representante.region5.contier@gmail.com<\/a><\/span><\/b><\/p>\n<p>[\/et_pb_text][et_pb_text _builder_version=&#8221;4.16&#8243; _module_preset=&#8221;default&#8221; text_line_height=&#8221;1.5em&#8221; header_2_font=&#8221;|300|||||||&#8221; custom_margin=&#8221;||5px||false|false&#8221; custom_padding=&#8221;||0px||false|false&#8221; border_width_top=&#8221;1px&#8221; border_color_top=&#8221;#991613&#8243; global_colors_info=&#8221;{}&#8221;]<\/p>\n<h2>REDES SOCIALES<\/h2>\n<p>[\/et_pb_text][et_pb_social_media_follow icon_color=&#8221;#000000&#8243; use_icon_font_size=&#8221;on&#8221; icon_font_size=&#8221;20px&#8221; _builder_version=&#8221;4.21.2&#8243; _module_preset=&#8221;default&#8221; background_color=&#8221;rgba(0,0,0,0)&#8221; text_orientation=&#8221;left&#8221; width=&#8221;100%&#8221; custom_margin=&#8221;|||-14px|false|false&#8221; custom_margin_tablet=&#8221;&#8221; custom_margin_phone=&#8221;|||-14px|false|false&#8221; custom_margin_last_edited=&#8221;on|phone&#8221; custom_padding=&#8221;0px||||false|false&#8221; hover_enabled=&#8221;0&#8243; text_orientation_tablet=&#8221;&#8221; text_orientation_phone=&#8221;left&#8221; text_orientation_last_edited=&#8221;on|desktop&#8221; saved_tabs=&#8221;all&#8221; locked=&#8221;off&#8221; global_colors_info=&#8221;{}&#8221; sticky_enabled=&#8221;0&#8243;][et_pb_social_media_follow_network social_network=&#8221;facebook&#8221; url=&#8221;https:\/\/www.facebook.com\/profile.php?id=100091571490160&#8243; _builder_version=&#8221;4.21.2&#8243; _module_preset=&#8221;default&#8221; background_enable_color=&#8221;off&#8221; global_colors_info=&#8221;{}&#8221; follow_button=&#8221;off&#8221; url_new_window=&#8221;on&#8221;]facebook[\/et_pb_social_media_follow_network][et_pb_social_media_follow_network social_network=&#8221;instagram&#8221; url=&#8221;https:\/\/www.instagram.com\/con_tier\/&#8221; icon_color=&#8221;#000000&#8243; _builder_version=&#8221;4.21.2&#8243; _module_preset=&#8221;default&#8221; background_color=&#8221;RGBA(0,0,0,0)&#8221; background_enable_color=&#8221;on&#8221; global_colors_info=&#8221;{}&#8221; follow_button=&#8221;off&#8221; url_new_window=&#8221;on&#8221;]instagram[\/et_pb_social_media_follow_network][et_pb_social_media_follow_network social_network=&#8221;flikr&#8221; _builder_version=&#8221;4.21.2&#8243; _module_preset=&#8221;default&#8221; background_color=&#8221;RGBA(255,255,255,0)&#8221; background_enable_color=&#8221;on&#8221; hover_enabled=&#8221;0&#8243; global_colors_info=&#8221;{}&#8221; follow_button=&#8221;off&#8221; url_new_window=&#8221;on&#8221; url=&#8221;https:\/\/www.flickr.com\/photos\/culturaerenfotos\/albums\/&#8221; sticky_enabled=&#8221;0&#8243;]flikr[\/et_pb_social_media_follow_network][\/et_pb_social_media_follow][\/et_pb_column][\/et_pb_row][\/et_pb_section][et_pb_section fb_built=&#8221;1&#8243; _builder_version=&#8221;4.16&#8243; _module_preset=&#8221;default&#8221; custom_margin=&#8221;0px||0px||false|false&#8221; custom_padding=&#8221;0px||0px||false|false&#8221; global_colors_info=&#8221;{}&#8221;][et_pb_row column_structure=&#8221;1_4,1_4,1_4,1_4&#8243; use_custom_gutter=&#8221;on&#8221; gutter_width=&#8221;4&#8243; _builder_version=&#8221;4.21.2&#8243; _module_preset=&#8221;default&#8221; background_color=&#8221;RGBA(255,255,255,0)&#8221; width=&#8221;100%&#8221; max_width=&#8221;100%&#8221; module_alignment=&#8221;center&#8221; min_height=&#8221;134.3px&#8221; custom_margin=&#8221;15px|0px|0px|8px|false|false&#8221; custom_padding=&#8221;15px|69px|15px|32px|false|false&#8221; border_color_all=&#8221;#7CDA24&#8243; border_width_top=&#8221;10px&#8221; border_color_top=&#8221;#64b44b&#8221; global_module=&#8221;4620&#8243; saved_tabs=&#8221;all&#8221; global_colors_info=&#8221;{}&#8221;][et_pb_column type=&#8221;1_4&#8243; _builder_version=&#8221;4.17.4&#8243; _module_preset=&#8221;default&#8221; global_colors_info=&#8221;{}&#8221;][et_pb_text _builder_version=&#8221;4.21.2&#8243; _module_preset=&#8221;default&#8221; width=&#8221;113%&#8221; module_alignment=&#8221;right&#8221; global_colors_info=&#8221;{}&#8221;]<\/p>\n<p>Secretar\u00eda de Cultura de Entre R\u00edos<br \/>Calle Gardel 42 (3100)<br \/>+54 (343) 4207828<br \/>secretariadeculturaentrerios@gmail.com<br \/>Paran\u00e1 &#8211; Entre R\u00edos &#8211; Argentina<\/p>\n<p>[\/et_pb_text][\/et_pb_column][et_pb_column type=&#8221;1_4&#8243; _builder_version=&#8221;4.16&#8243; _module_preset=&#8221;default&#8221; global_colors_info=&#8221;{}&#8221;][et_pb_image src=&#8221;https:\/\/www.entrerios.gov.ar\/cultura\/wp-content\/uploads\/2021\/08\/LOGOS_P_WEB-02.png&#8221; title_text=&#8221;LOGOS_P_WEB-02&#8243; url=&#8221;https:\/\/www.entrerios.gov.ar\/cultura\/&#8221; _builder_version=&#8221;4.21.2&#8243; _module_preset=&#8221;default&#8221; width=&#8221;91.8%&#8221; custom_margin=&#8221;0px|-10px||20px|false|false&#8221; custom_padding=&#8221;|76px||||&#8221; global_colors_info=&#8221;{}&#8221;][\/et_pb_image][\/et_pb_column][et_pb_column type=&#8221;1_4&#8243; _builder_version=&#8221;4.16&#8243; _module_preset=&#8221;default&#8221; global_colors_info=&#8221;{}&#8221;][et_pb_image src=&#8221;https:\/\/www.entrerios.gov.ar\/cultura\/wp-content\/uploads\/2021\/08\/LOGOS_P_WEB-03.png&#8221; title_text=&#8221;LOGOS_P_WEB-03&#8243; url=&#8221;https:\/\/portal.entrerios.gov.ar\/gobiernoytrabajo\/inicio&#8221; url_new_window=&#8221;on&#8221; _builder_version=&#8221;4.21.2&#8243; _module_preset=&#8221;default&#8221; width=&#8221;91.8%&#8221; custom_margin=&#8221;0px|-10px||20px|false|false&#8221; custom_padding=&#8221;|76px||||&#8221; global_colors_info=&#8221;{}&#8221;][\/et_pb_image][\/et_pb_column][et_pb_column type=&#8221;1_4&#8243; _builder_version=&#8221;4.16&#8243; _module_preset=&#8221;default&#8221; global_colors_info=&#8221;{}&#8221;][et_pb_image src=&#8221;https:\/\/www.entrerios.gov.ar\/cultura\/wp-content\/uploads\/2021\/08\/LOGOS_P_WEB-01.png&#8221; title_text=&#8221;LOGOS_P_WEB-01&#8243; url=&#8221;https:\/\/portal.entrerios.gov.ar\/inicio&#8221; url_new_window=&#8221;on&#8221; _builder_version=&#8221;4.21.2&#8243; _module_preset=&#8221;default&#8221; width=&#8221;91.8%&#8221; custom_margin=&#8221;0px|-10px||20px|false|false&#8221; custom_padding=&#8221;|76px||||&#8221; global_colors_info=&#8221;{}&#8221;][\/et_pb_image][\/et_pb_column][\/et_pb_row][\/et_pb_section]<\/p>\n","protected":false},"excerpt":{"rendered":"<p>CONSEJO PROVINCIAL DE TEATRO INDEPENDIENTE DE ENTRE RIOSEl Consejo Provincial de Teatro Independiente (ConTIER)\u00a0 es un organismo aut\u00e1rquico, creado en la \u00f3rbita de la Secretar\u00eda de Cultura, su sede central est\u00e1 ubicada en 25 de junio 39, planta baja, Paran\u00e1. Es el encargado de velar por la protecci\u00f3n, promoci\u00f3n y fomento de la actividad teatral [&hellip;]<\/p>\n","protected":false},"author":1,"featured_media":0,"parent":0,"menu_order":0,"comment_status":"closed","ping_status":"closed","template":"","meta":{"_et_pb_use_builder":"on","_et_pb_old_content":"","_et_gb_content_width":"","footnotes":""},"class_list":["post-9258","page","type-page","status-publish","hentry"],"_links":{"self":[{"href":"https:\/\/www.entrerios.gov.ar\/cultura\/wp-json\/wp\/v2\/pages\/9258","targetHints":{"allow":["GET"]}}],"collection":[{"href":"https:\/\/www.entrerios.gov.ar\/cultura\/wp-json\/wp\/v2\/pages"}],"about":[{"href":"https:\/\/www.entrerios.gov.ar\/cultura\/wp-json\/wp\/v2\/types\/page"}],"author":[{"embeddable":true,"href":"https:\/\/www.entrerios.gov.ar\/cultura\/wp-json\/wp\/v2\/users\/1"}],"replies":[{"embeddable":true,"href":"https:\/\/www.entrerios.gov.ar\/cultura\/wp-json\/wp\/v2\/comments?post=9258"}],"version-history":[{"count":29,"href":"https:\/\/www.entrerios.gov.ar\/cultura\/wp-json\/wp\/v2\/pages\/9258\/revisions"}],"predecessor-version":[{"id":14777,"href":"https:\/\/www.entrerios.gov.ar\/cultura\/wp-json\/wp\/v2\/pages\/9258\/revisions\/14777"}],"wp:attachment":[{"href":"https:\/\/www.entrerios.gov.ar\/cultura\/wp-json\/wp\/v2\/media?parent=9258"}],"curies":[{"name":"wp","href":"https:\/\/api.w.org\/{rel}","templated":true}]}}