{"id":210633,"date":"2021-07-06T22:57:53","date_gmt":"2021-07-06T19:57:53","guid":{"rendered":"https:\/\/www.entrerios.gov.ar\/dgec\/?page_id=210633"},"modified":"2025-07-22T16:05:40","modified_gmt":"2025-07-22T13:05:40","slug":"eph-rup2025","status":"publish","type":"page","link":"https:\/\/www.entrerios.gov.ar\/dgec\/eph-rup2025\/","title":{"rendered":"EPH-RUP2025"},"content":{"rendered":"<p>[et_pb_section fb_built=\u00bb1&#8243; _builder_version=\u00bb4.16&#8243; da_disable_devices=\u00bboff|off|off\u00bb global_colors_info=\u00bb{}\u00bb da_is_popup=\u00bboff\u00bb da_exit_intent=\u00bboff\u00bb da_has_close=\u00bbon\u00bb da_alt_close=\u00bboff\u00bb da_dark_close=\u00bboff\u00bb da_not_modal=\u00bbon\u00bb da_is_singular=\u00bboff\u00bb da_with_loader=\u00bboff\u00bb da_has_shadow=\u00bbon\u00bb][et_pb_row _builder_version=\u00bb4.16&#8243; background_size=\u00bbinitial\u00bb background_position=\u00bbtop_left\u00bb background_repeat=\u00bbrepeat\u00bb global_colors_info=\u00bb{}\u00bb][et_pb_column type=\u00bb4_4&#8243; _builder_version=\u00bb4.16&#8243; custom_padding=\u00bb|||\u00bb global_colors_info=\u00bb{}\u00bb custom_padding__hover=\u00bb|||\u00bb][et_pb_text _builder_version=\u00bb4.27.4&#8243; global_colors_info=\u00bb{}\u00bb]<\/p>\n<p>&nbsp;<\/p>\n<p><span style=\"font-size: large;\"><strong>INICIA LA ENCUESTA PERMANENTE DE HOGARES \u2013 RESTO URBANO PROVINCIAL<\/strong><\/span><\/p>\n<p>La Direcci\u00f3n General de Estad\u00edstica y Censos de Entre R\u00edos informa que durante el per\u00edodo julio &#8211; octubre del a\u00f1o en curso, se desarrollar\u00e1 en nuestra provincia la <strong>Encuesta Permanente de Hogares \u2013 Resto Urbano Provincial 2025.\u00a0<\/strong><\/p>\n<p>[\/et_pb_text][et_pb_image src=\u00bbhttps:\/\/www.entrerios.gov.ar\/dgec\/wp-content\/uploads\/2025\/07\/eph-rup2025img.png\u00bb title_text=\u00bbeph-rup2025img\u00bb align_tablet=\u00bbcenter\u00bb align_phone=\u00bbcenter\u00bb align_last_edited=\u00bbon|desktop\u00bb _builder_version=\u00bb4.27.4&#8243; global_colors_info=\u00bb{}\u00bb][\/et_pb_image][et_pb_text _builder_version=\u00bb4.25.2&#8243; global_colors_info=\u00bb{}\u00bb]<\/p>\n<p><strong>\u00bfQU\u00c9 ES LA<\/strong> <strong>ENCUESTA PERMANENTE DE HOGARES?<\/strong><\/p>\n<p style=\"text-align: justify;\">La Encuesta Permanente de Hogares (EPH) es un programa nacional de producci\u00f3n sistem\u00e1tica y permanente de Indicadores Sociales que permite conocer las caracter\u00edsticas sociodemogr\u00e1ficas y socioecon\u00f3micas de la poblaci\u00f3n. En la actualidad dicha encuesta cubre 31 aglomerados urbanos.<\/p>\n<p style=\"text-align: justify;\">La evoluci\u00f3n del empleo en la provincia de Entre R\u00edos se analiza a partir de los resultados trimestrales obtenidos de la Encuesta Permanente de Hogares (EPH) que se realiza en los aglomerados urbanos Gran Paran\u00e1 -incluyendo a Oro Verde, Colonia Avellaneda, San Benito y Sauce Montrull- y Concordia \u2013 incluyendo Benito Legeren, Villa Adela- y se ampl\u00eda en todos los terceros trimestres a doce localidades m\u00e1s de la provincia para tener un dato provincial (EPH-RUP).<\/p>\n<p style=\"text-align: justify;\">Para ello se desarroll\u00f3 una metodolog\u00eda tem\u00e1tica, muestral y operativa que articul\u00f3 los mejores avances del conocimiento y la investigaci\u00f3n social, las recomendaciones internacionales y las especificidades del pa\u00eds.<\/p>\n<p style=\"text-align: justify;\">Para dar respuesta al objetivo general, la EPH rescata como tem\u00e1tica caracterizar a la poblaci\u00f3n:<\/p>\n<p style=\"text-align: justify;\">&#8211; desde el punto de vista demogr\u00e1fico.<br \/>&#8211; por su participaci\u00f3n en la producci\u00f3n de bienes y servicios.<br \/>&#8211; por su participaci\u00f3n en la distribuci\u00f3n del producto social.<\/p>\n<p style=\"text-align: justify;\">De estos tres ejes fundamentales se derivan los grandes temas de la Encuesta: Demogr\u00e1ficas B\u00e1sicas, Ocupacionales, Habitacionales, Educacionales, del Ingreso y Migratorias.<\/p>\n<p style=\"text-align: justify;\">La EPH es una encuesta por muestreo, esto significa que, para conocer las diversas caracter\u00edsticas del total de los hogares, se encuesta una peque\u00f1a fracci\u00f3n representativa de los mismos. La aplicaci\u00f3n de rigurosas t\u00e9cnicas estad\u00edsticas permite garantizar la precisi\u00f3n de los datos as\u00ed obtenidos.<\/p>\n<p style=\"text-align: justify;\">La encuesta se lleva a cabo en todo el pa\u00eds sobre una muestra de aproximadamente 26.000 viviendas por trimestre ubicadas en las capitales de provincia, en la Ciudad Aut\u00f3noma de Buenos Aires y ciudades de m\u00e1s de 100.000 habitantes del pa\u00eds.<\/p>\n<p style=\"text-align: justify;\">Las viviendas que ser\u00e1n encuestadas son seleccionadas de forma probabil\u00edstica en dos etapas: En la primera se seleccionan en forma aleatoria una cierta cantidad de \u00e1reas dentro de cada aglomerado\/jurisdicci\u00f3n. En la segunda etapa se listan todas las viviendas particulares de las \u00e1reas seleccionadas, para luego a partir de ese listado efectuar una selecci\u00f3n aleatoria de las viviendas de cada \u00e1rea. Los hogares que habitan esas viviendas son los hogares a encuestar.<\/p>\n<p style=\"text-align: justify;\">La muestra se distribuye a lo largo del per\u00edodo respecto del cual se brindar\u00e1 informaci\u00f3n (trimestral) y se repite este proceso para cada uno de los trimestres del a\u00f1o.<\/p>\n<p>[\/et_pb_text][et_pb_text _builder_version=\u00bb4.25.2&#8243; global_colors_info=\u00bb{}\u00bb]<\/p>\n<p><strong>\u00bfD\u00d3NDE Y C\u00d3MO SE REALIZA ESTA ENCUESTA<\/strong><strong>?<\/strong><\/p>\n<p>El trabajo de campo se desarrollar\u00e1 en las localidades entrerrianas de Aldea Valle Mar\u00eda, Basavilbaso, Concepci\u00f3n del Uruguay, Chajar\u00ed, Crespo, Federaci\u00f3n, General Ram\u00edrez, Gualeguaych\u00fa, La Paz, Lucas Gonz\u00e1lez, San Jos\u00e9 y Santa Elena. La modalidad adoptada para la realizaci\u00f3n del operativo es la encuesta presencial y telef\u00f3nica.<\/p>\n<p>Previamente se enviar\u00e1 a los hogares una carta de presentaci\u00f3n para que los encuestadores puedan obtener los contactos. Las <strong>respuestas<\/strong> que se brindan est\u00e1n<strong> protegidas <\/strong>por riguroso<strong> secreto estad\u00edstico<\/strong> por la Ley Nacional 17.622, y la Ley Provincial 8.910, ambas leyes tambi\u00e9n, establecen su obligatoriedad de responder esta y otras encuestas seg\u00fan corresponda, public\u00e1ndose los resultados globales para el total provincial.<\/p>\n<p style=\"text-align: justify;\"><strong>La identidad de los encuestadores, supervisores y coordinadores<\/strong> que se contacten con los hogares respondentes se puede verificar en el sitio web del organismo: <a href=\"https:\/\/www.entrerios.gov.ar\/dgec\/encuestadores\/\"><strong>https:\/\/www.entrerios.gov.ar\/dgec\/encuestadores\/<\/strong><\/a>, al correo oficial infodec@entrerios.gov.ar, o llamando al <strong>tel\u00e9fono 0343 \u2013 4207831<\/strong> en el horario de 8hs. a 13hs.<\/p>\n<p>[\/et_pb_text][et_pb_image src=\u00bbhttps:\/\/www.entrerios.gov.ar\/dgec\/wp-content\/uploads\/2025\/07\/eph-rup2025imgbis.png\u00bb title_text=\u00bbeph-rup2025imgbis\u00bb align_tablet=\u00bbcenter\u00bb align_phone=\u00bbcenter\u00bb align_last_edited=\u00bbon|desktop\u00bb _builder_version=\u00bb4.27.4&#8243; width=\u00bb70%\u00bb max_width=\u00bb70%\u00bb min_height=\u00bb602px\u00bb height=\u00bb602px\u00bb max_height=\u00bb603px\u00bb global_colors_info=\u00bb{}\u00bb][\/et_pb_image][et_pb_text _builder_version=\u00bb4.27.4&#8243; hover_enabled=\u00bb0&#8243; global_colors_info=\u00bb{}\u00bb sticky_enabled=\u00bb0&#8243;]<\/p>\n<p><strong>LA IMPORTANCIA DE LA ENCUESTA<\/strong><\/p>\n<p>Es muy importante la colaboraci\u00f3n de la poblaci\u00f3n, ya que los resultados de este operativo nos permite conocer indicadores en lo que respecta al mercado laboral, cantidad de personas inactivas (estudiantes, jubilados, etc.), situaci\u00f3n de la vivienda y servicios con que cuenta, asistencia a la escuela, nivel educacional, condici\u00f3n de migraci\u00f3n, entre otros.<br \/>Los \u00faltimos resultados publicados del operativo de la EPH &#8211; RUP, pueden consultarse en: <a href=\"https:\/\/www.entrerios.gov.ar\/dgec\/trabajo\/\" target=\"_blank\" rel=\"noopener\">https:\/\/www.entrerios.gov.ar\/dgec\/trabajo\/<\/a><\/p>\n<p>[\/et_pb_text][et_pb_image src=\u00bbhttps:\/\/www.entrerios.gov.ar\/dgec\/wp-content\/uploads\/2024\/02\/Logo-Pequeno.png\u00bb title_text=\u00bbLogo Peque\u00f1o\u00bb align=\u00bbcenter\u00bb align_tablet=\u00bbcenter\u00bb align_phone=\u00bbcenter\u00bb align_last_edited=\u00bbon|desktop\u00bb _builder_version=\u00bb4.25.2&#8243; global_colors_info=\u00bb{}\u00bb][\/et_pb_image][et_pb_divider show_divider=\u00bboff\u00bb _builder_version=\u00bb4.25.2&#8243; _module_preset=\u00bbdefault\u00bb global_colors_info=\u00bb{}\u00bb][\/et_pb_divider][\/et_pb_column][\/et_pb_row][\/et_pb_section]<\/p>\n","protected":false},"excerpt":{"rendered":"<p>&nbsp; INICIA LA ENCUESTA PERMANENTE DE HOGARES \u2013 RESTO URBANO PROVINCIAL La Direcci\u00f3n General de Estad\u00edstica y Censos de Entre R\u00edos informa que durante el per\u00edodo julio &#8211; octubre del a\u00f1o en curso, se desarrollar\u00e1 en nuestra provincia la Encuesta Permanente de Hogares \u2013 Resto Urbano Provincial 2025.\u00a0\u00bfQU\u00c9 ES LA ENCUESTA PERMANENTE DE HOGARES? La [&hellip;]<\/p>\n","protected":false},"author":1,"featured_media":0,"parent":0,"menu_order":0,"comment_status":"closed","ping_status":"closed","template":"","meta":{"_et_pb_use_builder":"on","_et_pb_old_content":"<p><strong><u>INICIA LA ENCUESTA PERMANENTE DE HOGARES \u2013 RESTO URBANO PROVINCIAL<\/u><\/strong><\/p><p><img class=\"alignnone size-full wp-image-210681\" src=\"https:\/\/www.entrerios.gov.ar\/dgec\/wp-content\/uploads\/2021\/07\/Cartel-EPH-RUP-imagen-pequeno.jpg\" alt=\"\" width=\"560\" height=\"792\" \/><br \/>La Direcci\u00f3n General de Estad\u00edstica y Censos de Entre R\u00edos informa que desde el 20 de Julio del corriente a\u00f1o y durante los siguientes 3 meses se realiza en nuestra provincia la <strong>Encuesta Permanente de Hogares \u2013 Resto Urbano Provincial 2021<\/strong>.-<\/p><p>Este operativo permite obtener informaci\u00f3n actualizada sobre una serie de caracter\u00edsticas sociodemogr\u00e1ficas de la poblaci\u00f3n tales como: cantidad de personas que trabajan, condici\u00f3n de actividad, poblaci\u00f3n que est\u00e1 desocupada y busca trabajo, poblaci\u00f3n econ\u00f3micamente inactiva (estudiantes, jubilados, etc.), caracter\u00edsticas de las viviendas que habitan, servicios que tienen, nivel educativo de los miembros del hogar, ingreso, y condici\u00f3n de migraci\u00f3n entre otras.<\/p><p>A partir de julio se encuestar\u00e1n hogares seleccionados por t\u00e9cnica de muestreo en \u00e1reas urbanas de Aldea Valle Mar\u00eda, Basavilbaso, Concepci\u00f3n del Uruguay, Chajar\u00ed, Crespo, Federaci\u00f3n, General Ram\u00edrez, Gualeguaych\u00fa, La Paz,\u00a0 L\u00facas Gonz\u00e1lez, San Jos\u00e9 y Santa Elena.<\/p><p>Las <strong>respuestas<\/strong> que se brindan est\u00e1n<strong> protegidas <\/strong>por riguroso<strong> secreto estad\u00edstico<\/strong> por la Ley Nacional 17.622, y la Ley Provincial 8.910, ambas leyes tambi\u00e9n, establecen su obligatoriedad de responder esta y otras encuestas seg\u00fan corresponda.(Ley N\u00b0 17.622), public\u00e1ndose los resultados globales para el total provincial.<\/p><p>\u00a0<\/p><p><strong>MODALIDAD DE LA ENCUESTA PERMANENTE DE HOGARES \u2013 RESTO URBANO PROVINCIAL<\/strong><\/p><p>La Direcci\u00f3n General de Estad\u00edstica y Censos de Entre R\u00edos informa adhiere a las medidas adoptadas por el Instituto Nacional de Estad\u00edstica y Censos (INDEC) en lo que respecta a la realizaci\u00f3n de los operativos de campo, utilizando una <strong>nueva metodolog\u00eda<\/strong> para obtener informaci\u00f3n sociodemogr\u00e1fica y econ\u00f3mica en este contexto que vivimos de pandemia COVID-19.<\/p><p>En estas circunstancias, el objetivo primordial es proteger la salud y la seguridad de los encuestadores, supervisores y coordinadores que trabajan en los operativos de campo, sus familias y de la poblaci\u00f3n respondente; y <strong>garantizar<\/strong> al mismo tiempo <strong>la continuidad de la producci\u00f3n, difusi\u00f3n y calidad de las estad\u00edsticas oficiales <\/strong>de nuestra provincia.<\/p><p>En el caso espec\u00edfico de la Encuesta Permanente de Hogares Resto Urbano Provincial \u2013EPH RUP-, el equipo de trabajo se ha organizado para continuar <strong>recabando los datos de manera remota<\/strong>, contact\u00e1ndose <strong>telef\u00f3nicamente<\/strong> con los hogares que forman parte de la muestra, con la previa notificaci\u00f3n de la entrevista.<\/p><p>Debido al contexto de pandemia que presenta la propagaci\u00f3n del virus COVID-19, en este nuevo marco normativo donde rige el Distanciamiento Social, Preventivo y Obligatorio (DISPO) seg\u00fan corresponda a los par\u00e1metros epidemiol\u00f3gicos y sanitarios se adoptaron dos modalidades para la realizaci\u00f3n de la encuesta: en forma telef\u00f3nica o presencial aplicando los protocolos de relevamiento, con previa notificaci\u00f3n a las viviendas seleccionadas, para que los encuestadores puedan obtener los contactos.<\/p><p><strong>La identidad de los encuestadores, supervisores y coordinadores<\/strong> que se contacten con los hogares respondentes se puede verificar en el sitio web del organismo: <a href=\"https:\/\/www.entrerios.gov.ar\/dgec\/encuestadores\/\"><strong>https:\/\/www.entrerios.gov.ar\/dgec\/encuestadores\/<\/strong><\/a>, al correo oficial infodec@entrerios.gov.ar, o llamando al <strong>tel\u00e9fono 0343 \u2013 4207831<\/strong> en el horario de 8hs. a 13hs.<\/p><p>\u00a0<\/p><p><strong>\u00bfQU\u00c9 ES LA<\/strong> <strong>ENCUESTA PERMANENTE DE HOGARES?<\/strong><\/p><p>La Encuesta Permanente de Hogares (EPH) es un programa nacional de producci\u00f3n sistem\u00e1tica y permanente de Indicadores Sociales que permite conocer las caracter\u00edsticas sociodemogr\u00e1ficas y socioecon\u00f3micas de la poblaci\u00f3n. En la actualidad dicha encuesta cubre 31 aglomerados urbanos.<\/p><p>La evoluci\u00f3n del empleo en la provincia de Entre R\u00edos se analiza a partir de los resultados trimestrales obtenidos de la Encuesta Permanente de Hogares (EPH) que se realiza en los aglomerados urbanos Gran Paran\u00e1 y Concordia y se ampl\u00eda en todos los terceros trimestres a doce localidades m\u00e1s de la provincia para tener un dato provincial.<\/p><p>Para ello se desarroll\u00f3 una metodolog\u00eda tem\u00e1tica, muestral y operativa que articul\u00f3 los mejores avances del conocimiento y la investigaci\u00f3n social, las recomendaciones internacionales y las especificidades del pa\u00eds.<\/p><p>Para dar respuesta al objetivo general, la EPH rescata como tem\u00e1tica caracterizar a la poblaci\u00f3n:<\/p><p>- desde el punto de vista demogr\u00e1fico.<\/p><p>- por su participaci\u00f3n en la producci\u00f3n de bienes y servicios.<\/p><p>- por su participaci\u00f3n en la distribuci\u00f3n del producto social.<\/p><p>De estos tres ejes fundamentales se derivan los grandes temas de la Encuesta: Demogr\u00e1ficas B\u00e1sicas, Ocupacionales, Habitacionales, Educacionales, del Ingreso y Migratorias<\/p><p>La EPH es una encuesta por muestreo, esto significa que, para conocer las diversas caracter\u00edsticas del total de los hogares, se encuesta una peque\u00f1a fracci\u00f3n representativa de los mismos. La aplicaci\u00f3n de rigurosas t\u00e9cnicas estad\u00edsticas permite garantizar la precisi\u00f3n de los datos as\u00ed obtenidos.<\/p><p>La encuesta se lleva a cabo en todo el pa\u00eds sobre una muestra de aproximadamente 26.000 viviendas por trimestre ubicadas en las capitales de provincia, en la Ciudad Aut\u00f3noma de Buenos Aires y ciudades de m\u00e1s de 100.000 habitantes del pa\u00eds.<\/p><p>En nuestra provincia se realiza en el Paran\u00e1, -incluyendo a Oro Verde, Colonia Avellaneda, San Benito y Sauce Montrull- y Concordia \u2013Benito Legeren, Villa Adela- ampli\u00e1ndose en el tercer trimestre del a\u00f1o en las localidades de Gualeguaych\u00fa, Concepci\u00f3n del Uruguay, Basavilbaso, La Paz, Santa Elena, Federaci\u00f3n, Chajar\u00ed, San Jos\u00e9, Lucas Gonz\u00e1lez, Crespo, Ram\u00edrez y Valle Mar\u00eda.<\/p><p>Las viviendas que ser\u00e1n encuestadas son seleccionadas de forma probabil\u00edstica en dos etapas: En la primera se seleccionan en forma aleatoria una cierta cantidad de \u00e1reas dentro de cada aglomerado\/jurisdicci\u00f3n. En la segunda etapa se listan todas las viviendas particulares de las \u00e1reas seleccionadas, para luego a partir de ese listado efectuar una selecci\u00f3n aleatoria de las viviendas de cada \u00e1rea. Los hogares que habitan esas viviendas son los hogares a encuestar.<\/p><p>La muestra se distribuye a lo largo del per\u00edodo respecto del cual se brindar\u00e1 informaci\u00f3n (trimestral) y se repite este proceso para cada uno de los trimestres del a\u00f1o.<\/p><p><strong>LA IMPORTANCIA DE LA ENCUESTA<\/strong><\/p><p><strong>Es muy importante la colaboraci\u00f3n de la poblaci\u00f3n<\/strong>, ya que los resultados de este operativo nos permite conocer indicadores en lo que respecta al mercado laboral, cantidad de personas inactivas (estudiantes, jubilados, etc.), situaci\u00f3n de la vivienda y servicios con que cuenta, asistencia a la escuela, nivel educacional, condici\u00f3n de migraci\u00f3n, entre otros.<br \/>A modo de ejemplo citamos algunos indicadores que se obtienen de la encuesta:<\/p><p><strong>\u00daltimos datos disponibles de los principales indicadores del Mercado Laboral<\/strong><\/p><p><strong>\u00a0<\/strong><\/p><table width=\"614\"><tbody><tr><td rowspan=\"3\" width=\"70\">\u00a0<\/td><td rowspan=\"3\" width=\"77\"><p style=\"text-align: center;\"><strong>Poblaci\u00f3n de referencia (miles)<\/strong><\/p><\/td><td style=\"text-align: center;\" rowspan=\"3\" width=\"70\"><strong>Tasa de actividad %<\/strong><\/td><td style=\"text-align: center;\" rowspan=\"3\" width=\"59\"><strong>Tasa de empleo % <\/strong><\/td><td style=\"text-align: center;\" rowspan=\"3\" width=\"100\"><strong>Tasa de desocupaci\u00f3n %<\/strong><\/td><td style=\"text-align: center;\" colspan=\"3\" width=\"240\"><strong>Tasa de Subocupaci\u00f3n %<\/strong><\/td><td style=\"text-align: center;\" width=\"0\">\u00a0<\/td><\/tr><tr><td rowspan=\"2\" width=\"51\"><strong>Total<\/strong><\/td><td rowspan=\"2\" width=\"95\"><strong>Demandante<\/strong><\/td><td rowspan=\"2\" width=\"94\"><strong>No demandante<\/strong><\/td><td width=\"0\">\u00a0<\/td><\/tr><tr><td style=\"text-align: center;\" width=\"0\">\u00a0<\/td><\/tr><tr><td colspan=\"8\" width=\"614\"><p style=\"text-align: center;\"><strong>2019<\/strong><\/p><\/td><td width=\"0\">\u00a0<\/td><\/tr><tr><td width=\"70\"><strong>Total Nacional Urbano<\/strong><\/td><td width=\"77\"><p style=\"text-align: center;\"><strong>39833<\/strong><\/p><\/td><td style=\"text-align: center;\" width=\"70\"><strong>46,1<\/strong><\/td><td style=\"text-align: center;\" width=\"59\"><strong>41,8<\/strong><\/td><td style=\"text-align: center;\" width=\"100\"><strong>9,2<\/strong><\/td><td style=\"text-align: center;\" width=\"51\"><strong>13,0<\/strong><\/td><td style=\"text-align: center;\" width=\"95\"><strong>9,3<\/strong><\/td><td width=\"94\"><p style=\"text-align: center;\"><strong>3,7<\/strong><\/p><\/td><td width=\"0\">\u00a0<\/td><\/tr><tr><td width=\"70\"><strong>Entre R\u00edos<\/strong><\/td><td width=\"77\"><p style=\"text-align: center;\"><strong>1199<\/strong><\/p><\/td><td style=\"text-align: center;\" width=\"70\"><strong>44,0<\/strong><\/td><td style=\"text-align: center;\" width=\"59\"><strong>40,7<\/strong><\/td><td style=\"text-align: center;\" width=\"100\"><strong>7,5<\/strong><\/td><td style=\"text-align: center;\" width=\"51\"><strong>13,4<\/strong><\/td><td style=\"text-align: center;\" width=\"95\"><strong>8,1<\/strong><\/td><td width=\"94\"><p style=\"text-align: center;\"><strong>5,3<\/strong><\/p><\/td><td width=\"0\">\u00a0<\/td><\/tr><\/tbody><\/table><p><strong>\u00a0<\/strong><\/p><table width=\"78%\"><tbody><tr><td width=\"257\"><strong>EPH: 1\u00b0 Trimestre 2021<\/strong><\/td><td width=\"132\"><p style=\"text-align: center;\"><strong>Gran Paran\u00e1<\/strong><\/p><\/td><td width=\"108\"><p style=\"text-align: center;\"><strong>Concordia<\/strong><\/p><\/td><\/tr><tr><td width=\"257\"><strong>Tasa de Actividad<\/strong><\/td><td width=\"132\"><p style=\"text-align: center;\"><strong>\u00a044,6<\/strong><\/p><\/td><td width=\"108\"><p style=\"text-align: center;\"><strong>\u00a0\u00a0\u00a0\u00a0 40,8<\/strong><\/p><\/td><\/tr><tr><td width=\"257\"><strong>Tasa de Empleo<\/strong><\/td><td width=\"132\"><p style=\"text-align: center;\"><strong>\u00a042,6<\/strong><\/p><\/td><td width=\"108\"><p style=\"text-align: center;\"><strong>\u00a0\u00a0\u00a0 \u00a037,7<\/strong><\/p><\/td><\/tr><tr><td width=\"257\"><strong>Tasa de Desempleo<\/strong><\/td><td width=\"132\"><p style=\"text-align: center;\"><strong>\u00a0\u00a0 4,4<\/strong><\/p><\/td><td width=\"108\"><p style=\"text-align: center;\"><strong>\u00a0\u00a0\u00a0\u00a0\u00a0\u00a0 7,5<\/strong><\/p><\/td><\/tr><\/tbody><\/table><p>\u00a0<\/p><p><strong>Pobreza e Indigencia La \u00fanica fuente de informaci\u00f3n acerca de la pobreza de la Provincia se compone de las estad\u00edsticas recopiladas por el INDEC. <\/strong><\/p><table width=\"98%\"><tbody><tr><td rowspan=\"2\" width=\"137\"><strong>Aglomerado urbano<\/strong><\/td><td colspan=\"2\" width=\"221\"><p style=\"text-align: center;\"><strong>Pobreza<\/strong><\/p><\/td><td style=\"text-align: center;\" width=\"50\">\u00a0<\/td><td style=\"text-align: center;\" colspan=\"2\" width=\"222\"><strong>Indigencia<\/strong><\/td><\/tr><tr><td style=\"text-align: center;\" width=\"106\"><strong>Hogares (%)<\/strong><\/td><td width=\"115\"><p style=\"text-align: center;\"><strong>Personas (%)<\/strong><\/p><\/td><td width=\"50\">\u00a0<\/td><td width=\"104\"><p style=\"text-align: center;\"><strong>Hogares (%)<\/strong><\/p><\/td><td width=\"118\"><p style=\"text-align: center;\"><strong>Personas (%)<\/strong><\/p><\/td><\/tr><tr><td width=\"137\"><strong>Concordia<\/strong><\/td><td width=\"106\"><p style=\"text-align: center;\"><strong>39,3<\/strong><\/p><\/td><td width=\"115\"><p style=\"text-align: center;\"><strong>49,5<\/strong><\/p><\/td><td width=\"50\">\u00a0<\/td><td width=\"104\"><p style=\"text-align: center;\"><strong>\u00a06,6 <\/strong><strong>(1)<\/strong><\/p><\/td><td width=\"118\"><p style=\"text-align: center;\"><strong>8,2<\/strong><\/p><\/td><\/tr><tr><td width=\"137\"><strong>Gran Paran\u00e1<\/strong><\/td><td width=\"106\"><p style=\"text-align: center;\"><strong>30,4<\/strong><\/p><\/td><td width=\"115\"><p style=\"text-align: center;\"><strong>40,9<\/strong><\/p><\/td><td width=\"50\">\u00a0<\/td><td width=\"104\"><p style=\"text-align: center;\"><strong>\u00a04,0 <\/strong><strong>(1)<\/strong><\/p><\/td><td width=\"118\"><p style=\"text-align: center;\"><strong>5,7 <\/strong><strong>(1)<\/strong><\/p><\/td><\/tr><\/tbody><\/table><p>(1) Estimaciones sujetas a coeficientes de variaci\u00f3n superiores al 12%, para Gran Paran\u00e1 y Concordia<\/p><p>__________________<\/p><p><em>Fuente: INDEC, Encuesta Permanente de Hogares.<\/em><\/p>","_et_gb_content_width":"","footnotes":""},"_links":{"self":[{"href":"https:\/\/www.entrerios.gov.ar\/dgec\/wp-json\/wp\/v2\/pages\/210633"}],"collection":[{"href":"https:\/\/www.entrerios.gov.ar\/dgec\/wp-json\/wp\/v2\/pages"}],"about":[{"href":"https:\/\/www.entrerios.gov.ar\/dgec\/wp-json\/wp\/v2\/types\/page"}],"author":[{"embeddable":true,"href":"https:\/\/www.entrerios.gov.ar\/dgec\/wp-json\/wp\/v2\/users\/1"}],"replies":[{"embeddable":true,"href":"https:\/\/www.entrerios.gov.ar\/dgec\/wp-json\/wp\/v2\/comments?post=210633"}],"version-history":[{"count":38,"href":"https:\/\/www.entrerios.gov.ar\/dgec\/wp-json\/wp\/v2\/pages\/210633\/revisions"}],"predecessor-version":[{"id":221421,"href":"https:\/\/www.entrerios.gov.ar\/dgec\/wp-json\/wp\/v2\/pages\/210633\/revisions\/221421"}],"wp:attachment":[{"href":"https:\/\/www.entrerios.gov.ar\/dgec\/wp-json\/wp\/v2\/media?parent=210633"}],"curies":[{"name":"wp","href":"https:\/\/api.w.org\/{rel}","templated":true}]}}