{"id":211723,"date":"2022-02-23T18:06:22","date_gmt":"2022-02-23T15:06:22","guid":{"rendered":"https:\/\/www.entrerios.gov.ar\/dgec\/?page_id=211723"},"modified":"2024-05-22T17:10:38","modified_gmt":"2024-05-22T14:10:38","slug":"cna2018-resultados","status":"publish","type":"page","link":"https:\/\/www.entrerios.gov.ar\/dgec\/cna2018-resultados\/","title":{"rendered":"CNA2018"},"content":{"rendered":"<p>[et_pb_section fb_built=\u00bb1&#8243; admin_label=\u00bbHeader\u00bb _builder_version=\u00bb4.16&#8243; use_background_color_gradient=\u00bbon\u00bb background_color_gradient_direction=\u00bb160deg\u00bb background_color_gradient_stops=\u00bbrgba(253,216,0,0.13) 0%|rgba(255,179,55,0.76) 100%\u00bb background_color_gradient_overlays_image=\u00bbon\u00bb background_color_gradient_start=\u00bbrgba(253,216,0,0.13)\u00bb background_color_gradient_end=\u00bbrgba(255,179,55,0.76)\u00bb background_image=\u00bbhttps:\/\/www.entrerios.gov.ar\/dgec\/wp-content\/uploads\/2022\/02\/wheat-g4b46e07b1_1920.jpg\u00bb custom_padding=\u00bb10vw||0||false|false\u00bb locked=\u00bboff\u00bb global_colors_info=\u00bb{}\u00bb border_radii__hover=\u00bbon||||\u00bb border_radii__hover_enabled=\u00bbon||||\u00bb background_repeat__hover=\u00bbno-repeat\u00bb background_repeat__hover_enabled=\u00bbno-repeat\u00bb da_is_popup=\u00bboff\u00bb da_exit_intent=\u00bboff\u00bb da_has_close=\u00bbon\u00bb da_alt_close=\u00bboff\u00bb da_dark_close=\u00bboff\u00bb da_not_modal=\u00bbon\u00bb da_is_singular=\u00bboff\u00bb da_with_loader=\u00bboff\u00bb da_has_shadow=\u00bbon\u00bb da_disable_devices=\u00bboff|off|off\u00bb][et_pb_row custom_padding_last_edited=\u00bbon|tablet\u00bb _builder_version=\u00bb4.16&#8243; background_image=\u00bbhttps:\/\/www.entrerios.gov.ar\/dgec\/wp-content\/uploads\/2022\/02\/bg_image_01-2x.png\u00bb background_size=\u00bbcontain\u00bb background_position=\u00bbbottom_right\u00bb width=\u00bb100%\u00bb max_width=\u00bb100%\u00bb custom_padding=\u00bb|15vw|16vw|15vw|false|true\u00bb custom_padding_tablet=\u00bb|10vw|24vw|10vw||true\u00bb custom_padding_phone=\u00bb\u00bb box_shadow_style=\u00bbpreset7&#8243; box_shadow_horizontal=\u00bb0px\u00bb box_shadow_vertical=\u00bb-1px\u00bb box_shadow_color=\u00bb#ffffff\u00bb use_custom_width=\u00bbon\u00bb width_unit=\u00bboff\u00bb custom_width_percent=\u00bb100%\u00bb global_colors_info=\u00bb{}\u00bb][et_pb_column type=\u00bb4_4&#8243; _builder_version=\u00bb4.16&#8243; custom_padding=\u00bb|||\u00bb global_colors_info=\u00bb{}\u00bb custom_padding__hover=\u00bb|||\u00bb][et_pb_text _builder_version=\u00bb4.16&#8243; text_font=\u00bb|600|||||||\u00bb text_font_size=\u00bb22px\u00bb text_line_height=\u00bb1.8em\u00bb header_font=\u00bb|200|||||||\u00bb header_font_size=\u00bb7vw\u00bb header_line_height=\u00bb1.1em\u00bb background_layout=\u00bbdark\u00bb max_width=\u00bb80%\u00bb max_width_tablet=\u00bb\u00bb max_width_phone=\u00bb\u00bb max_width_last_edited=\u00bbon|phone\u00bb animation_style=\u00bbfade\u00bb animation_direction=\u00bbtop\u00bb text_font_size_tablet=\u00bb14px\u00bb text_font_size_phone=\u00bb\u00bb text_font_size_last_edited=\u00bbon|phone\u00bb header_font_size_tablet=\u00bb\u00bb header_font_size_phone=\u00bb42px\u00bb header_font_size_last_edited=\u00bbon|phone\u00bb inline_fonts=\u00bbArial,avenirnextltpro-regular\u00bb global_colors_info=\u00bb{}\u00bb]<\/p>\n<h1><strong><span style=\"font-family: avenirnextltpro-regular;\"><span style=\"vertical-align: inherit;\"><span style=\"vertical-align: inherit;\">CNA 2018<\/span><\/span><\/span><\/strong><\/h1>\n<p>[\/et_pb_text][et_pb_text _builder_version=\u00bb4.16&#8243; text_font=\u00bbavenirnextltpro-regular||||||||\u00bb text_font_size=\u00bb22px\u00bb text_line_height=\u00bb1.2em\u00bb header_font=\u00bb|200|||||||\u00bb header_font_size=\u00bb7vw\u00bb header_line_height=\u00bb1.1em\u00bb background_layout=\u00bbdark\u00bb max_width=\u00bb600px\u00bb max_width_last_edited=\u00bboff|tablet\u00bb animation_style=\u00bbfade\u00bb animation_direction=\u00bbtop\u00bb text_font_size_tablet=\u00bb14px\u00bb text_font_size_phone=\u00bb\u00bb text_font_size_last_edited=\u00bbon|phone\u00bb header_font_size_tablet=\u00bb\u00bb header_font_size_phone=\u00bb42px\u00bb header_font_size_last_edited=\u00bbon|phone\u00bb inline_fonts=\u00bbAvenirNextLTPro-light,avenirnextltpro-regular\u00bb global_colors_info=\u00bb{}\u00bb]<\/p>\n<p><span style=\"font-family: avenirnextltpro-regular;\"><span style=\"vertical-align: inherit;\"><span style=\"vertical-align: inherit;\"><span style=\"vertical-align: inherit;\"><span style=\"vertical-align: inherit;\">Resultados del Censo Nacional Agropecuario 2018 (CNA-2018), que proporcionan informaci\u00f3n referida al perfil de las explotaciones agropecuarias (EAP)<\/span><\/span><\/span><\/span><\/span><\/p>\n<p>[\/et_pb_text][\/et_pb_column][\/et_pb_row][\/et_pb_section][et_pb_section fb_built=\u00bb1&#8243; admin_label=\u00bbAbout\u00bb _builder_version=\u00bb4.16&#8243; global_colors_info=\u00bb{}\u00bb da_is_popup=\u00bboff\u00bb da_exit_intent=\u00bboff\u00bb da_has_close=\u00bbon\u00bb da_alt_close=\u00bboff\u00bb da_dark_close=\u00bboff\u00bb da_not_modal=\u00bbon\u00bb da_is_singular=\u00bboff\u00bb da_with_loader=\u00bboff\u00bb da_has_shadow=\u00bbon\u00bb da_disable_devices=\u00bboff|off|off\u00bb][et_pb_row column_structure=\u00bb1_2,1_2&#8243; _builder_version=\u00bb4.16&#8243; width=\u00bb90%\u00bb max_width=\u00bb90%\u00bb module_alignment=\u00bbleft\u00bb use_custom_width=\u00bbon\u00bb width_unit=\u00bboff\u00bb custom_width_percent=\u00bb90%\u00bb global_colors_info=\u00bb{}\u00bb][et_pb_column type=\u00bb1_2&#8243; _builder_version=\u00bb4.16&#8243; custom_padding=\u00bb|||\u00bb global_colors_info=\u00bb{}\u00bb custom_padding__hover=\u00bb|||\u00bb][\/et_pb_column][et_pb_column type=\u00bb1_2&#8243; _builder_version=\u00bb4.16&#8243; custom_padding=\u00bb|||\u00bb custom_padding_tablet=\u00bb|||10vw\u00bb custom_padding_phone=\u00bb|||10vw\u00bb custom_padding_last_edited=\u00bbon|tablet\u00bb global_colors_info=\u00bb{}\u00bb padding_tablet=\u00bb|||10vw\u00bb padding_last_edited=\u00bbon|tablet\u00bb custom_padding__hover=\u00bb|||\u00bb padding_phone=\u00bb|||10vw\u00bb][et_pb_text _builder_version=\u00bb4.16&#8243; header_font=\u00bb||||||||\u00bb header_2_font=\u00bbMukta|300|||||||\u00bb header_2_font_size=\u00bb54px\u00bb header_2_line_height=\u00bb1.3em\u00bb max_width=\u00bb700px\u00bb custom_margin=\u00bb||10px\u00bb animation_style=\u00bbslide\u00bb animation_direction=\u00bbtop\u00bb animation_intensity_slide=\u00bb5%\u00bb hover_enabled=\u00bb0&#8243; header_2_font_size_tablet=\u00bb36px\u00bb header_2_font_size_phone=\u00bb24px\u00bb header_2_font_size_last_edited=\u00bbon|phone\u00bb locked=\u00bboff\u00bb inline_fonts=\u00bbArial,avenirnextltpro-regular\u00bb global_colors_info=\u00bb{}\u00bb sticky_enabled=\u00bb0&#8243;]<\/p>\n<h2><span style=\"font-family: avenirnextltpro-regular; font-weight: normal;\"><span style=\"vertical-align: inherit;\"><span style=\"vertical-align: inherit;\">Resultados<\/span><\/span><\/span><\/h2>\n<p>[\/et_pb_text][et_pb_divider color=\u00bb#2a2a2a\u00bb divider_weight=\u00bb2px\u00bb _builder_version=\u00bb4.16&#8243; max_width=\u00bb50px\u00bb height=\u00bb2px\u00bb animation_style=\u00bbslide\u00bb animation_direction=\u00bbtop\u00bb animation_intensity_slide=\u00bb20%\u00bb locked=\u00bboff\u00bb global_colors_info=\u00bb{}\u00bb][\/et_pb_divider][et_pb_text _builder_version=\u00bb4.16&#8243; text_line_height=\u00bb2em\u00bb max_width=\u00bb700px\u00bb animation_style=\u00bbslide\u00bb animation_direction=\u00bbtop\u00bb animation_intensity_slide=\u00bb5%\u00bb locked=\u00bboff\u00bb inline_fonts=\u00bbArial,avenirnextltpro-regular\u00bb global_colors_info=\u00bb{}\u00bb]<\/p>\n<p><span style=\"font-size: large; font-family: avenirnextltpro-regular; font-weight: normal;\"><span style=\"vertical-align: inherit;\"><span style=\"vertical-align: inherit;\"><span style=\"vertical-align: inherit;\"><span style=\"vertical-align: inherit;\">CNA-18, realizado entre el 15 de septiembre de 2018 y el 31 de marzo de 2019, se busc\u00f3 obtener informaci\u00f3n sobre las caracter\u00edsticas b\u00e1sicas de las actividades agr\u00edcolas, ganaderas, forestales y bioindustriales. Durante m\u00e1s de 6 meses, se relevaron datos sobre las caracter\u00edsticas de las explotaciones agropecuarias y del productor, usos del suelo, pr\u00e1cticas de cultivo, producci\u00f3n animal, infraestructura y maquinaria, residentes y trabajadores permanentes y transitorios.<\/span><\/span><\/span><\/span><\/span><\/p>\n<p>[\/et_pb_text][et_pb_toggle title=\u00bbCapitulo 1&#8243; open_toggle_background_color=\u00bbrgba(0,0,0,0)\u00bb closed_toggle_background_color=\u00bbrgba(0,0,0,0)\u00bb icon_color=\u00bb#a3cf62&#8243; open_icon_color=\u00bb#2D2D2D\u00bb _builder_version=\u00bb4.16&#8243; title_text_color=\u00bb#000000&#8243; title_font=\u00bb|600|||||||\u00bb title_font_size=\u00bb20px\u00bb title_line_height=\u00bb1.2em\u00bb body_font=\u00bb||||||||\u00bb body_line_height=\u00bb1.8em\u00bb custom_margin=\u00bb||0px\u00bb custom_padding=\u00bb|0px||0px||true\u00bb animation_style=\u00bbslide\u00bb animation_direction=\u00bbtop\u00bb animation_intensity_slide=\u00bb1%\u00bb hover_enabled=\u00bb0&#8243; border_width_all=\u00bb0px\u00bb border_color_all=\u00bbrgba(0,0,0,0.06)\u00bb border_width_bottom=\u00bb1px\u00bb locked=\u00bboff\u00bb global_colors_info=\u00bb{}\u00bb sticky_enabled=\u00bb0&#8243;]<\/p>\n<p><span style=\"font-size: medium;\"><a href=\"https:\/\/www.entrerios.gov.ar\/dgec\/wp-content\/uploads\/2022\/02\/C-1-Explotaciones-y-superficies-agropecuarias.xlsx\"><span style=\"font-size: medium;\">Explotaciones y superficies agropecuarias<\/span><\/a><\/span><\/p>\n<p>[\/et_pb_toggle][et_pb_toggle title=\u00bbCapitulo 2&#8243; open_toggle_background_color=\u00bbrgba(0,0,0,0)\u00bb closed_toggle_background_color=\u00bbrgba(0,0,0,0)\u00bb icon_color=\u00bb#a3cf62&#8243; open_icon_color=\u00bb#2D2D2D\u00bb _builder_version=\u00bb4.16&#8243; title_text_color=\u00bb#000000&#8243; title_font=\u00bb|600|||||||\u00bb title_font_size=\u00bb20px\u00bb title_line_height=\u00bb1.2em\u00bb body_line_height=\u00bb1.8em\u00bb custom_margin=\u00bb||0px\u00bb custom_padding=\u00bb|0px||0px||true\u00bb animation_style=\u00bbslide\u00bb animation_direction=\u00bbtop\u00bb animation_intensity_slide=\u00bb1%\u00bb link_option_url=\u00bbhttps:\/\/www.entrerios.gov.ar\/dgec\/wp-content\/uploads\/2022\/02\/C-2-Regimen-de-tenencia-y-uso-de-la-tierra.xls\u00bb hover_enabled=\u00bb0&#8243; border_width_all=\u00bb0px\u00bb border_color_all=\u00bbrgba(0,0,0,0.06)\u00bb border_width_bottom=\u00bb1px\u00bb locked=\u00bboff\u00bb global_colors_info=\u00bb{}\u00bb sticky_enabled=\u00bb0&#8243;]<\/p>\n<p><span style=\"font-size: medium;\"><a href=\"https:\/\/www.entrerios.gov.ar\/dgec\/wp-content\/uploads\/2022\/02\/C-2-Regimen-de-tenencia-y-uso-de-la-tierra.xls\">R\u00e9gimen de tenencia y uso de la tierra<\/a><\/span><\/p>\n<p>[\/et_pb_toggle][et_pb_toggle title=\u00bbCapitulo 3&#8243; open_toggle_background_color=\u00bbrgba(0,0,0,0)\u00bb closed_toggle_background_color=\u00bbrgba(0,0,0,0)\u00bb icon_color=\u00bb#a3cf62&#8243; open_icon_color=\u00bb#2D2D2D\u00bb _builder_version=\u00bb4.16&#8243; title_text_color=\u00bb#000000&#8243; title_font=\u00bb|600|||||||\u00bb title_font_size=\u00bb20px\u00bb title_line_height=\u00bb1.2em\u00bb body_line_height=\u00bb1.8em\u00bb custom_margin=\u00bb||0px\u00bb custom_padding=\u00bb|0px||0px||true\u00bb animation_style=\u00bbslide\u00bb animation_direction=\u00bbtop\u00bb animation_intensity_slide=\u00bb1%\u00bb border_width_all=\u00bb0px\u00bb border_color_all=\u00bbrgba(0,0,0,0.06)\u00bb border_width_bottom=\u00bb1px\u00bb locked=\u00bboff\u00bb global_colors_info=\u00bb{}\u00bb]<\/p>\n<p><span style=\"font-size: medium;\"><\/span><\/p>\n<ul>\n<li><span style=\"font-size: medium;\"><a href=\"https:\/\/www.entrerios.gov.ar\/dgec\/wp-content\/uploads\/2022\/02\/C-3.1-Agricultura.-Superficie-implantada-EAP-y-parcelas.xlsx\">Agricultura: Superfiecie Implantada<\/a><\/span><\/li>\n<li><span style=\"font-size: medium;\"><a href=\"https:\/\/www.entrerios.gov.ar\/dgec\/wp-content\/uploads\/2022\/02\/C-3.2-Agricultura.-Siembra-directa-CNA18.xlsx\">Agricultura: Siembra directa<\/a><\/span><\/li>\n<li><span style=\"font-size: medium;\"><a href=\"https:\/\/www.entrerios.gov.ar\/dgec\/wp-content\/uploads\/2022\/02\/C-3.4-Agricultura.-Tipo-de-semilla-CNA18.xlsx\">Agricultura: Tipo de semilla<\/a><\/span><\/li>\n<li><span style=\"font-size: medium;\"><a href=\"https:\/\/www.entrerios.gov.ar\/dgec\/wp-content\/uploads\/2022\/02\/C-3.5-Agricultura.-Comercializacion-CNA18.xlsx\">Agricultura: Comercializaci\u00f3n<\/a><\/span><\/li>\n<li><span style=\"font-size: medium;\"><a href=\"https:\/\/www.entrerios.gov.ar\/dgec\/wp-content\/uploads\/2022\/02\/C-3.6-Agricultura.-Practicas-organicas-biodinamicas-y-ecologicas-CNA18.xlsx\">Agricultura. Pr\u00e1cticas org\u00e1nicas, biodin\u00e1micas y ecol\u00f3gicas<\/a><\/span><\/li>\n<li><span style=\"font-size: medium;\"><a href=\"https:\/\/www.entrerios.gov.ar\/dgec\/wp-content\/uploads\/2022\/02\/C-3.7-Agricultura.-Motivos-de-no-cosecha-CNA18.xls\">\u00a0Agricultura. Motivos de no cosecha<\/a><\/span><\/li>\n<\/ul>\n<p>&nbsp;<\/p>\n<p>[\/et_pb_toggle][et_pb_toggle title=\u00bbCapitulo 4&#8243; open_toggle_background_color=\u00bbrgba(0,0,0,0)\u00bb closed_toggle_background_color=\u00bbrgba(0,0,0,0)\u00bb icon_color=\u00bb#a3cf62&#8243; open_icon_color=\u00bb#2D2D2D\u00bb _builder_version=\u00bb4.16&#8243; title_text_color=\u00bb#000000&#8243; title_font=\u00bb|600|||||||\u00bb title_font_size=\u00bb20px\u00bb title_line_height=\u00bb1.2em\u00bb body_line_height=\u00bb1.8em\u00bb custom_margin=\u00bb||0px\u00bb custom_padding=\u00bb|0px||0px||true\u00bb animation_style=\u00bbslide\u00bb animation_direction=\u00bbtop\u00bb animation_intensity_slide=\u00bb1%\u00bb border_width_all=\u00bb0px\u00bb border_color_all=\u00bbrgba(0,0,0,0.06)\u00bb border_width_bottom=\u00bb1px\u00bb locked=\u00bboff\u00bb global_colors_info=\u00bb{}\u00bb]<\/p>\n<ul>\n<li><span style=\"font-size: medium;\"><a href=\"https:\/\/www.entrerios.gov.ar\/dgec\/wp-content\/uploads\/2022\/02\/C-4.1-Ganaderia.-Orientaciones-productivas-existencias-y-practicas-de-manejo-CNA18.xlsx\">Ganader\u00eda. Orientaciones productivas, existencias y pr\u00e1cticas de manejo <\/a><\/span><\/li>\n<li><span style=\"font-size: medium;\">\u00a0<a href=\"https:\/\/www.entrerios.gov.ar\/dgec\/wp-content\/uploads\/2022\/02\/C-4.2-Ganaderia.-Comercializacion-CNA18.xls\">Ganader\u00eda. Comercializaci\u00f3n\u00a0<\/a><\/span><\/li>\n<li><span style=\"font-size: medium;\"><a href=\"https:\/\/www.entrerios.gov.ar\/dgec\/wp-content\/uploads\/2022\/02\/C-4.3-Ganaderia.-Razas-CNA18.xlsx\">Ganader\u00eda. Razas\u00a0<\/a><\/span><\/li>\n<\/ul>\n<p>[\/et_pb_toggle][et_pb_toggle title=\u00bbCapitulo 5&#8243; open_toggle_background_color=\u00bbrgba(0,0,0,0)\u00bb closed_toggle_background_color=\u00bbrgba(0,0,0,0)\u00bb icon_color=\u00bb#a3cf62&#8243; open_icon_color=\u00bb#2D2D2D\u00bb _builder_version=\u00bb4.16&#8243; title_text_color=\u00bb#000000&#8243; title_font=\u00bb|600|||||||\u00bb title_font_size=\u00bb20px\u00bb title_line_height=\u00bb1.2em\u00bb body_line_height=\u00bb1.8em\u00bb custom_margin=\u00bb||0px\u00bb custom_padding=\u00bb|0px||0px||true\u00bb animation_style=\u00bbslide\u00bb animation_direction=\u00bbtop\u00bb animation_intensity_slide=\u00bb1%\u00bb border_width_all=\u00bb0px\u00bb border_color_all=\u00bbrgba(0,0,0,0.06)\u00bb border_width_bottom=\u00bb1px\u00bb locked=\u00bboff\u00bb global_colors_info=\u00bb{}\u00bb]<\/p>\n<p><span style=\"font-size: medium;\"><a href=\"https:\/\/www.entrerios.gov.ar\/dgec\/wp-content\/uploads\/2022\/02\/C-5.-Infraestructura-y-maquinaria-CNA18.xlsx\">Infraestructura y maquinaria<\/a><\/span><\/p>\n<p>[\/et_pb_toggle][et_pb_toggle title=\u00bbCapitulo 6&#8243; open_toggle_background_color=\u00bbrgba(0,0,0,0)\u00bb closed_toggle_background_color=\u00bbrgba(0,0,0,0)\u00bb icon_color=\u00bb#a3cf62&#8243; open_icon_color=\u00bb#2D2D2D\u00bb _builder_version=\u00bb4.16&#8243; title_text_color=\u00bb#000000&#8243; title_font=\u00bb|600|||||||\u00bb title_font_size=\u00bb20px\u00bb title_line_height=\u00bb1.2em\u00bb body_line_height=\u00bb1.8em\u00bb custom_margin=\u00bb||0px\u00bb custom_padding=\u00bb|0px||0px||true\u00bb animation_style=\u00bbslide\u00bb animation_direction=\u00bbtop\u00bb animation_intensity_slide=\u00bb1%\u00bb border_width_all=\u00bb0px\u00bb border_color_all=\u00bbrgba(0,0,0,0.06)\u00bb border_width_bottom=\u00bb1px\u00bb locked=\u00bboff\u00bb global_colors_info=\u00bb{}\u00bb]<span style=\"font-size: medium;\"><a href=\"https:\/\/www.entrerios.gov.ar\/dgec\/wp-content\/uploads\/2022\/02\/C-6.-Vivienda-poblacion-y-mano-de-obra-CNA18.xlsx\">Vivienda, poblaci\u00f3n y mano de obra<\/a><\/span>[\/et_pb_toggle][et_pb_toggle title=\u00bbCapitulo 7&#8243; open_toggle_background_color=\u00bbrgba(0,0,0,0)\u00bb closed_toggle_background_color=\u00bbrgba(0,0,0,0)\u00bb icon_color=\u00bb#a3cf62&#8243; open_icon_color=\u00bb#2D2D2D\u00bb _builder_version=\u00bb4.16&#8243; title_text_color=\u00bb#000000&#8243; title_font=\u00bb|600|||||||\u00bb title_font_size=\u00bb20px\u00bb title_line_height=\u00bb1.2em\u00bb body_line_height=\u00bb1.8em\u00bb custom_margin=\u00bb||0px\u00bb custom_padding=\u00bb|0px||0px||true\u00bb animation_style=\u00bbslide\u00bb animation_direction=\u00bbtop\u00bb animation_intensity_slide=\u00bb1%\u00bb border_width_all=\u00bb0px\u00bb border_color_all=\u00bbrgba(0,0,0,0.06)\u00bb border_width_bottom=\u00bb1px\u00bb locked=\u00bboff\u00bb global_colors_info=\u00bb{}\u00bb]<span style=\"font-size: medium;\"><a href=\"https:\/\/www.entrerios.gov.ar\/dgec\/wp-content\/uploads\/2022\/02\/C-7.-Servicios-agropecuarios-CNA18.xlsx\">Servicios agropecuarios<\/a><\/span>[\/et_pb_toggle][\/et_pb_column][\/et_pb_row][\/et_pb_section][et_pb_section fb_built=\u00bb1&#8243; fullwidth=\u00bbon\u00bb _builder_version=\u00bb4.16&#8243; global_colors_info=\u00bb{}\u00bb da_is_popup=\u00bboff\u00bb da_exit_intent=\u00bboff\u00bb da_has_close=\u00bbon\u00bb da_alt_close=\u00bboff\u00bb da_dark_close=\u00bboff\u00bb da_not_modal=\u00bbon\u00bb da_is_singular=\u00bboff\u00bb da_with_loader=\u00bboff\u00bb da_has_shadow=\u00bbon\u00bb da_disable_devices=\u00bboff|off|off\u00bb][et_pb_fullwidth_image title_text=\u00bbplaca_galeria_CNA_resultados_definitivos_600x337&#8243; _builder_version=\u00bb4.16&#8243; _module_preset=\u00bbdefault\u00bb background_color=\u00bb#FFFFFF\u00bb background_enable_image=\u00bboff\u00bb custom_padding=\u00bb200px||0px||false|false\u00bb global_colors_info=\u00bb{}\u00bb][\/et_pb_fullwidth_image][\/et_pb_section]<\/p>\n","protected":false},"excerpt":{"rendered":"<p>CNA 2018Resultados del Censo Nacional Agropecuario 2018 (CNA-2018), que proporcionan informaci\u00f3n referida al perfil de las explotaciones agropecuarias (EAP)ResultadosCNA-18, realizado entre el 15 de septiembre de 2018 y el 31 de marzo de 2019, se busc\u00f3 obtener informaci\u00f3n sobre las caracter\u00edsticas b\u00e1sicas de las actividades agr\u00edcolas, ganaderas, forestales y bioindustriales. Durante m\u00e1s de 6 meses, [&hellip;]<\/p>\n","protected":false},"author":1,"featured_media":0,"parent":0,"menu_order":0,"comment_status":"closed","ping_status":"closed","template":"","meta":{"_et_pb_use_builder":"on","_et_pb_old_content":"","_et_gb_content_width":"","footnotes":""},"_links":{"self":[{"href":"https:\/\/www.entrerios.gov.ar\/dgec\/wp-json\/wp\/v2\/pages\/211723"}],"collection":[{"href":"https:\/\/www.entrerios.gov.ar\/dgec\/wp-json\/wp\/v2\/pages"}],"about":[{"href":"https:\/\/www.entrerios.gov.ar\/dgec\/wp-json\/wp\/v2\/types\/page"}],"author":[{"embeddable":true,"href":"https:\/\/www.entrerios.gov.ar\/dgec\/wp-json\/wp\/v2\/users\/1"}],"replies":[{"embeddable":true,"href":"https:\/\/www.entrerios.gov.ar\/dgec\/wp-json\/wp\/v2\/comments?post=211723"}],"version-history":[{"count":27,"href":"https:\/\/www.entrerios.gov.ar\/dgec\/wp-json\/wp\/v2\/pages\/211723\/revisions"}],"predecessor-version":[{"id":216743,"href":"https:\/\/www.entrerios.gov.ar\/dgec\/wp-json\/wp\/v2\/pages\/211723\/revisions\/216743"}],"wp:attachment":[{"href":"https:\/\/www.entrerios.gov.ar\/dgec\/wp-json\/wp\/v2\/media?parent=211723"}],"curies":[{"name":"wp","href":"https:\/\/api.w.org\/{rel}","templated":true}]}}