{"id":240,"date":"2017-02-15T00:25:53","date_gmt":"2017-02-15T00:25:53","guid":{"rendered":"http:\/\/localhost\/?page_id=240"},"modified":"2024-07-12T14:03:45","modified_gmt":"2024-07-12T11:03:45","slug":"organica","status":"publish","type":"page","link":"https:\/\/www.entrerios.gov.ar\/dgec\/organica\/","title":{"rendered":"Organica"},"content":{"rendered":"<p>[et_pb_section fb_built=\u00bb1&#8243; fullwidth=\u00bbon\u00bb custom_padding_last_edited=\u00bbon|desktop\u00bb admin_label=\u00bbSecci\u00f3n\u00bb module_class=\u00bborganigrama\u00bb _builder_version=\u00bb4.16&#8243; custom_padding_tablet=\u00bb50px|0|50px|0&#8243; custom_padding_phone=\u00bb50px|0|50px|0&#8243; da_disable_devices=\u00bboff|off|off\u00bb transparent_background=\u00bboff\u00bb padding_mobile=\u00bboff\u00bb make_fullwidth=\u00bboff\u00bb use_custom_width=\u00bboff\u00bb width_unit=\u00bbon\u00bb custom_width_px=\u00bb1080px\u00bb custom_width_percent=\u00bb80%\u00bb global_colors_info=\u00bb{}\u00bb da_is_popup=\u00bboff\u00bb da_exit_intent=\u00bboff\u00bb da_has_close=\u00bbon\u00bb da_alt_close=\u00bboff\u00bb da_dark_close=\u00bboff\u00bb da_not_modal=\u00bbon\u00bb da_is_singular=\u00bboff\u00bb da_with_loader=\u00bboff\u00bb da_has_shadow=\u00bbon\u00bb][et_pb_fullwidth_header title=\u00bbORGANIGRAMA\u00bb content_max_width=\u00bbnone\u00bb admin_label=\u00bbT\u00edtulo de anchura completa\u00bb _builder_version=\u00bb4.16&#8243; title_text_color=\u00bb#7b9c41&#8243; title_font_size=\u00bb54px\u00bb content_font_size=\u00bb14px\u00bb background_color=\u00bbrgba(255, 255, 255, 0)\u00bb background_layout=\u00bblight\u00bb hover_enabled=\u00bb0&#8243; button_one_letter_spacing_hover=\u00bb0&#8243; button_two_letter_spacing_hover=\u00bb0&#8243; global_colors_info=\u00bb{}\u00bb button_one_text_size__hover_enabled=\u00bboff\u00bb button_two_text_size__hover_enabled=\u00bboff\u00bb button_one_text_color__hover_enabled=\u00bboff\u00bb button_two_text_color__hover_enabled=\u00bboff\u00bb button_one_border_width__hover_enabled=\u00bboff\u00bb button_two_border_width__hover_enabled=\u00bboff\u00bb button_one_border_color__hover_enabled=\u00bboff\u00bb button_two_border_color__hover_enabled=\u00bboff\u00bb button_one_border_radius__hover_enabled=\u00bboff\u00bb button_two_border_radius__hover_enabled=\u00bboff\u00bb button_one_letter_spacing__hover_enabled=\u00bbon\u00bb button_one_letter_spacing__hover=\u00bb0&#8243; button_two_letter_spacing__hover_enabled=\u00bbon\u00bb button_two_letter_spacing__hover=\u00bb0&#8243; button_one_bg_color__hover_enabled=\u00bboff\u00bb button_two_bg_color__hover_enabled=\u00bboff\u00bb sticky_enabled=\u00bb0&#8243;]&nbsp;<\/p>\n<p>&nbsp;<\/p>\n<p style=\"text-align: justify;\">La org\u00e1nica fue aprobada a trav\u00e9s del decreto N\u00ba 4114 del Ministerio de Econom\u00eda. En ella se establece que la misi\u00f3n de la Direcci\u00f3n es \u201cestructurar y poner en funcionamiento el Sistema Estad\u00edstico Provincial y ejercer la direcci\u00f3n superior de las actividades estad\u00edsticas oficiales que se realicen en el territorio de la Provincia de Entre R\u00edos\u201d.<\/p>\n<p style=\"text-align: justify;\">Su competencia es \u201cplanificar, integrar, normar y coordinar las actividades estad\u00edsticas oficiales que se realicen en la Provincia, de acuerdo con el principio de centralizaci\u00f3n normativa y descentralizaci\u00f3n ejecutiva\u201d. Tambi\u00e9n deber\u00e1 \u201celaborar el programa estad\u00edstico considerando las necesidades de informaci\u00f3n\u201d del Gobierno provincial, el Indec y otras entidades.<\/p>\n<p style=\"text-align: justify;\">Tiene a su vez la tarea de \u201cdirigir y supervisar los censos que ordene realizar el Gobierno provincial o nacional\u201d y \u201cpublicar peri\u00f3dicamente estudios e investigaciones que brinden informaci\u00f3n de inter\u00e9s a los organismos de gobierno, al sector privado y a los ciudadanos\u201d.<\/p>\n<p style=\"text-align: justify;\">Adem\u00e1s puede \u201ccelebrar convenios de car\u00e1cter estad\u00edstico con entidades p\u00fablicas y privadas\u201d y \u201cpromover reuniones y seminarios con la finalidad de incrementar el nivel cient\u00edfico de la actividad estad\u00edstica\u201d.<\/p>\n<p style=\"text-align: justify;\">Asimismo debe \u201chacer cumplir estrictamente el Secreto Estad\u00edstico estipulado en los art\u00edculos 29\u00ba y 30\u00ba de la Ley N\u00ba 8910\u201d.<\/p>\n<p>[\/et_pb_fullwidth_header][et_pb_fullwidth_header content_max_width=\u00bbnone\u00bb admin_label=\u00bbT\u00edtulo de anchura completa\u00bb _builder_version=\u00bb4.16&#8243; title_text_color=\u00bb#7b9c41&#8243; title_font_size=\u00bb54px\u00bb content_font_size=\u00bb14px\u00bb background_color=\u00bbrgba(255, 255, 255, 0)\u00bb background_layout=\u00bblight\u00bb hover_enabled=\u00bb0&#8243; button_one_letter_spacing_hover=\u00bb0&#8243; button_two_letter_spacing_hover=\u00bb0&#8243; global_colors_info=\u00bb{}\u00bb button_one_text_size__hover_enabled=\u00bboff\u00bb button_two_text_size__hover_enabled=\u00bboff\u00bb button_one_text_color__hover_enabled=\u00bboff\u00bb button_two_text_color__hover_enabled=\u00bboff\u00bb button_one_border_width__hover_enabled=\u00bboff\u00bb button_two_border_width__hover_enabled=\u00bboff\u00bb button_one_border_color__hover_enabled=\u00bboff\u00bb button_two_border_color__hover_enabled=\u00bboff\u00bb button_one_border_radius__hover_enabled=\u00bboff\u00bb button_two_border_radius__hover_enabled=\u00bboff\u00bb button_one_letter_spacing__hover_enabled=\u00bbon\u00bb button_one_letter_spacing__hover=\u00bb0&#8243; button_two_letter_spacing__hover_enabled=\u00bbon\u00bb button_two_letter_spacing__hover=\u00bb0&#8243; button_one_bg_color__hover_enabled=\u00bboff\u00bb button_two_bg_color__hover_enabled=\u00bboff\u00bb sticky_enabled=\u00bb0&#8243;][\/et_pb_fullwidth_header][et_pb_fullwidth_code admin_label=\u00bbC\u00f3digo de anchura completa\u00bb _builder_version=\u00bb4.26.0&#8243; hover_enabled=\u00bb0&#8243; global_colors_info=\u00bb{}\u00bb sticky_enabled=\u00bb0&#8243;]<\/p>\n<div class=\"organigrama\" align=\"center\"><!-- [et_pb_line_break_holder] --><\/p>\n<ul><!-- [et_pb_line_break_holder] --><\/p>\n<li> <a href=\"https:\/\/www.entrerios.gov.ar\/minecon\/\">Ministerio de Hacienda y Finanzas<\/a><!-- [et_pb_line_break_holder] -->\n<ul><!-- [et_pb_line_break_holder] --> <\/p>\n<li> <a href=\"https:\/\/www.entrerios.gov.ar\/minecon\/index.php?codigo=2&#038;item=pagina_textos&#038;menu=menu&#038;modulo=&#038;accion=\">Secretaria de Hacienda<\/a><!-- [et_pb_line_break_holder] -->\n<ul><!-- [et_pb_line_break_holder] --> <\/p>\n<li> <a href=\"https:\/\/www.entrerios.gov.ar\/dgec\/director-general\/\">Direcci\u00f3n General de Estad\u00edstica y Censos<\/a><!-- [et_pb_line_break_holder] -->\n<ul><!-- [et_pb_line_break_holder] --> <\/p>\n<li> <a href=\"https:\/\/www.entrerios.gov.ar\/dgec\/director-de-estadistica\/\">Direcci\u00f3n Estad\u00edsticas<\/a><!-- [et_pb_line_break_holder] -->\n<ul><!-- [et_pb_line_break_holder] --> <\/p>\n<li> <a href=\"https:\/\/www.entrerios.gov.ar\/dgec\/departamento-estadisticas-economicas\/\">Dpto Estad\u00edsticas Econ\u00f3micas<\/a> <\/li>\n<p><!-- [et_pb_line_break_holder] --> <\/p>\n<li> <a href=\"https:\/\/www.entrerios.gov.ar\/dgec\/departamento-estadisticas-socio-demograficas\/\">Dpto Estad\u00edstica Sociodemograficas<\/a> <\/li>\n<p><!-- [et_pb_line_break_holder] --> <\/ul>\n<p><!-- [et_pb_line_break_holder] --> <\/li>\n<p><!-- [et_pb_line_break_holder] --> <\/p>\n<li> <a href=\"https:\/\/www.entrerios.gov.ar\/dgec\/director-de-coordinacion\/\">Direcci\u00f3n Coordinador<\/a><!-- [et_pb_line_break_holder] -->\n<ul><!-- [et_pb_line_break_holder] --> <\/p>\n<li> <a href=\"https:\/\/www.entrerios.gov.ar\/dgec\/departamento-cartografia\/\">Dpto cartografia<\/a> <\/li>\n<p><!-- [et_pb_line_break_holder] --> <\/p>\n<li> <a href=\"https:\/\/www.entrerios.gov.ar\/dgec\/departamentos-sistema-informaticos\/\">Dpto sistemas inform\u00e1ticos<\/a> <\/li>\n<p><!-- [et_pb_line_break_holder] --> <\/p>\n<li> <a href=\" https:\/\/www.entrerios.gov.ar\/dgec\/departamento-administracion-y-despacho\/\">Dpto administraci\u00f3n y despacho<\/a> <\/li>\n<p><!-- [et_pb_line_break_holder] --> <\/ul>\n<p><!-- [et_pb_line_break_holder] --> <\/li>\n<p><!-- [et_pb_line_break_holder] --> <\/ul>\n<p><!-- [et_pb_line_break_holder] --> <\/li>\n<p><!-- [et_pb_line_break_holder] --> <\/ul>\n<p><!-- [et_pb_line_break_holder] --> <\/li>\n<p><!-- [et_pb_line_break_holder] --> <\/ul>\n<p><!-- [et_pb_line_break_holder] --><\/li>\n<p><!-- [et_pb_line_break_holder] --><\/div>\n<p>[\/et_pb_fullwidth_code][\/et_pb_section][et_pb_section fb_built=\u00bb1&#8243; custom_padding_last_edited=\u00bbon|desktop\u00bb admin_label=\u00bbSecci\u00f3n\u00bb _builder_version=\u00bb4.16&#8243; custom_padding_tablet=\u00bb50px|0|50px|0&#8243; custom_padding_phone=\u00bb50px|0|50px|0&#8243; da_disable_devices=\u00bboff|off|off\u00bb transparent_background=\u00bboff\u00bb padding_mobile=\u00bboff\u00bb make_fullwidth=\u00bboff\u00bb use_custom_width=\u00bboff\u00bb width_unit=\u00bboff\u00bb custom_width_px=\u00bb1080px\u00bb custom_width_percent=\u00bb80%\u00bb global_colors_info=\u00bb{}\u00bb da_is_popup=\u00bboff\u00bb da_exit_intent=\u00bboff\u00bb da_has_close=\u00bbon\u00bb da_alt_close=\u00bboff\u00bb da_dark_close=\u00bboff\u00bb da_not_modal=\u00bbon\u00bb da_is_singular=\u00bboff\u00bb da_with_loader=\u00bboff\u00bb da_has_shadow=\u00bbon\u00bb][et_pb_row padding_mobile=\u00bboff\u00bb column_padding_mobile=\u00bbon\u00bb admin_label=\u00bbFila\u00bb _builder_version=\u00bb4.16&#8243; background_size=\u00bbinitial\u00bb background_position=\u00bbtop_left\u00bb background_repeat=\u00bbrepeat\u00bb make_fullwidth=\u00bboff\u00bb use_custom_width=\u00bboff\u00bb width_unit=\u00bboff\u00bb custom_width_px=\u00bb1080px\u00bb custom_width_percent=\u00bb80%\u00bb global_colors_info=\u00bb{}\u00bb][et_pb_column type=\u00bb4_4&#8243; _builder_version=\u00bb4.16&#8243; custom_padding=\u00bb|||\u00bb global_colors_info=\u00bb{}\u00bb custom_padding__hover=\u00bb|||\u00bb][et_pb_code _builder_version=\u00bb4.24.2&#8243; _module_preset=\u00bbdefault\u00bb hover_enabled=\u00bb0&#8243; global_colors_info=\u00bb{}\u00bb sticky_enabled=\u00bb0&#8243;][\/et_pb_code][\/et_pb_column][\/et_pb_row][\/et_pb_section]<\/p>\n","protected":false},"excerpt":{"rendered":"<p>&nbsp; &nbsp; La org\u00e1nica fue aprobada a trav\u00e9s del decreto N\u00ba 4114 del Ministerio de Econom\u00eda. En ella se establece que la misi\u00f3n de la Direcci\u00f3n es \u201cestructurar y poner en funcionamiento el Sistema Estad\u00edstico Provincial y ejercer la direcci\u00f3n superior de las actividades estad\u00edsticas oficiales que se realicen en el territorio de la Provincia [&hellip;]<\/p>\n","protected":false},"author":1,"featured_media":0,"parent":0,"menu_order":0,"comment_status":"closed","ping_status":"closed","template":"","meta":{"_et_pb_use_builder":"on","_et_pb_old_content":"","_et_gb_content_width":"","footnotes":""},"_links":{"self":[{"href":"https:\/\/www.entrerios.gov.ar\/dgec\/wp-json\/wp\/v2\/pages\/240"}],"collection":[{"href":"https:\/\/www.entrerios.gov.ar\/dgec\/wp-json\/wp\/v2\/pages"}],"about":[{"href":"https:\/\/www.entrerios.gov.ar\/dgec\/wp-json\/wp\/v2\/types\/page"}],"author":[{"embeddable":true,"href":"https:\/\/www.entrerios.gov.ar\/dgec\/wp-json\/wp\/v2\/users\/1"}],"replies":[{"embeddable":true,"href":"https:\/\/www.entrerios.gov.ar\/dgec\/wp-json\/wp\/v2\/comments?post=240"}],"version-history":[{"count":3,"href":"https:\/\/www.entrerios.gov.ar\/dgec\/wp-json\/wp\/v2\/pages\/240\/revisions"}],"predecessor-version":[{"id":217381,"href":"https:\/\/www.entrerios.gov.ar\/dgec\/wp-json\/wp\/v2\/pages\/240\/revisions\/217381"}],"wp:attachment":[{"href":"https:\/\/www.entrerios.gov.ar\/dgec\/wp-json\/wp\/v2\/media?parent=240"}],"curies":[{"name":"wp","href":"https:\/\/api.w.org\/{rel}","templated":true}]}}