{"id":65,"date":"2017-01-30T01:49:13","date_gmt":"2017-01-30T01:49:13","guid":{"rendered":"http:\/\/localhost\/?page_id=65"},"modified":"2026-04-09T15:49:15","modified_gmt":"2026-04-09T12:49:15","slug":"trabajo","status":"publish","type":"page","link":"https:\/\/www.entrerios.gov.ar\/dgec\/trabajo\/","title":{"rendered":"Trabajo"},"content":{"rendered":"<p>[et_pb_section fb_built=\u00bb1&#8243; _builder_version=\u00bb4.27.4&#8243; custom_padding=\u00bb63px|0px|0px|0px|false|false\u00bb da_disable_devices=\u00bboff|off|off\u00bb global_colors_info=\u00bb{}\u00bb da_is_popup=\u00bboff\u00bb da_exit_intent=\u00bboff\u00bb da_has_close=\u00bbon\u00bb da_alt_close=\u00bboff\u00bb da_dark_close=\u00bboff\u00bb da_not_modal=\u00bbon\u00bb da_is_singular=\u00bboff\u00bb da_with_loader=\u00bboff\u00bb da_has_shadow=\u00bbon\u00bb][et_pb_row column_structure=\u00bb1_2,1_2&#8243; _builder_version=\u00bb4.16&#8243; global_colors_info=\u00bb{}\u00bb][et_pb_column type=\u00bb1_2&#8243; _builder_version=\u00bb4.16&#8243; custom_padding=\u00bb|||\u00bb global_colors_info=\u00bb{}\u00bb custom_padding__hover=\u00bb|||\u00bb][et_pb_text _builder_version=\u00bb4.27.4&#8243; global_colors_info=\u00bb{}\u00bb]<\/p>\n<h1><span style=\"font-family: 'Open Sans'; font-weight: 300;\"><span style=\"font-size: 50px;\">Trabajo<\/span><\/span><\/h1>\n<p>[\/et_pb_text][\/et_pb_column][et_pb_column type=\u00bb1_2&#8243; _builder_version=\u00bb4.16&#8243; custom_padding=\u00bb|||\u00bb global_colors_info=\u00bb{}\u00bb custom_padding__hover=\u00bb|||\u00bb][et_pb_text _builder_version=\u00bb4.27.4&#8243; global_colors_info=\u00bb{}\u00bb]<\/p>\n<p>En esta Secci\u00f3n se divulgan datos del Mercado de Trabajo y sus principales indicadores producidos principalmente a partir de la Encuesta Permanente de Hogares (EPH-INDEC) y otras fuentes secundarias.<\/p>\n<p>[\/et_pb_text][et_pb_divider show_divider=\u00bboff\u00bb _builder_version=\u00bb4.27.4&#8243; _module_preset=\u00bbdefault\u00bb global_colors_info=\u00bb{}\u00bb][\/et_pb_divider][\/et_pb_column][\/et_pb_row][\/et_pb_section][et_pb_section fb_built=\u00bb1&#8243; admin_label=\u00bbsection\u00bb _builder_version=\u00bb4.16&#8243; custom_padding=\u00bb0px|0px|2px|0px\u00bb da_disable_devices=\u00bboff|off|off\u00bb global_colors_info=\u00bb{}\u00bb da_is_popup=\u00bboff\u00bb da_exit_intent=\u00bboff\u00bb da_has_close=\u00bbon\u00bb da_alt_close=\u00bboff\u00bb da_dark_close=\u00bboff\u00bb da_not_modal=\u00bbon\u00bb da_is_singular=\u00bboff\u00bb da_with_loader=\u00bboff\u00bb da_has_shadow=\u00bbon\u00bb][et_pb_row column_structure=\u00bb3_5,2_5&#8243; admin_label=\u00bbrow\u00bb _builder_version=\u00bb4.16&#8243; background_size=\u00bbinitial\u00bb background_position=\u00bbtop_left\u00bb background_repeat=\u00bbrepeat\u00bb global_colors_info=\u00bb{}\u00bb][et_pb_column type=\u00bb3_5&#8243; _builder_version=\u00bb4.16&#8243; custom_padding=\u00bb|||\u00bb global_colors_info=\u00bb{}\u00bb custom_padding__hover=\u00bb|||\u00bb][et_pb_text _builder_version=\u00bb4.27.4&#8243; _module_preset=\u00bbdefault\u00bb global_colors_info=\u00bb{}\u00bb]<\/p>\n<p>Tasas del Mercado de Trabajo. 4<strong>\u00ba Trimestre del 2025<\/strong>. <strong><span style=\"color: #ff0000;\">(\u00daltimo dato)<\/span><\/strong><\/p>\n<p>&nbsp;<\/p>\n<table style=\"border-collapse: collapse; width: 37.1469%; height: 184px;\" border=\"1\">\n<tbody>\n<tr style=\"height: 23px;\">\n<td style=\"width: 14.6473%; height: 23px; text-align: right;\">Tasas (%)<\/td>\n<td style=\"width: 1.4879%; height: 23px; text-align: center;\"><strong>Actividad<\/strong><\/td>\n<td style=\"width: 1.4771%; height: 23px; text-align: center;\"><strong>Empleo<\/strong><\/td>\n<td style=\"width: 1.4771%; height: 23px; text-align: center;\"><strong>Desocupaci\u00f3n<\/strong><\/td>\n<td style=\"width: 3.54964%; height: 23px; text-align: center;\"><strong>Sub-Ocupaci\u00f3n<\/strong><\/td>\n<\/tr>\n<tr style=\"height: 23px;\">\n<td style=\"width: 14.6473%; height: 23px;\">Total 31 Aglomerados Urbanos<\/td>\n<td style=\"width: 1.4879%; height: 23px; text-align: right;\">48,6<\/td>\n<td style=\"width: 1.4771%; height: 23px; text-align: right;\">45,0<\/td>\n<td style=\"width: 1.4771%; height: 23px; text-align: right;\">7,5<\/td>\n<td style=\"width: 3.54964%; height: 23px; text-align: right;\">11,3<\/td>\n<\/tr>\n<tr style=\"height: 23px;\">\n<td style=\"width: 14.6473%; height: 23px;\">Regi\u00f3n Pampeana<\/td>\n<td style=\"width: 1.4879%; height: 23px; text-align: right;\">49,8<\/td>\n<td style=\"width: 1.4771%; height: 23px; text-align: right;\">46,0<\/td>\n<td style=\"width: 1.4771%; height: 23px; text-align: right;\">7,7<\/td>\n<td style=\"width: 3.54964%; height: 23px; text-align: right;\">13,5<\/td>\n<\/tr>\n<tr style=\"height: 23px;\">\n<td style=\"width: 14.6473%; height: 23px;\">Aglomerado Gran Paran\u00e1<\/td>\n<td style=\"width: 1.4879%; height: 23px; text-align: right;\">46,3<\/td>\n<td style=\"width: 1.4771%; height: 23px; text-align: right;\">44,4<\/td>\n<td style=\"width: 1.4771%; height: 23px; text-align: right;\">4,1<\/td>\n<td style=\"width: 3.54964%; height: 23px; text-align: right;\">15,9<\/td>\n<\/tr>\n<tr style=\"height: 23px;\">\n<td style=\"width: 14.6473%; height: 23px;\">Aglomerado Concordia<\/td>\n<td style=\"width: 1.4879%; height: 23px; text-align: right;\">43,1<\/td>\n<td style=\"width: 1.4771%; height: 23px; text-align: right;\">40,7<\/td>\n<td style=\"width: 1.4771%; height: 23px; text-align: right;\">5,6<\/td>\n<td style=\"width: 3.54964%; height: 23px; text-align: right;\">12,4<\/td>\n<\/tr>\n<tr style=\"height: 23px;\">\n<td style=\"width: 22.639%; height: 23px;\" colspan=\"5\"><\/td>\n<\/tr>\n<tr style=\"height: 23px;\">\n<td style=\"width: 22.639%; height: 23px;\" colspan=\"5\">Fuente:<\/td>\n<\/tr>\n<tr style=\"height: 23px;\">\n<td style=\"width: 22.639%; height: 23px;\" colspan=\"5\">INDEC, Encuesta Permanente de Hogares.<\/td>\n<\/tr>\n<\/tbody>\n<\/table>\n<p>[\/et_pb_text][\/et_pb_column][et_pb_column type=\u00bb2_5&#8243; _builder_version=\u00bb4.16&#8243; custom_padding=\u00bb|||\u00bb global_colors_info=\u00bb{}\u00bb custom_padding__hover=\u00bb|||\u00bb][et_pb_text admin_label=\u00bbTexto\u00bb _builder_version=\u00bb4.27.4&#8243; background_size=\u00bbinitial\u00bb background_position=\u00bbtop_left\u00bb background_repeat=\u00bbrepeat\u00bb global_colors_info=\u00bb{}\u00bb]<\/p>\n<hr \/>\n<p><span style=\"font-size: large;\"> <strong><span style=\"color: #2e5f46;\">Comunicados de Prensa con las tasas del mercado de trabajo de cada trimestre de los \u00faltimos a\u00f1os.<\/span><\/strong><\/span><\/p>\n<p>[\/et_pb_text][et_pb_toggle title=\u00bb2025&#8243; _builder_version=\u00bb4.27.4&#8243; _module_preset=\u00bbdefault\u00bb global_colors_info=\u00bb{}\u00bb]<\/p>\n<p>&nbsp;<\/p>\n<table class=\"responsive \">\n<tbody>\n<tr>\n<td align=\"center\" width=\"60\"><img loading=\"lazy\" decoding=\"async\" class=\"size-medium alignnone\" src=\"http:\/\/www.entrerios.gov.ar\/dgec\/wp-content\/uploads\/2017\/01\/logopdf.png\" alt=\"\" width=\"113\" height=\"138\" \/><\/td>\n<td width=\"530\">\n<h4><a href=\"https:\/\/www.entrerios.gov.ar\/dgec\/wp-content\/uploads\/2026\/04\/Comunicado-EPH-4T-2025.pdf\"><span style=\"font-family: 'Open Sans'; font-size: small; font-weight: 300;\">Comunicado EPH 4\u00b0 Trimestre 2025<\/span><\/a><\/h4>\n<\/td>\n<\/tr>\n<tr>\n<td align=\"center\" width=\"60\"><img loading=\"lazy\" decoding=\"async\" class=\"size-medium alignnone\" src=\"http:\/\/www.entrerios.gov.ar\/dgec\/wp-content\/uploads\/2017\/01\/logopdf.png\" alt=\"\" width=\"113\" height=\"138\" \/><\/td>\n<td width=\"530\">\n<h4><a href=\"https:\/\/www.entrerios.gov.ar\/dgec\/wp-content\/uploads\/2026\/04\/Comunicado-EPH-3T-2025.pdf\"><span style=\"font-family: 'Open Sans'; font-size: small; font-weight: 300;\">Comunicado EPH 3\u00b0 Trimestre 2025<\/span><\/a><\/h4>\n<\/td>\n<\/tr>\n<tr>\n<td align=\"center\" width=\"60\"><img loading=\"lazy\" decoding=\"async\" class=\"size-medium alignnone\" src=\"http:\/\/www.entrerios.gov.ar\/dgec\/wp-content\/uploads\/2017\/01\/logopdf.png\" alt=\"\" width=\"113\" height=\"138\" \/><\/td>\n<td width=\"530\">\n<h4><a href=\"https:\/\/www.entrerios.gov.ar\/dgec\/wp-content\/uploads\/2026\/04\/Comunicado-EPH-2T-2025-.pdf\"><span style=\"font-family: 'Open Sans'; font-size: small; font-weight: 300;\">Comunicado EPH 2\u00b0 Trimestre 2025<\/span><\/a><\/h4>\n<\/td>\n<\/tr>\n<tr>\n<td align=\"center\" width=\"60\"><img loading=\"lazy\" decoding=\"async\" class=\"size-medium alignnone\" src=\"http:\/\/www.entrerios.gov.ar\/dgec\/wp-content\/uploads\/2017\/01\/logopdf.png\" alt=\"\" width=\"113\" height=\"138\" \/><\/td>\n<td width=\"530\">\n<h4><a href=\"https:\/\/www.entrerios.gov.ar\/dgec\/wp-content\/uploads\/2025\/06\/Comunicado-EPH-1T-2025.pdf\"><span style=\"font-family: 'Open Sans'; font-size: small; font-weight: 300;\">Comunicado EPH 1\u00b0 Trimestre 2025<\/span><\/a><\/h4>\n<\/td>\n<\/tr>\n<\/tbody>\n<\/table>\n<p>&nbsp;<\/p>\n<p>[\/et_pb_toggle][et_pb_toggle title=\u00bb2024&#8243; _builder_version=\u00bb4.27.4&#8243; _module_preset=\u00bbdefault\u00bb global_colors_info=\u00bb{}\u00bb]<\/p>\n<p>&nbsp;<\/p>\n<table class=\"responsive \">\n<tbody>\n<tr>\n<td align=\"center\" width=\"60\"><img loading=\"lazy\" decoding=\"async\" class=\"size-medium alignnone\" src=\"http:\/\/www.entrerios.gov.ar\/dgec\/wp-content\/uploads\/2017\/01\/logopdf.png\" alt=\"\" width=\"113\" height=\"138\" \/><\/td>\n<td width=\"530\">\n<h4><a href=\"https:\/\/www.entrerios.gov.ar\/dgec\/wp-content\/uploads\/2025\/03\/Comunicado-EPH-4T-2024.pdf\"><span style=\"font-family: 'Open Sans'; font-size: small; font-weight: 300;\">Comunicado EPH 4\u00b0 Trimestre 2024<\/span><\/a><\/h4>\n<\/td>\n<\/tr>\n<tr>\n<td align=\"center\" width=\"60\"><img loading=\"lazy\" decoding=\"async\" class=\"size-medium alignnone\" src=\"http:\/\/www.entrerios.gov.ar\/dgec\/wp-content\/uploads\/2017\/01\/logopdf.png\" alt=\"\" width=\"113\" height=\"138\" \/><\/td>\n<td width=\"530\">\n<h4><a href=\"https:\/\/www.entrerios.gov.ar\/dgec\/wp-content\/uploads\/2025\/01\/Comunicado-EPH-3T-2024.pdf\"><span style=\"font-family: 'Open Sans'; font-size: small; font-weight: 300;\">Comunicado EPH 3\u00b0 Trimestre 2024<\/span><\/a><\/h4>\n<\/td>\n<\/tr>\n<tr>\n<td align=\"center\" width=\"60\"><img loading=\"lazy\" decoding=\"async\" class=\"size-medium alignnone\" src=\"http:\/\/www.entrerios.gov.ar\/dgec\/wp-content\/uploads\/2017\/01\/logopdf.png\" alt=\"\" width=\"113\" height=\"138\" \/><\/td>\n<td width=\"530\">\n<h4><a href=\"https:\/\/www.entrerios.gov.ar\/dgec\/wp-content\/uploads\/2024\/09\/Comunicado-EPH-2T-2024.pdf\"><span style=\"font-family: 'Open Sans'; font-size: small; font-weight: 300;\">Comunicado EPH 2\u00b0 Trimestre 2024<\/span><\/a><\/h4>\n<\/td>\n<\/tr>\n<tr>\n<td align=\"center\" width=\"60\"><img loading=\"lazy\" decoding=\"async\" class=\"size-medium alignnone\" src=\"http:\/\/www.entrerios.gov.ar\/dgec\/wp-content\/uploads\/2017\/01\/logopdf.png\" alt=\"\" width=\"113\" height=\"138\" \/><\/td>\n<td width=\"530\">\n<h4><a href=\"https:\/\/www.entrerios.gov.ar\/dgec\/wp-content\/uploads\/2024\/06\/Comunicado-EPH-1T-2024.pdf\"><span style=\"font-family: 'Open Sans'; font-size: small; font-weight: 300;\">Comunicado EPH 1\u00b0 Trimestre 2024<\/span><\/a><\/h4>\n<\/td>\n<\/tr>\n<\/tbody>\n<\/table>\n<p>&nbsp;<\/p>\n<p>[\/et_pb_toggle][et_pb_toggle title=\u00bb2023&#8243; _builder_version=\u00bb4.27.4&#8243; _module_preset=\u00bbdefault\u00bb global_colors_info=\u00bb{}\u00bb]<\/p>\n<p>&nbsp;<\/p>\n<table class=\"responsive \">\n<tbody>\n<tr>\n<td><img loading=\"lazy\" decoding=\"async\" class=\"size-medium alignnone\" src=\"http:\/\/www.entrerios.gov.ar\/dgec\/wp-content\/uploads\/2017\/01\/logopdf.png\" alt=\"\" width=\"113\" height=\"138\" \/><\/td>\n<td>\n<h4><a href=\"https:\/\/www.entrerios.gov.ar\/dgec\/wp-content\/uploads\/2024\/03\/Comunicado-EPH-4T-2023.pdf\"><span style=\"font-family: 'Open Sans'; font-size: small; font-weight: 300;\">\u00a0<\/span><span style=\"font-family: 'Open Sans'; font-size: small; font-weight: 300;\">Comunicado EPH 4\u00b0 Trimestre 2023<\/span><\/a><\/h4>\n<\/td>\n<\/tr>\n<tr>\n<td align=\"center\" width=\"60\"><img loading=\"lazy\" decoding=\"async\" class=\"size-medium alignnone\" src=\"http:\/\/www.entrerios.gov.ar\/dgec\/wp-content\/uploads\/2017\/01\/logopdf.png\" alt=\"\" width=\"113\" height=\"138\" \/><\/td>\n<td width=\"530\">\n<h4><a href=\"https:\/\/www.entrerios.gov.ar\/dgec\/wp-content\/uploads\/2024\/02\/Comunicado-EPH-3T-2023.pdf\"><span style=\"font-family: 'Open Sans'; font-size: small; font-weight: 300;\">Comunicado EPH 3\u00b0 Trimestre 2023<\/span><\/a><\/h4>\n<\/td>\n<\/tr>\n<tr>\n<td align=\"center\" width=\"60\"><img loading=\"lazy\" decoding=\"async\" class=\"size-medium alignnone\" src=\"http:\/\/www.entrerios.gov.ar\/dgec\/wp-content\/uploads\/2017\/01\/logopdf.png\" alt=\"\" width=\"113\" height=\"138\" \/><\/td>\n<td width=\"530\">\n<h4><a href=\"https:\/\/www.entrerios.gov.ar\/dgec\/wp-content\/uploads\/2023\/09\/Comunicado-EPH-2T-2023.pdf\"><span style=\"font-family: 'Open Sans'; font-size: small; font-weight: 300;\">Comunicado EPH 2\u00b0 Trimestre 2023<\/span><\/a><\/h4>\n<\/td>\n<\/tr>\n<tr>\n<td align=\"center\" width=\"60\"><img loading=\"lazy\" decoding=\"async\" class=\"size-medium alignnone\" src=\"http:\/\/www.entrerios.gov.ar\/dgec\/wp-content\/uploads\/2017\/01\/logopdf.png\" alt=\"\" width=\"113\" height=\"138\" \/><\/td>\n<td width=\"530\">\n<h4><a href=\"https:\/\/www.entrerios.gov.ar\/dgec\/wp-content\/uploads\/2023\/08\/Comunicado-EPH-1T-2023.pdf\"><span style=\"font-family: 'Open Sans'; font-size: small; font-weight: 300;\">Comunicado EPH 1\u00b0 Trimestre 2023<\/span><\/a><\/h4>\n<\/td>\n<\/tr>\n<\/tbody>\n<\/table>\n<p>&nbsp;<\/p>\n<p>[\/et_pb_toggle][et_pb_toggle title=\u00bb2022&#8243; _builder_version=\u00bb4.27.4&#8243; _module_preset=\u00bbdefault\u00bb global_colors_info=\u00bb{}\u00bb]<\/p>\n<p>&nbsp;<\/p>\n<table class=\"responsive \">\n<tbody>\n<tr>\n<td><a href=\"https:\/\/www.entrerios.gov.ar\/dgec\/wp-content\/uploads\/2023\/05\/Comunicado-EPH-4t2022.pdf\"><img loading=\"lazy\" decoding=\"async\" class=\"size-medium alignnone\" src=\"http:\/\/www.entrerios.gov.ar\/dgec\/wp-content\/uploads\/2017\/01\/logopdf.png\" alt=\"\" width=\"113\" height=\"138\" \/><\/a><\/td>\n<td>\n<h4><span style=\"font-family: 'Open Sans'; font-size: small; font-weight: 300;\">\u00a0<\/span><a href=\"https:\/\/www.entrerios.gov.ar\/dgec\/wp-content\/uploads\/2023\/05\/Comunicado-EPH-4t2022.pdf\"><span style=\"font-family: 'Open Sans'; font-size: small; font-weight: 300;\">Comunicado EPH 4\u00b0 Trimestre 2022<\/span><\/a><\/h4>\n<\/td>\n<\/tr>\n<tr>\n<td align=\"center\" width=\"60\"><img loading=\"lazy\" decoding=\"async\" class=\"size-medium alignnone\" src=\"http:\/\/www.entrerios.gov.ar\/dgec\/wp-content\/uploads\/2017\/01\/logopdf.png\" alt=\"\" width=\"113\" height=\"138\" \/><\/td>\n<td width=\"530\">\n<h4><a href=\"https:\/\/www.entrerios.gov.ar\/dgec\/wp-content\/uploads\/2023\/02\/Comunicado-EPH-3T-2022.pdf\"><span style=\"font-family: 'Open Sans'; font-size: small; font-weight: 300;\">Comunicado EPH 3\u00b0 Trimestre 2022<\/span><\/a><\/h4>\n<\/td>\n<\/tr>\n<tr>\n<td align=\"center\" width=\"60\"><img loading=\"lazy\" decoding=\"async\" class=\"size-medium alignnone\" src=\"http:\/\/www.entrerios.gov.ar\/dgec\/wp-content\/uploads\/2017\/01\/logopdf.png\" alt=\"\" width=\"113\" height=\"138\" \/><\/td>\n<td width=\"530\">\n<h4><a href=\"https:\/\/www.entrerios.gov.ar\/dgec\/wp-content\/uploads\/2022\/10\/Comunicado-EPH-2T-2022.pdf\"><span style=\"font-family: 'Open Sans'; font-size: small; font-weight: 300;\">Comunicado EPH 2\u00b0 Trimestre 2022<\/span><\/a><\/h4>\n<\/td>\n<\/tr>\n<tr>\n<td align=\"center\" width=\"60\"><img loading=\"lazy\" decoding=\"async\" class=\"size-medium alignnone\" src=\"http:\/\/www.entrerios.gov.ar\/dgec\/wp-content\/uploads\/2017\/01\/logopdf.png\" alt=\"\" width=\"113\" height=\"138\" \/><\/td>\n<td width=\"530\">\n<h4><a href=\"https:\/\/www.entrerios.gov.ar\/dgec\/wp-content\/uploads\/2022\/07\/Comunicado-tasas1T2022.pdf\"><span style=\"font-family: 'Open Sans'; font-size: small; font-weight: 300;\">Comunicado EPH 1\u00b0 Trimestre 2022<\/span><\/a><\/h4>\n<\/td>\n<\/tr>\n<\/tbody>\n<\/table>\n<p>&nbsp;<\/p>\n<p>[\/et_pb_toggle][et_pb_toggle title=\u00bb2021&#8243; _builder_version=\u00bb4.27.4&#8243; _module_preset=\u00bbdefault\u00bb global_colors_info=\u00bb{}\u00bb]<\/p>\n<p>&nbsp;<\/p>\n<table class=\"responsive \">\n<tbody>\n<tr>\n<td><a href=\"https:\/\/www.entrerios.gov.ar\/dgec\/wp-content\/uploads\/2023\/05\/Comunicado-EPH-4t2022.pdf\"><img loading=\"lazy\" decoding=\"async\" class=\"size-medium alignnone\" src=\"http:\/\/www.entrerios.gov.ar\/dgec\/wp-content\/uploads\/2017\/01\/logopdf.png\" alt=\"\" width=\"113\" height=\"138\" \/><\/a><\/td>\n<td>\n<h4><a href=\"https:\/\/www.entrerios.gov.ar\/dgec\/wp-content\/uploads\/2023\/05\/Comunicado-EPH-4t2022.pdf\"><span style=\"font-family: 'Open Sans'; font-size: small; font-weight: 300;\">Comunicado EPH 4\u00b0 Trimestre 2021<\/span><\/a><\/h4>\n<\/td>\n<\/tr>\n<tr>\n<td align=\"center\" width=\"60\"><img loading=\"lazy\" decoding=\"async\" class=\"size-medium alignnone\" src=\"http:\/\/www.entrerios.gov.ar\/dgec\/wp-content\/uploads\/2017\/01\/logopdf.png\" alt=\"\" width=\"113\" height=\"138\" \/><\/td>\n<td width=\"530\">\n<h4><a href=\"https:\/\/www.entrerios.gov.ar\/dgec\/wp-content\/uploads\/2022\/01\/comunicado3Trimestre2021.pdf\"><span style=\"font-family: 'Open Sans'; font-size: small; font-weight: 300;\">Comunicado EPH 3\u00b0 Trimestre 2021<\/span><\/a><\/h4>\n<\/td>\n<\/tr>\n<tr>\n<td align=\"center\" width=\"60\"><img loading=\"lazy\" decoding=\"async\" class=\"size-medium alignnone\" src=\"http:\/\/www.entrerios.gov.ar\/dgec\/wp-content\/uploads\/2017\/01\/logopdf.png\" alt=\"\" width=\"113\" height=\"138\" \/><\/td>\n<td width=\"530\">\n<h4><a href=\"https:\/\/www.entrerios.gov.ar\/dgec\/wp-content\/uploads\/2022\/01\/Comunicado-2Trimestre-2021.pdf\"><span style=\"font-family: 'Open Sans'; font-size: small; font-weight: 300;\">Comunicado EPH 2\u00b0 Trimestre 2021<\/span><\/a><\/h4>\n<\/td>\n<\/tr>\n<tr>\n<td align=\"center\" width=\"60\"><img loading=\"lazy\" decoding=\"async\" class=\"size-medium alignnone\" src=\"http:\/\/www.entrerios.gov.ar\/dgec\/wp-content\/uploads\/2017\/01\/logopdf.png\" alt=\"\" width=\"113\" height=\"138\" \/><\/td>\n<td width=\"530\">\n<h4><a href=\"https:\/\/www.entrerios.gov.ar\/dgec\/wp-content\/uploads\/2021\/06\/Comunicado-1erTrimestre-2021.pdf\"><span style=\"font-family: 'Open Sans'; font-size: small; font-weight: 300;\">Comunicado EPH 1\u00b0 Trimestre 2021<\/span><\/a><\/h4>\n<\/td>\n<\/tr>\n<\/tbody>\n<\/table>\n<p>&nbsp;<\/p>\n<p>[\/et_pb_toggle][\/et_pb_column][\/et_pb_row][et_pb_row admin_label=\u00bbrow\u00bb _builder_version=\u00bb4.27.4&#8243; background_size=\u00bbinitial\u00bb background_position=\u00bbtop_left\u00bb background_repeat=\u00bbrepeat\u00bb global_colors_info=\u00bb{}\u00bb][et_pb_column type=\u00bb4_4&#8243; _builder_version=\u00bb4.16&#8243; custom_padding=\u00bb|||\u00bb global_colors_info=\u00bb{}\u00bb custom_padding__hover=\u00bb|||\u00bb][et_pb_divider show_divider=\u00bboff\u00bb _builder_version=\u00bb4.27.4&#8243; _module_preset=\u00bbdefault\u00bb global_colors_info=\u00bb{}\u00bb][\/et_pb_divider][\/et_pb_column][\/et_pb_row][\/et_pb_section][et_pb_section fb_built=\u00bb1&#8243; admin_label=\u00bbsection\u00bb _builder_version=\u00bb4.16&#8243; custom_padding=\u00bb0px|0px|69px|0px\u00bb da_disable_devices=\u00bboff|off|off\u00bb global_colors_info=\u00bb{}\u00bb da_is_popup=\u00bboff\u00bb da_exit_intent=\u00bboff\u00bb da_has_close=\u00bbon\u00bb da_alt_close=\u00bboff\u00bb da_dark_close=\u00bboff\u00bb da_not_modal=\u00bbon\u00bb da_is_singular=\u00bboff\u00bb da_with_loader=\u00bboff\u00bb da_has_shadow=\u00bbon\u00bb][et_pb_row admin_label=\u00bbrow\u00bb _builder_version=\u00bb4.16&#8243; background_size=\u00bbinitial\u00bb background_position=\u00bbtop_left\u00bb background_repeat=\u00bbrepeat\u00bb global_colors_info=\u00bb{}\u00bb][et_pb_column type=\u00bb4_4&#8243; _builder_version=\u00bb4.16&#8243; custom_padding=\u00bb|||\u00bb global_colors_info=\u00bb{}\u00bb custom_padding__hover=\u00bb|||\u00bb][et_pb_text admin_label=\u00bbTexto\u00bb _builder_version=\u00bb4.27.4&#8243; background_size=\u00bbinitial\u00bb background_position=\u00bbtop_left\u00bb background_repeat=\u00bbrepeat\u00bb global_colors_info=\u00bb{}\u00bb]<\/p>\n<hr \/>\n<p><span style=\"font-size: large;\"><strong><span style=\"color: #2e5f46;\">Principales Tasas del Mercado Laboral <\/span><\/strong><\/span><\/p>\n<table class=\"responsive \">\n<tbody>\n<tr style=\"height: 62px;\">\n<td style=\"width: 81px; height: 62px;\" align=\"center\"><a href=\"https:\/\/www.entrerios.gov.ar\/dgec\/wp-content\/uploads\/2026\/04\/Serie_Historica_Tasas_Mercado_Laboral_Gran-Parana_4T2025.xlsx\" target=\"_blank\" rel=\"noopener\"><img loading=\"lazy\" decoding=\"async\" class=\"wp-image-413 alignleft\" style=\"background-color: #ffffff; font-size: 12px;\" src=\"http:\/\/www.entrerios.gov.ar\/dgec\/wp-content\/uploads\/2017\/01\/logoxls.png\" alt=\"logopdf\" width=\"40\" height=\"49\" \/><\/a><\/td>\n<td style=\"width: 677px; height: 62px;\">\n<h4 style=\"background-color: #ffffff;\">Serie Hist\u00f3rica Aglomerado Gran Paran\u00e1<\/h4>\n<\/td>\n<\/tr>\n<tr style=\"height: 62px;\">\n<td style=\"width: 81px; height: 62px;\" align=\"center\"><a href=\"https:\/\/www.entrerios.gov.ar\/dgec\/wp-content\/uploads\/2026\/04\/Serie_Historica_Tasas_Mercado_Laboral_Concordia_4T2025.xlsx\" target=\"_blank\" rel=\"noopener\"><img loading=\"lazy\" decoding=\"async\" class=\"wp-image-413 alignleft\" style=\"background-color: #ffffff; font-size: 12px;\" src=\"http:\/\/www.entrerios.gov.ar\/dgec\/wp-content\/uploads\/2017\/01\/logoxls.png\" alt=\"logopdf\" width=\"40\" height=\"49\" \/><\/a><\/td>\n<td style=\"width: 677px; height: 62px;\">\n<h4 style=\"background-color: #ffffff;\">Serie Hist\u00f3rica Aglomerado Concordia<\/h4>\n<\/td>\n<\/tr>\n<tr style=\"height: 62px;\">\n<td style=\"width: 81px; height: 62px;\" align=\"center\"><a href=\"https:\/\/www.entrerios.gov.ar\/dgec\/wp-content\/uploads\/2026\/04\/Serie_Historica_Tasas_Mercado_Laboral_Total-Aglomerados_4T2025.xlsx\" target=\"_blank\" rel=\"noopener\"><img loading=\"lazy\" decoding=\"async\" class=\"wp-image-413 alignleft\" style=\"background-color: #ffffff; font-size: 12px;\" src=\"http:\/\/www.entrerios.gov.ar\/dgec\/wp-content\/uploads\/2017\/01\/logoxls.png\" alt=\"logopdf\" width=\"40\" height=\"49\" \/><\/a><\/td>\n<td style=\"width: 677px; height: 62px;\">\n<h4 style=\"background-color: #ffffff;\">Serie Hist\u00f3rica Regi\u00f3n Pampeana<\/h4>\n<\/td>\n<\/tr>\n<tr style=\"height: 62px;\">\n<td style=\"width: 81px; height: 62px;\" align=\"center\"><a href=\"https:\/\/www.entrerios.gov.ar\/dgec\/wp-content\/uploads\/2026\/02\/Serie_Historica_Tasas_Mercado_Laboral_Total-Aglomerados-1\u00b02025.xlsx\" target=\"_blank\" rel=\"noopener\"><img loading=\"lazy\" decoding=\"async\" class=\"wp-image-413 alignleft\" style=\"background-color: #ffffff; font-size: 12px;\" src=\"http:\/\/www.entrerios.gov.ar\/dgec\/wp-content\/uploads\/2017\/01\/logoxls.png\" alt=\"logopdf\" width=\"40\" height=\"49\" \/><\/a><\/td>\n<td style=\"width: 677px; height: 62px;\">\n<h4 style=\"background-color: #ffffff;\">Serie Hist\u00f3rica 31 Aglomerados<\/h4>\n<\/td>\n<\/tr>\n<\/tbody>\n<\/table>\n<p>[\/et_pb_text][\/et_pb_column][\/et_pb_row][\/et_pb_section][et_pb_section fb_built=\u00bb1&#8243; admin_label=\u00bbsection\u00bb _builder_version=\u00bb4.16&#8243; custom_padding=\u00bb0px|0px|10px|0px\u00bb da_disable_devices=\u00bboff|off|off\u00bb global_colors_info=\u00bb{}\u00bb da_is_popup=\u00bboff\u00bb da_exit_intent=\u00bboff\u00bb da_has_close=\u00bbon\u00bb da_alt_close=\u00bboff\u00bb da_dark_close=\u00bboff\u00bb da_not_modal=\u00bbon\u00bb da_is_singular=\u00bboff\u00bb da_with_loader=\u00bboff\u00bb da_has_shadow=\u00bbon\u00bb][et_pb_row column_structure=\u00bb3_4,1_4&#8243; column_padding_mobile=\u00bbon\u00bb admin_label=\u00bbrow\u00bb _builder_version=\u00bb4.16&#8243; background_size=\u00bbinitial\u00bb background_position=\u00bbtop_left\u00bb background_repeat=\u00bbrepeat\u00bb custom_padding=\u00bb0px|0px|0px|0px\u00bb global_colors_info=\u00bb{}\u00bb][et_pb_column type=\u00bb3_4&#8243; _builder_version=\u00bb4.16&#8243; custom_padding=\u00bb|||\u00bb global_colors_info=\u00bb{}\u00bb custom_padding__hover=\u00bb|||\u00bb][et_pb_text admin_label=\u00bbTexto\u00bb _builder_version=\u00bb4.24.2&#8243; header_font_size=\u00bb50&#8243; background_size=\u00bbinitial\u00bb background_position=\u00bbtop_left\u00bb background_repeat=\u00bbrepeat\u00bb global_colors_info=\u00bb{}\u00bb]<span style=\"font-size: x-large;\">INDICADORES LABORALES<\/span><br \/>\n[\/et_pb_text][et_pb_tabs admin_label=\u00bbPesta\u00f1as\u00bb _builder_version=\u00bb4.27.4&#8243; background_size=\u00bbinitial\u00bb background_position=\u00bbtop_left\u00bb background_repeat=\u00bbrepeat\u00bb custom_css_tabs_controls=\u00bbtd, th : border: transparent; \u00bb global_colors_info=\u00bb{}\u00bb][et_pb_tab title=\u00bb AGLOMERADO GRAN PARAN\u00c1\u00bb _builder_version=\u00bb4.27.4&#8243; body_font=\u00bb||||\u00bb body_line_height=\u00bb2em\u00bb tab_font=\u00bb||||\u00bb tab_line_height=\u00bb2em\u00bb background_size=\u00bbinitial\u00bb background_position=\u00bbtop_left\u00bb background_repeat=\u00bbrepeat\u00bb body_line_height_tablet=\u00bb2em\u00bb body_line_height_phone=\u00bb2em\u00bb tab_line_height_tablet=\u00bb2em\u00bb tab_line_height_phone=\u00bb2em\u00bb inline_fonts=\u00bbOpen Sans Light\u00bb global_colors_info=\u00bb{}\u00bb]<\/p>\n<table class=\"responsive \">\n<tbody>\n<tr>\n<td align=\"center\" width=\"60\"><a href=\"https:\/\/www.entrerios.gov.ar\/dgec\/wp-content\/uploads\/2026\/04\/cifras-trabajo_pna7-IND-SOCIODEMOGRAFICOS.xls\"><img loading=\"lazy\" decoding=\"async\" class=\"wp-image-413 alignleft\" src=\"http:\/\/www.entrerios.gov.ar\/dgec\/wp-content\/uploads\/2017\/01\/logoxls.png\" alt=\"logoxls\" width=\"40\" height=\"49\" \/><\/a><\/td>\n<td width=\"530\">\n<h4><span style=\"font-family: 'Open Sans'; font-size: small; font-weight: 300;\">Tasas b\u00e1sicas: indicadores sociodemogr\u00e1ficos en la poblaci\u00f3n de 14 y m\u00e1s a\u00f1os<\/span><\/h4>\n<\/td>\n<\/tr>\n<tr>\n<td align=\"center\" width=\"60\"><a href=\"https:\/\/www.entrerios.gov.ar\/dgec\/wp-content\/uploads\/2026\/04\/cifras-trabajo_pna5.xlsx\"><img loading=\"lazy\" decoding=\"async\" class=\"wp-image-413 alignleft\" src=\"http:\/\/www.entrerios.gov.ar\/dgec\/wp-content\/uploads\/2017\/01\/logoxls.png\" alt=\"logoxls\" width=\"40\" height=\"49\" \/><\/a><\/td>\n<td width=\"530\">\n<h4><span style=\"font-family: 'Open Sans'; font-size: small; font-weight: 300;\">Tasas b\u00e1sicas: indicadores socioecon\u00f3micos de la poblaci\u00f3n en el total del aglomerado<\/span><\/h4>\n<\/td>\n<\/tr>\n<tr>\n<td align=\"center\" width=\"60\"><a href=\"https:\/\/www.entrerios.gov.ar\/dgec\/wp-content\/uploads\/2026\/04\/cifras-trabajo_pna1-Poblacion-de-referencia-y-evolucion-tasas-del-mercado-laboral.xlsx\"><img loading=\"lazy\" decoding=\"async\" class=\"wp-image-413 alignleft\" src=\"http:\/\/www.entrerios.gov.ar\/dgec\/wp-content\/uploads\/2017\/01\/logoxls.png\" alt=\"logoxls\" width=\"40\" height=\"49\" \/><\/a><\/td>\n<td width=\"530\">\n<h4><span style=\"font-family: 'Open Sans'; font-size: small; font-weight: 300;\">Poblaci\u00f3n de referencia y evoluci\u00f3n de las principales tasas del mercado laboral seg\u00fan trimestre<\/span><\/h4>\n<\/td>\n<\/tr>\n<tr>\n<td align=\"center\" width=\"60\"><a href=\"https:\/\/www.entrerios.gov.ar\/dgec\/wp-content\/uploads\/2026\/04\/cifras-trabajo_pna3-Poblacion-ocupada-asalariada-sin-servicio-domestico.xlsx\"><img loading=\"lazy\" decoding=\"async\" class=\"alignleft wp-image-413\" src=\"http:\/\/www.entrerios.gov.ar\/dgec\/wp-content\/uploads\/2017\/01\/logoxls.png\" alt=\"logoxls\" width=\"40\" height=\"49\" \/><\/a><\/td>\n<td width=\"530\">\n<h4><span style=\"font-family: 'Open Sans'; font-size: small; font-weight: 300;\">Poblaci\u00f3n ocupada asalariada -sin servicio dom\u00e9stico- seg\u00fan cobertura de seguridad social<\/span><\/h4>\n<\/td>\n<\/tr>\n<tr>\n<td align=\"center\" width=\"60\"><a href=\"https:\/\/www.entrerios.gov.ar\/dgec\/wp-content\/uploads\/2026\/04\/cifras-trabajo_pna4-Nivel-educativo-de-la-poblacion-por-condicion-de-actividad.xlsx\"><img loading=\"lazy\" decoding=\"async\" class=\"alignleft wp-image-413\" src=\"http:\/\/www.entrerios.gov.ar\/dgec\/wp-content\/uploads\/2017\/01\/logoxls.png\" alt=\"logoxls\" width=\"40\" height=\"49\" \/><\/a><\/td>\n<td width=\"530\">\n<h4><span style=\"font-family: 'Open Sans'; font-size: small; font-weight: 300;\">Poblaci\u00f3n de 10 a\u00f1os y m\u00e1s por condici\u00f3n de actividad y nivel de instrucci\u00f3n seg\u00fan trimestrel<\/span><\/h4>\n<\/td>\n<\/tr>\n<tr>\n<td align=\"center\" width=\"60\"><a href=\"https:\/\/www.entrerios.gov.ar\/dgec\/wp-content\/uploads\/2026\/02\/cifras-trabajo_pna6-1T.xlsx\"><img loading=\"lazy\" decoding=\"async\" class=\"wp-image-413 alignleft\" src=\"http:\/\/www.entrerios.gov.ar\/dgec\/wp-content\/uploads\/2017\/01\/logoxls.png\" alt=\"logoxls\" width=\"40\" height=\"49\" \/><\/a><\/td>\n<td width=\"530\">\n<h4><span style=\"font-family: 'Open Sans'; font-size: small; font-weight: 300;\">Empleo formal privado principales indicadores laborales<\/span><\/h4>\n<\/td>\n<\/tr>\n<tr>\n<td align=\"center\" width=\"60\"><a href=\"https:\/\/www.entrerios.gov.ar\/dgec\/wp-content\/uploads\/2026\/02\/cifras-trabajo_pna8-1T.xlsx\"><img loading=\"lazy\" decoding=\"async\" class=\"wp-image-413 alignleft\" src=\"http:\/\/www.entrerios.gov.ar\/dgec\/wp-content\/uploads\/2017\/01\/logoxls.png\" alt=\"logoxls\" width=\"40\" height=\"49\" \/><\/a><\/td>\n<td width=\"530\">\n<h4><span style=\"font-family: 'Open Sans'; font-size: small; font-weight: 300;\">Evoluci\u00f3n del empleo formal privado por estrato de tama\u00f1o, rama y sector de actividad<\/span><\/h4>\n<\/td>\n<\/tr>\n<tr>\n<td align=\"center\" width=\"60\"><a href=\"https:\/\/www.entrerios.gov.ar\/dgec\/wp-content\/uploads\/2026\/04\/cifras-trabajo_pna9-Poblacion-ocupada-segun-rama-de-actividad-de-la-ocupacion.xlsx\"><img loading=\"lazy\" decoding=\"async\" class=\"alignleft wp-image-413\" src=\"http:\/\/www.entrerios.gov.ar\/dgec\/wp-content\/uploads\/2017\/01\/logoxls.png\" alt=\"logoxls\" width=\"40\" height=\"49\" \/><\/a><\/td>\n<td width=\"530\">\n<h4><span style=\"font-family: 'Open Sans'; font-size: small; font-weight: 300;\">Poblaci\u00f3n ocupada seg\u00fan rama de actividad de la ocupaci\u00f3n principal.\u00a0<\/span><\/h4>\n<\/td>\n<\/tr>\n<tr>\n<td align=\"center\" width=\"60\"><a href=\"https:\/\/www.entrerios.gov.ar\/dgec\/wp-content\/uploads\/2026\/04\/cifras-trabajo_pna2-Subocupacion-Sobreocupacion.xlsx\"><img loading=\"lazy\" decoding=\"async\" class=\"alignleft wp-image-413\" src=\"http:\/\/www.entrerios.gov.ar\/dgec\/wp-content\/uploads\/2017\/01\/logoxls.png\" alt=\"logoxls\" width=\"40\" height=\"49\" \/><\/a><\/td>\n<td width=\"530\">\n<h4><span style=\"font-family: 'Open Sans'; font-size: small; font-weight: 300;\">Tasas de Subocupaci\u00f3n y Sobreocupaci\u00f3n horaria de la poblaci\u00f3n de 14 a\u00f1os y m\u00e1s.\u00a0<\/span><\/h4>\n<\/td>\n<\/tr>\n<\/tbody>\n<\/table>\n<p>[\/et_pb_tab][et_pb_tab title=\u00bbAGLOMERADO CONCORDIA\u00bb _builder_version=\u00bb4.27.4&#8243; body_font=\u00bb||||\u00bb body_line_height=\u00bb2em\u00bb tab_font=\u00bb||||\u00bb tab_line_height=\u00bb2em\u00bb background_size=\u00bbinitial\u00bb background_position=\u00bbtop_left\u00bb background_repeat=\u00bbrepeat\u00bb body_line_height_tablet=\u00bb2em\u00bb body_line_height_phone=\u00bb2em\u00bb tab_line_height_tablet=\u00bb2em\u00bb tab_line_height_phone=\u00bb2em\u00bb inline_fonts=\u00bbOpen Sans Light\u00bb global_colors_info=\u00bb{}\u00bb]<\/p>\n<table class=\"responsive \">\n<tbody>\n<tr>\n<td align=\"center\" width=\"60\"><a href=\"https:\/\/www.entrerios.gov.ar\/dgec\/wp-content\/uploads\/2026\/04\/cifras-trabajo_cdia7-IND-SOCIODEMOGRAFICOS.xls\"><img loading=\"lazy\" decoding=\"async\" class=\"wp-image-413 alignleft\" src=\"http:\/\/www.entrerios.gov.ar\/dgec\/wp-content\/uploads\/2017\/01\/logoxls.png\" alt=\"logoxls\" width=\"40\" height=\"49\" \/><\/a><\/td>\n<td width=\"530\">\n<h4><span style=\"font-family: 'Open Sans'; font-size: small; font-weight: 300;\">Tasas b\u00e1sicas: indicadores sociodemogr\u00e1ficos en la poblaci\u00f3n de 14 y m\u00e1s a\u00f1os<\/span><\/h4>\n<\/td>\n<\/tr>\n<tr>\n<td align=\"center\" width=\"60\"><a href=\"https:\/\/www.entrerios.gov.ar\/dgec\/wp-content\/uploads\/2026\/04\/cifras-trabajo_cdia5.xlsx\"><img loading=\"lazy\" decoding=\"async\" class=\"wp-image-413 alignleft\" src=\"http:\/\/www.entrerios.gov.ar\/dgec\/wp-content\/uploads\/2017\/01\/logoxls.png\" alt=\"logoxls\" width=\"40\" height=\"49\" \/><\/a><\/td>\n<td width=\"530\">\n<h4><span style=\"font-family: 'Open Sans'; font-size: small; font-weight: 300;\">Tasas b\u00e1sicas: indicadores socioecon\u00f3micos de la poblaci\u00f3n en el total del aglomerado<\/span><\/h4>\n<\/td>\n<\/tr>\n<tr>\n<td align=\"center\" width=\"60\"><a href=\"https:\/\/www.entrerios.gov.ar\/dgec\/wp-content\/uploads\/2026\/04\/cifras-trabajo_cdia1-Poblacion-de-referencia-y-evolucion-tasas-del-mercado-laboral.xlsx\"><img loading=\"lazy\" decoding=\"async\" class=\"wp-image-413 alignleft\" src=\"http:\/\/www.entrerios.gov.ar\/dgec\/wp-content\/uploads\/2017\/01\/logoxls.png\" alt=\"logoxls\" width=\"40\" height=\"49\" \/><\/a><\/td>\n<td width=\"530\">\n<h4><span style=\"font-family: 'Open Sans'; font-size: small; font-weight: 300;\">Poblaci\u00f3n de referencia y evoluci\u00f3n de las principales tasas del mercado laboral seg\u00fan trimestre<\/span><\/h4>\n<\/td>\n<\/tr>\n<tr>\n<td align=\"center\" width=\"60\"><a href=\"https:\/\/www.entrerios.gov.ar\/dgec\/wp-content\/uploads\/2026\/04\/cifras-trabajo_cdia4-Nivel-educativo-de-la-poblacion-por-condicion-de-actividad.xlsx\"><img loading=\"lazy\" decoding=\"async\" class=\"alignleft wp-image-413\" src=\"http:\/\/www.entrerios.gov.ar\/dgec\/wp-content\/uploads\/2017\/01\/logoxls.png\" alt=\"logoxls\" width=\"40\" height=\"49\" \/><\/a><\/td>\n<td width=\"530\">\n<h4><span style=\"font-family: 'Open Sans'; font-size: small; font-weight: 300;\">Poblaci\u00f3n de 10 a\u00f1os y m\u00e1s por condici\u00f3n de actividad y nivel de instrucci\u00f3n seg\u00fan trimestre<\/span><\/h4>\n<\/td>\n<\/tr>\n<tr>\n<td align=\"center\" width=\"60\"><a href=\"https:\/\/www.entrerios.gov.ar\/dgec\/wp-content\/uploads\/2026\/04\/cifras-trabajo_cdia3-Poblacion-ocupada-asalariada-sin-servicio-domestico.xlsx\"><img loading=\"lazy\" decoding=\"async\" class=\"alignleft wp-image-413\" src=\"http:\/\/www.entrerios.gov.ar\/dgec\/wp-content\/uploads\/2017\/01\/logoxls.png\" alt=\"logoxls\" width=\"40\" height=\"49\" \/><\/a><\/td>\n<td width=\"530\">\n<h4><span style=\"font-family: 'Open Sans'; font-size: small; font-weight: 300;\">Poblaci\u00f3n ocupada asalariada -sin servicio dom\u00e9stico- seg\u00fan cobertura de seguridad social<\/span><\/h4>\n<\/td>\n<\/tr>\n<tr>\n<td align=\"center\" width=\"60\"><a href=\"https:\/\/www.entrerios.gov.ar\/dgec\/wp-content\/uploads\/2026\/04\/cifras-trabajo_cdia9-Poblacion-ocupada-segun-rama-de-actividad-de-la-ocupacion.xlsx\"><img loading=\"lazy\" decoding=\"async\" class=\"alignleft wp-image-413\" src=\"http:\/\/www.entrerios.gov.ar\/dgec\/wp-content\/uploads\/2017\/01\/logoxls.png\" alt=\"logoxls\" width=\"40\" height=\"49\" \/><\/a><\/td>\n<td width=\"530\">\n<h4><span style=\"font-family: 'Open Sans'; font-size: small; font-weight: 300;\">Poblaci\u00f3n ocupada seg\u00fan rama de actividad de la ocupaci\u00f3n principal.\u00a0<\/span><\/h4>\n<\/td>\n<\/tr>\n<tr>\n<td align=\"center\" width=\"60\"><a href=\"https:\/\/www.entrerios.gov.ar\/dgec\/wp-content\/uploads\/2026\/04\/cifras-trabajo_cdia2-Subocupacion-Sobreocupacion.xlsx\"><img loading=\"lazy\" decoding=\"async\" class=\"alignleft wp-image-413\" src=\"http:\/\/www.entrerios.gov.ar\/dgec\/wp-content\/uploads\/2017\/01\/logoxls.png\" alt=\"logoxls\" width=\"40\" height=\"49\" \/><\/a><\/td>\n<td width=\"530\">\n<h4><span style=\"font-family: 'Open Sans'; font-size: small; font-weight: 300;\">Tasas de Subocupaci\u00f3n y Sobreocupaci\u00f3n horaria de la poblaci\u00f3n de 14 a\u00f1os y m\u00e1s.\u00a0<\/span><\/h4>\n<\/td>\n<\/tr>\n<\/tbody>\n<\/table>\n<p>[\/et_pb_tab][et_pb_tab title=\u00bbPROVINCIA DE ENTRE R\u00cdOS\u00bb _builder_version=\u00bb4.27.4&#8243; body_font=\u00bb||||\u00bb body_line_height=\u00bb2em\u00bb tab_font=\u00bb||||\u00bb tab_line_height=\u00bb2em\u00bb background_size=\u00bbinitial\u00bb background_position=\u00bbtop_left\u00bb background_repeat=\u00bbrepeat\u00bb body_line_height_tablet=\u00bb2em\u00bb body_line_height_phone=\u00bb2em\u00bb tab_line_height_tablet=\u00bb2em\u00bb tab_line_height_phone=\u00bb2em\u00bb inline_fonts=\u00bbOpen Sans Light\u00bb global_colors_info=\u00bb{}\u00bb]<\/p>\n<table class=\"responsive \">\n<tbody>\n<tr>\n<td align=\"center\" width=\"60\"><a href=\"https:\/\/www.entrerios.gov.ar\/dgec\/wp-content\/uploads\/2025\/07\/ER-Indicadores-sociodemografico3Trim-2024.xlsx\"><img loading=\"lazy\" decoding=\"async\" class=\"wp-image-413 alignleft\" src=\"http:\/\/www.entrerios.gov.ar\/dgec\/wp-content\/uploads\/2017\/01\/logoxls.png\" alt=\"logoxls\" width=\"40\" height=\"49\" \/><\/a><\/td>\n<td width=\"530\">\n<h4><span style=\"font-family: 'Open Sans'; font-size: small; font-weight: 300;\">Entre R\u00edos. Indicadores sociodemogr\u00e1ficos de la poblaci\u00f3n de 14 a\u00f1os y m\u00e1s 3\u00b0 Trimestre 2024.<\/span><\/h4>\n<\/td>\n<\/tr>\n<tr>\n<td align=\"center\" width=\"60\"><a href=\"https:\/\/www.entrerios.gov.ar\/dgec\/wp-content\/uploads\/2025\/07\/ER-Indicadores-Socioeconomicos-3Trim-2024.xlsx\"><img loading=\"lazy\" decoding=\"async\" class=\"wp-image-413 alignleft\" src=\"http:\/\/www.entrerios.gov.ar\/dgec\/wp-content\/uploads\/2017\/01\/logoxls.png\" alt=\"logoxls\" width=\"40\" height=\"49\" \/><\/a><\/td>\n<td width=\"530\">\n<h4><span style=\"font-family: 'Open Sans'; font-size: small; font-weight: 300;\">Entre R\u00edos. Indicadores socioecon\u00f3micos de la poblaci\u00f3n de 14 a\u00f1os y m\u00e1s 3\u00b0 Trimestre 2024.<\/span><\/h4>\n<\/td>\n<\/tr>\n<tr>\n<td align=\"center\" width=\"60\"><a href=\"https:\/\/www.entrerios.gov.ar\/dgec\/wp-content\/uploads\/2025\/02\/EPH-RUP-Poblacion-de-Referencia_2016-2024.xlsx\"><img loading=\"lazy\" decoding=\"async\" class=\"wp-image-413 alignleft\" src=\"http:\/\/www.entrerios.gov.ar\/dgec\/wp-content\/uploads\/2017\/01\/logoxls.png\" alt=\"logoxls\" width=\"40\" height=\"49\" \/><\/a><\/td>\n<td width=\"530\">\n<h4><span style=\"font-family: 'Open Sans'; font-size: small; font-weight: 300;\">Poblaci\u00f3n de referencia y evoluci\u00f3n de las principales tasas del mercado laboral seg\u00fan trimestre<\/span><\/h4>\n<\/td>\n<\/tr>\n<tr>\n<td align=\"center\" width=\"60\"><a href=\"https:\/\/www.entrerios.gov.ar\/dgec\/wp-content\/uploads\/2023\/08\/cifras_trabajo_er_1.xlsx\"><img loading=\"lazy\" decoding=\"async\" class=\"wp-image-413 alignleft\" src=\"http:\/\/www.entrerios.gov.ar\/dgec\/wp-content\/uploads\/2017\/01\/logoxls.png\" alt=\"logoxls\" width=\"40\" height=\"49\" \/><\/a><\/td>\n<td width=\"530\">\n<h4><span style=\"font-family: 'Open Sans'; font-size: small; font-weight: 300;\">Poblaci\u00f3n ocupada asalariada (sin servicio dom\u00e9stico) seg\u00fan cobertura de seguridad social<\/span><\/h4>\n<\/td>\n<\/tr>\n<\/tbody>\n<\/table>\n<p>[\/et_pb_tab][\/et_pb_tabs][\/et_pb_column][et_pb_column type=\u00bb1_4&#8243; _builder_version=\u00bb4.16&#8243; custom_padding=\u00bb|||\u00bb global_colors_info=\u00bb{}\u00bb custom_padding__hover=\u00bb|||\u00bb][et_pb_divider show_divider=\u00bboff\u00bb disabled_on=\u00bbon|on|off\u00bb admin_label=\u00bbSeparador\u00bb _builder_version=\u00bb4.16&#8243; height=\u00bb10px\u00bb global_colors_info=\u00bb{}\u00bb][\/et_pb_divider][et_pb_divider show_divider=\u00bboff\u00bb disabled_on=\u00bbon|on|off\u00bb admin_label=\u00bbSeparador\u00bb _builder_version=\u00bb4.16&#8243; height=\u00bb10px\u00bb global_colors_info=\u00bb{}\u00bb][\/et_pb_divider][et_pb_divider show_divider=\u00bboff\u00bb disabled_on=\u00bbon|on|off\u00bb admin_label=\u00bbSeparador\u00bb _builder_version=\u00bb4.16&#8243; height=\u00bb10px\u00bb global_colors_info=\u00bb{}\u00bb][\/et_pb_divider][et_pb_text admin_label=\u00bbTexto\u00bb _builder_version=\u00bb4.25.1&#8243; header_font_size=\u00bb40px\u00bb background_size=\u00bbinitial\u00bb background_position=\u00bbtop_left\u00bb background_repeat=\u00bbrepeat\u00bb global_colors_info=\u00bb{}\u00bb]<\/p>\n<h4><a href=\"https:\/\/www.entrerios.gov.ar\/dgec\/wp-content\/uploads\/2024\/05\/Antecedentes-y-resena-historica-de-la-EPH-1.pdf\"><img loading=\"lazy\" decoding=\"async\" class=\"wp-image-413 alignleft\" src=\"https:\/\/www.entrerios.gov.ar\/dgec\/wp-content\/uploads\/2017\/01\/logopdf.png\" alt=\"\" width=\"40\" height=\"49\" \/><\/a><span style=\"font-family: 'Open Sans'; font-size: small; font-weight: 300;\">Antecedentes y rese\u00f1a hist\u00f3rica de la EPH<\/span><\/h4>\n<p>[\/et_pb_text][et_pb_text admin_label=\u00bbTexto\u00bb _builder_version=\u00bb4.16&#8243; header_font_size=\u00bb40px\u00bb background_size=\u00bbinitial\u00bb background_position=\u00bbtop_left\u00bb background_repeat=\u00bbrepeat\u00bb global_colors_info=\u00bb{}\u00bb]<\/p>\n<h4><a href=\"http:\/\/www.entrerios.gov.ar\/dgec\/wp-content\/uploads\/2017\/04\/Metodologia_EPHContinua.pdf\"><img loading=\"lazy\" decoding=\"async\" class=\"wp-image-413 alignleft\" src=\"https:\/\/www.entrerios.gov.ar\/dgec\/wp-content\/uploads\/2017\/01\/logopdf.png\" alt=\"\" width=\"40\" height=\"49\" \/><\/a><span style=\"font-family: 'Open Sans'; font-size: small; font-weight: 300;\">Metodolog\u00eda de la Encuesta Permanente de Hogares<\/span><\/h4>\n<p>[\/et_pb_text][et_pb_text admin_label=\u00bbTexto\u00bb _builder_version=\u00bb4.16&#8243; header_font_size=\u00bb40px\u00bb background_size=\u00bbinitial\u00bb background_position=\u00bbtop_left\u00bb background_repeat=\u00bbrepeat\u00bb global_colors_info=\u00bb{}\u00bb]<\/p>\n<h4><a href=\"https:\/\/www.entrerios.gov.ar\/dgec\/wp-content\/uploads\/2020\/09\/Nota.pdf\"><img loading=\"lazy\" decoding=\"async\" class=\"wp-image-413 alignleft\" src=\"https:\/\/www.entrerios.gov.ar\/dgec\/wp-content\/uploads\/2017\/01\/logopdf.png\" alt=\"\" width=\"40\" height=\"49\" \/><\/a><span style=\"font-family: 'Open Sans'; font-size: small; font-weight: 300;\">Cambios Metodol\u00f3gicos en el contexto de la Pandemia por COVID-19<\/span><\/h4>\n<p>[\/et_pb_text][et_pb_text admin_label=\u00bbTexto\u00bb _builder_version=\u00bb4.16&#8243; header_font_size=\u00bb40px\u00bb background_size=\u00bbinitial\u00bb background_position=\u00bbtop_left\u00bb background_repeat=\u00bbrepeat\u00bb global_colors_info=\u00bb{}\u00bb]<\/p>\n<h4><a href=\"http:\/\/www.entrerios.gov.ar\/dgec\/wp-content\/uploads\/2017\/04\/definiciones.pdf\"><img loading=\"lazy\" decoding=\"async\" class=\"wp-image-413 alignleft\" src=\"https:\/\/www.entrerios.gov.ar\/dgec\/wp-content\/uploads\/2017\/01\/logopdf.png\" alt=\"\" width=\"40\" height=\"49\" \/><\/a><span style=\"font-family: 'Open Sans'; font-size: small; font-weight: 300;\">Definiciones b\u00e1sicas<\/span><\/h4>\n<p>[\/et_pb_text][\/et_pb_column][\/et_pb_row][et_pb_row _builder_version=\u00bb4.25.1&#8243; _module_preset=\u00bbdefault\u00bb global_colors_info=\u00bb{}\u00bb][et_pb_column type=\u00bb4_4&#8243; _builder_version=\u00bb4.25.1&#8243; _module_preset=\u00bbdefault\u00bb global_colors_info=\u00bb{}\u00bb][et_pb_divider show_divider=\u00bboff\u00bb _builder_version=\u00bb4.25.1&#8243; _module_preset=\u00bbdefault\u00bb global_colors_info=\u00bb{}\u00bb][\/et_pb_divider][\/et_pb_column][\/et_pb_row][\/et_pb_section][et_pb_section fb_built=\u00bb1&#8243; custom_padding_last_edited=\u00bbon|desktop\u00bb admin_label=\u00bbsection\u00bb _builder_version=\u00bb4.16&#8243; custom_padding=\u00bb14px|0px|8px|0px\u00bb custom_padding_tablet=\u00bb50px|0|50px|0&#8243; custom_padding_phone=\u00bb\u00bb da_disable_devices=\u00bboff|off|off\u00bb padding_mobile=\u00bboff\u00bb global_colors_info=\u00bb{}\u00bb da_is_popup=\u00bboff\u00bb da_exit_intent=\u00bboff\u00bb da_has_close=\u00bbon\u00bb da_alt_close=\u00bboff\u00bb da_dark_close=\u00bboff\u00bb da_not_modal=\u00bbon\u00bb da_is_singular=\u00bboff\u00bb da_with_loader=\u00bboff\u00bb da_has_shadow=\u00bbon\u00bb][et_pb_row padding_mobile=\u00bboff\u00bb column_padding_mobile=\u00bbon\u00bb admin_label=\u00bbrow\u00bb _builder_version=\u00bb4.16&#8243; background_size=\u00bbinitial\u00bb background_position=\u00bbtop_left\u00bb background_repeat=\u00bbrepeat\u00bb global_colors_info=\u00bb{}\u00bb][et_pb_column type=\u00bb4_4&#8243; _builder_version=\u00bb4.16&#8243; custom_padding=\u00bb|||\u00bb global_colors_info=\u00bb{}\u00bb custom_padding__hover=\u00bb|||\u00bb][et_pb_text admin_label=\u00bbTexto\u00bb _builder_version=\u00bb4.27.4&#8243; header_font_size=\u00bb50px\u00bb background_size=\u00bbinitial\u00bb background_position=\u00bbtop_left\u00bb background_repeat=\u00bbrepeat\u00bb global_colors_info=\u00bb{}\u00bb]<\/p>\n<h3><strong>TABULADOS B\u00c1SICOS CON INDICADORES LABORALES PROCESADOS (a partir del 2\u00ba Trimestre del 2016)<\/strong><\/h3>\n<p>[\/et_pb_text][\/et_pb_column][\/et_pb_row][et_pb_row column_structure=\u00bb1_2,1_2&#8243; _builder_version=\u00bb4.24.2&#8243; _module_preset=\u00bbdefault\u00bb global_colors_info=\u00bb{}\u00bb][et_pb_column type=\u00bb1_2&#8243; _builder_version=\u00bb4.24.2&#8243; _module_preset=\u00bbdefault\u00bb global_colors_info=\u00bb{}\u00bb][et_pb_divider show_divider=\u00bboff\u00bb _builder_version=\u00bb4.27.4&#8243; _module_preset=\u00bbdefault\u00bb global_colors_info=\u00bb{}\u00bb][\/et_pb_divider][et_pb_text _builder_version=\u00bb4.27.4&#8243; _module_preset=\u00bbdefault\u00bb global_colors_info=\u00bb{}\u00bb]<\/p>\n<h3>TABULADOS DEL GRAN PARAN\u00c1<\/h3>\n<p>[\/et_pb_text][et_pb_divider _builder_version=\u00bb4.24.2&#8243; _module_preset=\u00bbdefault\u00bb global_colors_info=\u00bb{}\u00bb][\/et_pb_divider][et_pb_toggle title=\u00bb2025&#8243; _builder_version=\u00bb4.27.4&#8243; _module_preset=\u00bbdefault\u00bb hover_enabled=\u00bb0&#8243; global_colors_info=\u00bb{}\u00bb sticky_enabled=\u00bb0&#8243;]<\/p>\n<table class=\"responsive \">\n<tbody>\n<tr>\n<td align=\"center\" width=\"60\"><a href=\"https:\/\/www.entrerios.gov.ar\/dgec\/wp-content\/uploads\/2025\/10\/Tabulados-Gran-Parana-2T-2025.zip\"><img loading=\"lazy\" decoding=\"async\" class=\"alignnone wp-image-412\" src=\"http:\/\/www.entrerios.gov.ar\/dgec\/wp-content\/uploads\/2017\/01\/logoxls.png\" alt=\"\" width=\"40\" height=\"49\" \/><\/a><\/td>\n<td width=\"530\">\n<h4><span style=\"font-family: 'Open Sans'; font-size: small; font-weight: 300;\">Trimestre II 2025<\/span><\/h4>\n<\/td>\n<\/tr>\n<tr>\n<td align=\"center\" width=\"60\"><a href=\"https:\/\/www.entrerios.gov.ar\/dgec\/wp-content\/uploads\/2025\/06\/tabulados_1T-2025-Gran-Parana.zip\"><img loading=\"lazy\" decoding=\"async\" class=\"alignnone wp-image-412\" src=\"http:\/\/www.entrerios.gov.ar\/dgec\/wp-content\/uploads\/2017\/01\/logoxls.png\" alt=\"\" width=\"40\" height=\"49\" \/><\/a><\/td>\n<td width=\"530\">\n<h4><span style=\"font-family: 'Open Sans'; font-size: small; font-weight: 300;\">Trimestre I 2025<\/span><\/h4>\n<\/td>\n<\/tr>\n<\/tbody>\n<\/table>\n<p>[\/et_pb_toggle][et_pb_toggle title=\u00bb2024&#8243; _builder_version=\u00bb4.27.4&#8243; _module_preset=\u00bbdefault\u00bb global_colors_info=\u00bb{}\u00bb]<\/p>\n<table class=\"responsive \">\n<tbody>\n<tr>\n<td align=\"center\" width=\"60\"><a href=\"https:\/\/www.entrerios.gov.ar\/dgec\/wp-content\/uploads\/2025\/04\/Tabulados_4T_2024_-Gran-Parana.zip\"><img loading=\"lazy\" decoding=\"async\" class=\"alignnone wp-image-412\" src=\"http:\/\/www.entrerios.gov.ar\/dgec\/wp-content\/uploads\/2017\/01\/logoxls.png\" alt=\"\" width=\"40\" height=\"49\" \/><\/a><\/td>\n<td width=\"530\">\n<h4><span style=\"font-family: 'Open Sans'; font-size: small; font-weight: 300;\">Trimestre IV 2024<\/span><\/h4>\n<\/td>\n<\/tr>\n<tr>\n<td align=\"center\" width=\"60\"><a href=\"https:\/\/www.entrerios.gov.ar\/dgec\/wp-content\/uploads\/2025\/02\/Tabulados-GRAN-PARANA_-3-Trimestre-2024.zip\"><img loading=\"lazy\" decoding=\"async\" class=\"alignnone wp-image-412\" src=\"http:\/\/www.entrerios.gov.ar\/dgec\/wp-content\/uploads\/2017\/01\/logoxls.png\" alt=\"\" width=\"40\" height=\"49\" \/><\/a><\/td>\n<td width=\"530\">\n<h4><span style=\"font-family: 'Open Sans'; font-size: small; font-weight: 300;\">Trimestre III 2024<\/span><\/h4>\n<\/td>\n<\/tr>\n<tr>\n<td align=\"center\" width=\"60\"><a href=\"https:\/\/www.entrerios.gov.ar\/dgec\/wp-content\/uploads\/2024\/09\/Tabulados_Gran_Parana_2T_2024.zip\"><img loading=\"lazy\" decoding=\"async\" class=\"alignnone wp-image-412\" src=\"http:\/\/www.entrerios.gov.ar\/dgec\/wp-content\/uploads\/2017\/01\/logoxls.png\" alt=\"\" width=\"40\" height=\"49\" \/><\/a><\/td>\n<td width=\"530\">\n<h4><span style=\"font-family: 'Open Sans'; font-size: small; font-weight: 300;\">Trimestre II 2024<\/span><\/h4>\n<\/td>\n<\/tr>\n<tr>\n<td align=\"center\" width=\"60\"><a href=\"https:\/\/www.entrerios.gov.ar\/dgec\/wp-content\/uploads\/2024\/07\/Tabulados-Gran-Parana-1T-2024.zip\"><img loading=\"lazy\" decoding=\"async\" class=\"alignnone wp-image-412\" src=\"http:\/\/www.entrerios.gov.ar\/dgec\/wp-content\/uploads\/2017\/01\/logoxls.png\" alt=\"\" width=\"40\" height=\"49\" \/><\/a><\/td>\n<td width=\"530\">\n<h4><span style=\"font-family: 'Open Sans'; font-size: small; font-weight: 300;\">Trimestre I 2024<\/span><\/h4>\n<\/td>\n<\/tr>\n<\/tbody>\n<\/table>\n<p>[\/et_pb_toggle][et_pb_toggle title=\u00bb2023&#8243; _builder_version=\u00bb4.25.1&#8243; _module_preset=\u00bbdefault\u00bb global_colors_info=\u00bb{}\u00bb]<\/p>\n<table class=\"responsive \">\n<tbody>\n<tr>\n<td align=\"center\" width=\"60\"><a href=\"https:\/\/www.entrerios.gov.ar\/dgec\/wp-content\/uploads\/2024\/05\/Tabulados-Gran-Parana-4T-2023.zip\"><img loading=\"lazy\" decoding=\"async\" class=\"alignnone wp-image-412\" src=\"http:\/\/www.entrerios.gov.ar\/dgec\/wp-content\/uploads\/2017\/01\/logoxls.png\" alt=\"\" width=\"40\" height=\"49\" \/><\/a><\/td>\n<td width=\"530\">\n<h4><span style=\"font-family: 'Open Sans'; font-size: small; font-weight: 300;\">Trimestre IV 2023<\/span><\/h4>\n<\/td>\n<\/tr>\n<tr>\n<td align=\"center\" width=\"60\"><a href=\"https:\/\/www.entrerios.gov.ar\/dgec\/wp-content\/uploads\/2024\/02\/Tabulados-Gran-Parana-3T-2023.zip\"><img loading=\"lazy\" decoding=\"async\" class=\"alignnone wp-image-412\" src=\"http:\/\/www.entrerios.gov.ar\/dgec\/wp-content\/uploads\/2017\/01\/logoxls.png\" alt=\"\" width=\"40\" height=\"49\" \/><\/a><\/td>\n<td width=\"530\">\n<h4><span style=\"font-family: 'Open Sans'; font-size: small; font-weight: 300;\">Trimestre III 2023<\/span><\/h4>\n<\/td>\n<\/tr>\n<tr>\n<td align=\"center\" width=\"60\"><a href=\"https:\/\/www.entrerios.gov.ar\/dgec\/wp-content\/uploads\/2024\/02\/TABULADOS-PARANA-2T-2023-.zip\"><img loading=\"lazy\" decoding=\"async\" class=\"alignnone wp-image-412\" src=\"http:\/\/www.entrerios.gov.ar\/dgec\/wp-content\/uploads\/2017\/01\/logoxls.png\" alt=\"\" width=\"40\" height=\"49\" \/><\/a><\/td>\n<td width=\"530\">\n<h4><span style=\"font-family: 'Open Sans'; font-size: small; font-weight: 300;\">Trimestre II 2023<\/span><\/h4>\n<\/td>\n<\/tr>\n<tr>\n<td align=\"center\" width=\"60\"><a href=\"https:\/\/www.entrerios.gov.ar\/dgec\/wp-content\/uploads\/2023\/10\/Tabulados-Parana_1T_-2023.zip\"><img loading=\"lazy\" decoding=\"async\" class=\"alignnone wp-image-412\" src=\"http:\/\/www.entrerios.gov.ar\/dgec\/wp-content\/uploads\/2017\/01\/logoxls.png\" alt=\"\" width=\"40\" height=\"49\" \/><\/a><\/td>\n<td width=\"530\">\n<h4><span style=\"font-family: 'Open Sans'; font-size: small; font-weight: 300;\">Trimestre I 2023<\/span><\/h4>\n<\/td>\n<\/tr>\n<\/tbody>\n<\/table>\n<p>[\/et_pb_toggle][et_pb_toggle title=\u00bb2022&#8243; _builder_version=\u00bb4.24.2&#8243; _module_preset=\u00bbdefault\u00bb global_colors_info=\u00bb{}\u00bb]<\/p>\n<table class=\"responsive \">\n<tbody>\n<tr>\n<td align=\"center\" width=\"60\"><a href=\"https:\/\/www.entrerios.gov.ar\/dgec\/wp-content\/uploads\/2023\/05\/Tabulados_Parana_4T_2022.zip\"><img loading=\"lazy\" decoding=\"async\" class=\"alignnone wp-image-412\" src=\"http:\/\/www.entrerios.gov.ar\/dgec\/wp-content\/uploads\/2017\/01\/logoxls.png\" alt=\"\" width=\"40\" height=\"49\" \/><\/a><\/td>\n<td width=\"530\">\n<h4><span style=\"font-family: 'Open Sans'; font-size: small; font-weight: 300;\">Trimestre IV 2022<\/span><\/h4>\n<\/td>\n<\/tr>\n<tr>\n<td align=\"center\" width=\"60\"><a href=\"https:\/\/www.entrerios.gov.ar\/dgec\/wp-content\/uploads\/2023\/05\/Tabulados_Parana_3T_2022.zip\"><img loading=\"lazy\" decoding=\"async\" class=\"alignnone wp-image-412\" src=\"http:\/\/www.entrerios.gov.ar\/dgec\/wp-content\/uploads\/2017\/01\/logoxls.png\" alt=\"\" width=\"40\" height=\"49\" \/><\/a><\/td>\n<td width=\"530\">\n<h4><span style=\"font-family: 'Open Sans'; font-size: small; font-weight: 300;\">Trimestre III 2022<\/span><\/h4>\n<\/td>\n<\/tr>\n<tr>\n<td align=\"center\" width=\"60\"><a href=\"https:\/\/www.entrerios.gov.ar\/dgec\/wp-content\/uploads\/2023\/05\/Tabulados_Parana_2T_2022.zip\"><img loading=\"lazy\" decoding=\"async\" class=\"alignnone wp-image-412\" src=\"http:\/\/www.entrerios.gov.ar\/dgec\/wp-content\/uploads\/2017\/01\/logoxls.png\" alt=\"\" width=\"40\" height=\"49\" \/><\/a><\/td>\n<td width=\"530\">\n<h4><span style=\"font-family: 'Open Sans'; font-size: small; font-weight: 300;\">Trimestre II 2022<\/span><\/h4>\n<\/td>\n<\/tr>\n<tr>\n<td align=\"center\" width=\"60\"><a href=\"https:\/\/www.entrerios.gov.ar\/dgec\/wp-content\/uploads\/2023\/05\/Tabulados_Gran-Parana_1T_2022.zip\"><img loading=\"lazy\" decoding=\"async\" class=\"alignnone wp-image-412\" src=\"http:\/\/www.entrerios.gov.ar\/dgec\/wp-content\/uploads\/2017\/01\/logoxls.png\" alt=\"\" width=\"40\" height=\"49\" \/><\/a><\/td>\n<td width=\"530\">\n<h4><span style=\"font-family: 'Open Sans'; font-size: small; font-weight: 300;\">Trimestre I 2022<\/span><\/h4>\n<\/td>\n<\/tr>\n<\/tbody>\n<\/table>\n<p>[\/et_pb_toggle][et_pb_toggle title=\u00bb2021&#8243; _builder_version=\u00bb4.24.2&#8243; _module_preset=\u00bbdefault\u00bb global_colors_info=\u00bb{}\u00bb]<\/p>\n<table class=\"responsive \">\n<tbody>\n<tr>\n<td align=\"center\" width=\"60\"><a href=\"https:\/\/www.entrerios.gov.ar\/dgec\/wp-content\/uploads\/2022\/04\/TBASI_GRAN-PARANA_T_4_2021.zip\"><img loading=\"lazy\" decoding=\"async\" class=\"alignnone wp-image-412\" src=\"http:\/\/www.entrerios.gov.ar\/dgec\/wp-content\/uploads\/2017\/01\/logoxls.png\" alt=\"\" width=\"40\" height=\"49\" \/><\/a><\/td>\n<td width=\"530\">\n<h4><span style=\"font-family: 'Open Sans'; font-size: small; font-weight: 300;\">Trimestre IV 2021<\/span><\/h4>\n<\/td>\n<\/tr>\n<tr>\n<td align=\"center\" width=\"60\"><a href=\"https:\/\/www.entrerios.gov.ar\/dgec\/wp-content\/uploads\/2022\/04\/TBASI_GRAN-PARANA_T_3_2021.zip\"><img loading=\"lazy\" decoding=\"async\" class=\"alignnone wp-image-412\" src=\"http:\/\/www.entrerios.gov.ar\/dgec\/wp-content\/uploads\/2017\/01\/logoxls.png\" alt=\"\" width=\"40\" height=\"49\" \/><\/a><\/td>\n<td width=\"530\">\n<h4><span style=\"font-family: 'Open Sans'; font-size: small; font-weight: 300;\">Trimestre III 2021<\/span><\/h4>\n<\/td>\n<\/tr>\n<tr>\n<td align=\"center\" width=\"60\"><a href=\"https:\/\/www.entrerios.gov.ar\/dgec\/wp-content\/uploads\/2022\/04\/TBASI_GRAN-PARANA_T_2_2021.zip\"><img loading=\"lazy\" decoding=\"async\" class=\"alignnone wp-image-412\" src=\"http:\/\/www.entrerios.gov.ar\/dgec\/wp-content\/uploads\/2017\/01\/logoxls.png\" alt=\"\" width=\"40\" height=\"49\" \/><\/a><\/td>\n<td width=\"530\">\n<h4><span style=\"font-family: 'Open Sans'; font-size: small; font-weight: 300;\">Trimestre II 2021<\/span><\/h4>\n<\/td>\n<\/tr>\n<tr>\n<td align=\"center\" width=\"60\"><a href=\"https:\/\/www.entrerios.gov.ar\/dgec\/wp-content\/uploads\/2022\/02\/TAB-PARANA-1-2021.zip\"><img loading=\"lazy\" decoding=\"async\" class=\"alignnone wp-image-412\" src=\"http:\/\/www.entrerios.gov.ar\/dgec\/wp-content\/uploads\/2017\/01\/logoxls.png\" alt=\"\" width=\"40\" height=\"49\" \/><\/a><\/td>\n<td width=\"530\">\n<h4><span style=\"font-family: 'Open Sans'; font-size: small; font-weight: 300;\">Trimestre I 2021<\/span><\/h4>\n<\/td>\n<\/tr>\n<\/tbody>\n<\/table>\n<p>[\/et_pb_toggle][et_pb_toggle title=\u00bb2020&#8243; _builder_version=\u00bb4.24.2&#8243; _module_preset=\u00bbdefault\u00bb global_colors_info=\u00bb{}\u00bb]<\/p>\n<table class=\"responsive \">\n<tbody>\n<tr>\n<td align=\"center\" width=\"60\"><a href=\"https:\/\/www.entrerios.gov.ar\/dgec\/wp-content\/uploads\/2022\/02\/TAB-PNA-4TO-2020.zip\"><img loading=\"lazy\" decoding=\"async\" class=\"alignnone wp-image-412\" src=\"http:\/\/www.entrerios.gov.ar\/dgec\/wp-content\/uploads\/2017\/01\/logoxls.png\" alt=\"\" width=\"40\" height=\"49\" \/><\/a><\/td>\n<td width=\"530\">\n<h4><span style=\"font-family: 'Open Sans'; font-size: small; font-weight: 300;\">Trimestre IV 2020<\/span><\/h4>\n<\/td>\n<\/tr>\n<tr>\n<td align=\"center\" width=\"60\"><a href=\"https:\/\/www.entrerios.gov.ar\/dgec\/wp-content\/uploads\/2021\/03\/2021_ephpna_iii20.pdf.pdf\"><img loading=\"lazy\" decoding=\"async\" class=\"alignnone wp-image-412\" src=\"https:\/\/www.entrerios.gov.ar\/dgec\/wp-content\/uploads\/2017\/01\/logopdf.png\" alt=\"\" width=\"40\" height=\"49\" \/><\/a><\/td>\n<td width=\"530\">\n<h4><span style=\"font-family: 'Open Sans'; font-size: small; font-weight: 300;\">Trimestre III 2020<\/span><\/h4>\n<\/td>\n<\/tr>\n<tr>\n<td align=\"center\" width=\"60\"><a href=\"https:\/\/www.entrerios.gov.ar\/dgec\/wp-content\/uploads\/2017\/01\/2020_ephpna_ii20-1.pdf\"><img loading=\"lazy\" decoding=\"async\" class=\"alignnone wp-image-412\" src=\"https:\/\/www.entrerios.gov.ar\/dgec\/wp-content\/uploads\/2017\/01\/logopdf.png\" alt=\"\" width=\"40\" height=\"49\" \/><\/a><\/td>\n<td width=\"530\">\n<h4><span style=\"font-family: 'Open Sans'; font-size: small; font-weight: 300;\">Trimestre II 2020<\/span><\/h4>\n<\/td>\n<\/tr>\n<tr>\n<td align=\"center\" width=\"60\"><a href=\"https:\/\/www.entrerios.gov.ar\/dgec\/wp-content\/uploads\/2017\/01\/2020_ephpna_i20.pdf\"><img loading=\"lazy\" decoding=\"async\" class=\"alignnone wp-image-412\" src=\"https:\/\/www.entrerios.gov.ar\/dgec\/wp-content\/uploads\/2017\/01\/logopdf.png\" alt=\"\" width=\"40\" height=\"49\" \/><\/a><\/td>\n<td width=\"530\">\n<h4><span style=\"font-family: 'Open Sans'; font-size: small; font-weight: 300;\">Trimestre I 2020<\/span><\/h4>\n<\/td>\n<\/tr>\n<\/tbody>\n<\/table>\n<p>[\/et_pb_toggle][et_pb_toggle title=\u00bb2019&#8243; _builder_version=\u00bb4.24.2&#8243; _module_preset=\u00bbdefault\u00bb global_colors_info=\u00bb{}\u00bb]<\/p>\n<table class=\"responsive \">\n<tbody>\n<tr>\n<td align=\"center\" width=\"60\"><a href=\"https:\/\/www.entrerios.gov.ar\/dgec\/wp-content\/uploads\/2020\/07\/2020_ephpna_iv19.pdf\"><img loading=\"lazy\" decoding=\"async\" class=\"alignnone wp-image-412\" src=\"https:\/\/www.entrerios.gov.ar\/dgec\/wp-content\/uploads\/2017\/01\/logopdf.png\" alt=\"\" width=\"40\" height=\"49\" \/><\/a><\/td>\n<td width=\"530\">\n<h4><span style=\"font-family: 'Open Sans'; font-size: small; font-weight: 300;\">Trimestre IV 2019<\/span><\/h4>\n<\/td>\n<\/tr>\n<tr>\n<td align=\"center\" width=\"60\"><a href=\"https:\/\/www.entrerios.gov.ar\/dgec\/wp-content\/uploads\/2017\/01\/2020_ephpna_iii19.pdf\"><img loading=\"lazy\" decoding=\"async\" class=\"alignnone wp-image-412\" src=\"https:\/\/www.entrerios.gov.ar\/dgec\/wp-content\/uploads\/2017\/01\/logopdf.png\" alt=\"\" width=\"40\" height=\"49\" \/><\/a><\/td>\n<td width=\"530\">\n<h4><span style=\"font-family: 'Open Sans'; font-size: small; font-weight: 300;\">Trimestre III 2019<\/span><\/h4>\n<\/td>\n<\/tr>\n<tr>\n<td align=\"center\" width=\"60\"><a href=\"https:\/\/www.entrerios.gov.ar\/dgec\/wp-content\/uploads\/2020\/03\/2020_ephpna_ii19.pdf\"><img loading=\"lazy\" decoding=\"async\" class=\"alignnone wp-image-412\" src=\"https:\/\/www.entrerios.gov.ar\/dgec\/wp-content\/uploads\/2017\/01\/logopdf.png\" alt=\"\" width=\"40\" height=\"49\" \/><\/a><\/td>\n<td width=\"530\">\n<h4><span style=\"font-family: 'Open Sans'; font-size: small; font-weight: 300;\">Trimestre II 2019<\/span><\/h4>\n<\/td>\n<\/tr>\n<tr>\n<td align=\"center\" width=\"60\"><a href=\"https:\/\/www.entrerios.gov.ar\/dgec\/wp-content\/uploads\/2017\/01\/2019_ephpna_i19.pdf\"><img loading=\"lazy\" decoding=\"async\" class=\"alignnone wp-image-412\" src=\"https:\/\/www.entrerios.gov.ar\/dgec\/wp-content\/uploads\/2017\/01\/logopdf.png\" alt=\"\" width=\"40\" height=\"49\" \/><\/a><\/td>\n<td width=\"530\">\n<h4><span style=\"font-family: 'Open Sans'; font-size: small; font-weight: 300;\">Trimestre I 2019<\/span><\/h4>\n<\/td>\n<\/tr>\n<\/tbody>\n<\/table>\n<p>[\/et_pb_toggle][et_pb_toggle title=\u00bb2018&#8243; _builder_version=\u00bb4.24.2&#8243; _module_preset=\u00bbdefault\u00bb global_colors_info=\u00bb{}\u00bb]<\/p>\n<table class=\"responsive \">\n<tbody>\n<tr>\n<td align=\"center\" width=\"60\"><a href=\"https:\/\/www.entrerios.gov.ar\/dgec\/wp-content\/uploads\/2017\/01\/2018_ephpna_iv18.pdf\"><img loading=\"lazy\" decoding=\"async\" class=\"alignnone wp-image-412\" src=\"https:\/\/www.entrerios.gov.ar\/dgec\/wp-content\/uploads\/2017\/01\/logopdf.png\" alt=\"\" width=\"40\" height=\"49\" \/><\/a><\/td>\n<td width=\"530\">\n<h4><span style=\"font-family: 'Open Sans'; font-size: small; font-weight: 300;\">Trimestre IV 2018<\/span><\/h4>\n<\/td>\n<\/tr>\n<tr>\n<td align=\"center\" width=\"60\"><a href=\"https:\/\/www.entrerios.gov.ar\/dgec\/wp-content\/uploads\/2017\/01\/2018_ephpna_iii18.pdf\"><img loading=\"lazy\" decoding=\"async\" class=\"alignnone wp-image-412\" src=\"https:\/\/www.entrerios.gov.ar\/dgec\/wp-content\/uploads\/2017\/01\/logopdf.png\" alt=\"\" width=\"40\" height=\"49\" \/><\/a><\/td>\n<td width=\"530\">\n<h4><span style=\"font-family: 'Open Sans'; font-size: small; font-weight: 300;\">Trimestre III 2018<\/span><\/h4>\n<\/td>\n<\/tr>\n<tr>\n<td align=\"center\" width=\"60\"><a href=\"https:\/\/www.entrerios.gov.ar\/dgec\/wp-content\/uploads\/2017\/01\/2018_ephpna_ii18.pdf\"><img loading=\"lazy\" decoding=\"async\" class=\"alignnone wp-image-412\" src=\"https:\/\/www.entrerios.gov.ar\/dgec\/wp-content\/uploads\/2017\/01\/logopdf.png\" alt=\"\" width=\"40\" height=\"49\" \/><\/a><\/td>\n<td width=\"530\">\n<h4><span style=\"font-family: 'Open Sans'; font-size: small; font-weight: 300;\">Trimestre II 2018<\/span><\/h4>\n<\/td>\n<\/tr>\n<tr>\n<td align=\"center\" width=\"60\"><a href=\"https:\/\/www.entrerios.gov.ar\/dgec\/wp-content\/uploads\/2017\/01\/2018_ephpna_i18.pdf\"><img loading=\"lazy\" decoding=\"async\" class=\"alignnone wp-image-412\" src=\"https:\/\/www.entrerios.gov.ar\/dgec\/wp-content\/uploads\/2017\/01\/logopdf.png\" alt=\"\" width=\"40\" height=\"49\" \/><\/a><\/td>\n<td width=\"530\">\n<h4><span style=\"font-family: 'Open Sans'; font-size: small; font-weight: 300;\">Trimestre I 2018<\/span><\/h4>\n<\/td>\n<\/tr>\n<\/tbody>\n<\/table>\n<p>[\/et_pb_toggle][et_pb_toggle title=\u00bb2017&#8243; _builder_version=\u00bb4.24.2&#8243; _module_preset=\u00bbdefault\u00bb global_colors_info=\u00bb{}\u00bb]<\/p>\n<table class=\"responsive \">\n<tbody>\n<tr>\n<td align=\"center\" width=\"60\"><a href=\"https:\/\/www.entrerios.gov.ar\/dgec\/wp-content\/uploads\/2017\/01\/2017_ephpna_iv17.pdf\"><img loading=\"lazy\" decoding=\"async\" class=\"alignnone wp-image-412\" src=\"https:\/\/www.entrerios.gov.ar\/dgec\/wp-content\/uploads\/2017\/01\/logopdf.png\" alt=\"\" width=\"40\" height=\"49\" \/><\/a><\/td>\n<td width=\"530\">\n<h4><span style=\"font-family: 'Open Sans'; font-size: small; font-weight: 300;\">Trimestre IV 2017<\/span><\/h4>\n<\/td>\n<\/tr>\n<tr>\n<td align=\"center\" width=\"60\"><a href=\"https:\/\/www.entrerios.gov.ar\/dgec\/wp-content\/uploads\/2017\/01\/2017_ephpna_iii17.pdf\"><img loading=\"lazy\" decoding=\"async\" class=\"alignnone wp-image-412\" src=\"https:\/\/www.entrerios.gov.ar\/dgec\/wp-content\/uploads\/2017\/01\/logopdf.png\" alt=\"\" width=\"40\" height=\"49\" \/><\/a><\/td>\n<td width=\"530\">\n<h4><span style=\"font-family: 'Open Sans'; font-size: small; font-weight: 300;\">Trimestre III 2017<\/span><\/h4>\n<\/td>\n<\/tr>\n<tr>\n<td align=\"center\" width=\"60\"><a href=\"https:\/\/www.entrerios.gov.ar\/dgec\/wp-content\/uploads\/2017\/01\/2017_ephpna_ii17.pdf\"><img loading=\"lazy\" decoding=\"async\" class=\"alignnone wp-image-412\" src=\"https:\/\/www.entrerios.gov.ar\/dgec\/wp-content\/uploads\/2017\/01\/logopdf.png\" alt=\"\" width=\"40\" height=\"49\" \/><\/a><\/td>\n<td width=\"530\">\n<h4><span style=\"font-family: 'Open Sans'; font-size: small; font-weight: 300;\">Trimestre II 2017<\/span><\/h4>\n<\/td>\n<\/tr>\n<tr>\n<td align=\"center\" width=\"60\"><a href=\"https:\/\/www.entrerios.gov.ar\/dgec\/wp-content\/uploads\/2017\/01\/2017_ephpna_i17.pdf\"><img loading=\"lazy\" decoding=\"async\" class=\"alignnone wp-image-412\" src=\"https:\/\/www.entrerios.gov.ar\/dgec\/wp-content\/uploads\/2017\/01\/logopdf.png\" alt=\"\" width=\"40\" height=\"49\" \/><\/a><\/td>\n<td width=\"530\">\n<h4><span style=\"font-family: 'Open Sans'; font-size: small; font-weight: 300;\">Trimestre I 2017<\/span><\/h4>\n<\/td>\n<\/tr>\n<\/tbody>\n<\/table>\n<p>[\/et_pb_toggle][et_pb_toggle title=\u00bb2016&#8243; _builder_version=\u00bb4.24.2&#8243; _module_preset=\u00bbdefault\u00bb global_colors_info=\u00bb{}\u00bb]<\/p>\n<table class=\"responsive \">\n<tbody>\n<tr>\n<td align=\"center\" width=\"60\"><a href=\"https:\/\/www.entrerios.gov.ar\/dgec\/wp-content\/uploads\/2017\/01\/2016_ephpna_iv16.pdf\"><img loading=\"lazy\" decoding=\"async\" class=\"alignnone wp-image-412\" src=\"https:\/\/www.entrerios.gov.ar\/dgec\/wp-content\/uploads\/2017\/01\/logopdf.png\" alt=\"\" width=\"40\" height=\"49\" \/><\/a><\/td>\n<td width=\"530\">\n<h4><span style=\"font-family: 'Open Sans'; font-size: small; font-weight: 300;\">Trimestre IV 2016<\/span><\/h4>\n<\/td>\n<\/tr>\n<tr>\n<td align=\"center\" width=\"60\"><a href=\"https:\/\/www.entrerios.gov.ar\/dgec\/wp-content\/uploads\/2017\/01\/2016_ephpna_iii16.pdf\"><img loading=\"lazy\" decoding=\"async\" class=\"alignnone wp-image-412\" src=\"https:\/\/www.entrerios.gov.ar\/dgec\/wp-content\/uploads\/2017\/01\/logopdf.png\" alt=\"\" width=\"40\" height=\"49\" \/><\/a><\/td>\n<td width=\"530\">\n<h4><span style=\"font-family: 'Open Sans'; font-size: small; font-weight: 300;\">Trimestre III 2016<\/span><\/h4>\n<\/td>\n<\/tr>\n<tr>\n<td align=\"center\" width=\"60\"><a href=\"https:\/\/www.entrerios.gov.ar\/dgec\/wp-content\/uploads\/2017\/01\/2016_ephpna_ii16.pdf\"><img loading=\"lazy\" decoding=\"async\" class=\"alignnone wp-image-412\" src=\"https:\/\/www.entrerios.gov.ar\/dgec\/wp-content\/uploads\/2017\/01\/logopdf.png\" alt=\"\" width=\"40\" height=\"49\" \/><\/a><\/td>\n<td width=\"530\">\n<h4><span style=\"font-family: 'Open Sans'; font-size: small; font-weight: 300;\">Trimestre II 2016<\/span><\/h4>\n<\/td>\n<\/tr>\n<\/tbody>\n<\/table>\n<p>[\/et_pb_toggle][\/et_pb_column][et_pb_column type=\u00bb1_2&#8243; _builder_version=\u00bb4.24.2&#8243; _module_preset=\u00bbdefault\u00bb global_colors_info=\u00bb{}\u00bb][et_pb_divider show_divider=\u00bboff\u00bb _builder_version=\u00bb4.27.4&#8243; _module_preset=\u00bbdefault\u00bb global_colors_info=\u00bb{}\u00bb][\/et_pb_divider][et_pb_text _builder_version=\u00bb4.25.1&#8243; _module_preset=\u00bbdefault\u00bb global_colors_info=\u00bb{}\u00bb]<\/p>\n<h3>TABULADOS DE CONCORDIA<\/h3>\n<p>[\/et_pb_text][et_pb_divider _builder_version=\u00bb4.24.2&#8243; _module_preset=\u00bbdefault\u00bb global_colors_info=\u00bb{}\u00bb][\/et_pb_divider][et_pb_toggle title=\u00bb2025&#8243; _builder_version=\u00bb4.27.4&#8243; _module_preset=\u00bbdefault\u00bb hover_enabled=\u00bb0&#8243; global_colors_info=\u00bb{}\u00bb sticky_enabled=\u00bb0&#8243;]<\/p>\n<table class=\"responsive \">\n<tbody>\n<tr>\n<td align=\"center\" width=\"60\"><a href=\"https:\/\/www.entrerios.gov.ar\/dgec\/wp-content\/uploads\/2025\/10\/Tabulados-Concordia-2T-2025.zip\"><img loading=\"lazy\" decoding=\"async\" class=\"alignnone wp-image-412\" src=\"http:\/\/www.entrerios.gov.ar\/dgec\/wp-content\/uploads\/2017\/01\/logoxls.png\" alt=\"\" width=\"40\" height=\"49\" \/><\/a><\/td>\n<td width=\"530\">\n<h4><span style=\"font-family: 'Open Sans'; font-size: small; font-weight: 300;\">Trimestre II 2025<\/span><\/h4>\n<\/td>\n<\/tr>\n<tr>\n<td align=\"center\" width=\"60\"><a href=\"https:\/\/www.entrerios.gov.ar\/dgec\/wp-content\/uploads\/2025\/10\/Tabulados-Concordia-2T-2025.zip\"><img loading=\"lazy\" decoding=\"async\" class=\"alignnone wp-image-412\" src=\"http:\/\/www.entrerios.gov.ar\/dgec\/wp-content\/uploads\/2017\/01\/logoxls.png\" alt=\"\" width=\"40\" height=\"49\" \/><\/a><\/td>\n<td width=\"530\">\n<h4><span style=\"font-family: 'Open Sans'; font-size: small; font-weight: 300;\">Trimestre I 2025<\/span><\/h4>\n<\/td>\n<\/tr>\n<\/tbody>\n<\/table>\n<p>[\/et_pb_toggle][et_pb_toggle title=\u00bb2024&#8243; _builder_version=\u00bb4.27.4&#8243; _module_preset=\u00bbdefault\u00bb global_colors_info=\u00bb{}\u00bb]<\/p>\n<table class=\"responsive \">\n<tbody>\n<tr>\n<td align=\"center\" width=\"60\"><a href=\"https:\/\/www.entrerios.gov.ar\/dgec\/wp-content\/uploads\/2025\/04\/tabulados_4T_-2024_Concordia.zip\"><img loading=\"lazy\" decoding=\"async\" class=\"alignnone wp-image-412\" src=\"http:\/\/www.entrerios.gov.ar\/dgec\/wp-content\/uploads\/2017\/01\/logoxls.png\" alt=\"\" width=\"40\" height=\"49\" \/><\/a><\/td>\n<td width=\"530\">\n<h4><span style=\"font-family: 'Open Sans'; font-size: small; font-weight: 300;\">Trimestre IV 2024<\/span><\/h4>\n<\/td>\n<\/tr>\n<tr>\n<td align=\"center\" width=\"60\"><a href=\"https:\/\/www.entrerios.gov.ar\/dgec\/wp-content\/uploads\/2025\/02\/Tabulados_-CONCORDIA_3-T_2024.zip\"><img loading=\"lazy\" decoding=\"async\" class=\"alignnone wp-image-412\" src=\"http:\/\/www.entrerios.gov.ar\/dgec\/wp-content\/uploads\/2017\/01\/logoxls.png\" alt=\"\" width=\"40\" height=\"49\" \/><\/a><\/td>\n<td width=\"530\">\n<h4><span style=\"font-family: 'Open Sans'; font-size: small; font-weight: 300;\">Trimestre III 2024<\/span><\/h4>\n<\/td>\n<\/tr>\n<tr>\n<td align=\"center\" width=\"60\"><a href=\"https:\/\/www.entrerios.gov.ar\/dgec\/wp-content\/uploads\/2024\/09\/Tabulados_Concordia_2T_2024.zip\"><img loading=\"lazy\" decoding=\"async\" class=\"alignnone wp-image-412\" src=\"http:\/\/www.entrerios.gov.ar\/dgec\/wp-content\/uploads\/2017\/01\/logoxls.png\" alt=\"\" width=\"40\" height=\"49\" \/><\/a><\/td>\n<td width=\"530\">\n<h4><span style=\"font-family: 'Open Sans'; font-size: small; font-weight: 300;\">Trimestre II 2024<\/span><\/h4>\n<\/td>\n<\/tr>\n<tr>\n<td align=\"center\" width=\"60\"><a href=\"https:\/\/www.entrerios.gov.ar\/dgec\/wp-content\/uploads\/2024\/07\/Tabulados-Concordia-1T-2024.zip\"><img loading=\"lazy\" decoding=\"async\" class=\"alignnone wp-image-412\" src=\"http:\/\/www.entrerios.gov.ar\/dgec\/wp-content\/uploads\/2017\/01\/logoxls.png\" alt=\"\" width=\"40\" height=\"49\" \/><\/a><\/td>\n<td width=\"530\">\n<h4><span style=\"font-family: 'Open Sans'; font-size: small; font-weight: 300;\">Trimestre I 2024<\/span><\/h4>\n<\/td>\n<\/tr>\n<\/tbody>\n<\/table>\n<p>[\/et_pb_toggle][et_pb_toggle title=\u00bb2023&#8243; _builder_version=\u00bb4.25.1&#8243; _module_preset=\u00bbdefault\u00bb global_colors_info=\u00bb{}\u00bb]<\/p>\n<table class=\"responsive \">\n<tbody>\n<tr>\n<td align=\"center\" width=\"60\"><a href=\"https:\/\/www.entrerios.gov.ar\/dgec\/wp-content\/uploads\/2024\/05\/Tabulados-Concordia-4T-2023.zip\"><img loading=\"lazy\" decoding=\"async\" class=\"alignnone wp-image-412\" src=\"http:\/\/www.entrerios.gov.ar\/dgec\/wp-content\/uploads\/2017\/01\/logoxls.png\" alt=\"\" width=\"40\" height=\"49\" \/><\/a><\/td>\n<td width=\"530\">\n<h4><span style=\"font-family: 'Open Sans'; font-size: small; font-weight: 300;\">Trimestre IV 2023<\/span><\/h4>\n<\/td>\n<\/tr>\n<tr>\n<td align=\"center\" width=\"60\"><a href=\"https:\/\/www.entrerios.gov.ar\/dgec\/wp-content\/uploads\/2024\/02\/TABULADOS-CONCORDIA-3T-2023.zip\"><img loading=\"lazy\" decoding=\"async\" class=\"alignnone wp-image-412\" src=\"http:\/\/www.entrerios.gov.ar\/dgec\/wp-content\/uploads\/2017\/01\/logoxls.png\" alt=\"\" width=\"40\" height=\"49\" \/><\/a><\/td>\n<td width=\"530\">\n<h4><span style=\"font-family: 'Open Sans'; font-size: small; font-weight: 300;\">Trimestre III 2023<\/span><\/h4>\n<\/td>\n<\/tr>\n<tr>\n<td align=\"center\" width=\"60\"><a href=\"https:\/\/www.entrerios.gov.ar\/dgec\/wp-content\/uploads\/2024\/02\/Tabulados_-Concordia_-2T-2023.zip\"><img loading=\"lazy\" decoding=\"async\" class=\"alignnone wp-image-412\" src=\"http:\/\/www.entrerios.gov.ar\/dgec\/wp-content\/uploads\/2017\/01\/logoxls.png\" alt=\"\" width=\"40\" height=\"49\" \/><\/a><\/td>\n<td width=\"530\">\n<h4><span style=\"font-family: 'Open Sans'; font-size: small; font-weight: 300;\">Trimestre II 2023<\/span><\/h4>\n<\/td>\n<\/tr>\n<tr>\n<td align=\"center\" width=\"60\"><a href=\"https:\/\/www.entrerios.gov.ar\/dgec\/wp-content\/uploads\/2023\/10\/Tabulados-Concordia-_1T_2023.zip\"><img loading=\"lazy\" decoding=\"async\" class=\"alignnone wp-image-412\" src=\"http:\/\/www.entrerios.gov.ar\/dgec\/wp-content\/uploads\/2017\/01\/logoxls.png\" alt=\"\" width=\"40\" height=\"49\" \/><\/a><\/td>\n<td width=\"530\">\n<h4><span style=\"font-family: 'Open Sans'; font-size: small; font-weight: 300;\">Trimestre I 2023<\/span><\/h4>\n<\/td>\n<\/tr>\n<\/tbody>\n<\/table>\n<p>[\/et_pb_toggle][et_pb_toggle title=\u00bb2022&#8243; _builder_version=\u00bb4.24.2&#8243; _module_preset=\u00bbdefault\u00bb global_colors_info=\u00bb{}\u00bb]<\/p>\n<table class=\"responsive \">\n<tbody>\n<tr>\n<td align=\"center\" width=\"60\"><a href=\"https:\/\/www.entrerios.gov.ar\/dgec\/wp-content\/uploads\/2023\/05\/Tabulados_Concordia_4T_2022.zip\"><img loading=\"lazy\" decoding=\"async\" class=\"alignnone wp-image-412\" src=\"http:\/\/www.entrerios.gov.ar\/dgec\/wp-content\/uploads\/2017\/01\/logoxls.png\" alt=\"\" width=\"40\" height=\"49\" \/><\/a><\/td>\n<td width=\"530\">\n<h4><span style=\"font-family: 'Open Sans'; font-size: small; font-weight: 300;\">Trimestre IV 2022<\/span><\/h4>\n<\/td>\n<\/tr>\n<tr>\n<td align=\"center\" width=\"60\"><a href=\"https:\/\/www.entrerios.gov.ar\/dgec\/wp-content\/uploads\/2023\/05\/Tabulados_Concordia_3T_2022.zip\"><img loading=\"lazy\" decoding=\"async\" class=\"alignnone wp-image-412\" src=\"http:\/\/www.entrerios.gov.ar\/dgec\/wp-content\/uploads\/2017\/01\/logoxls.png\" alt=\"\" width=\"40\" height=\"49\" \/><\/a><\/td>\n<td width=\"530\">\n<h4><span style=\"font-family: 'Open Sans'; font-size: small; font-weight: 300;\">Trimestre III 2022<\/span><\/h4>\n<\/td>\n<\/tr>\n<tr>\n<td align=\"center\" width=\"60\"><a href=\"https:\/\/www.entrerios.gov.ar\/dgec\/wp-content\/uploads\/2023\/05\/Tabulados_Concordia_2T_2022.zip\"><img loading=\"lazy\" decoding=\"async\" class=\"alignnone wp-image-412\" src=\"http:\/\/www.entrerios.gov.ar\/dgec\/wp-content\/uploads\/2017\/01\/logoxls.png\" alt=\"\" width=\"40\" height=\"49\" \/><\/a><\/td>\n<td width=\"530\">\n<h4><span style=\"font-family: 'Open Sans'; font-size: small; font-weight: 300;\">Trimestre II 2022<\/span><\/h4>\n<\/td>\n<\/tr>\n<tr>\n<td align=\"center\" width=\"60\"><a href=\"https:\/\/www.entrerios.gov.ar\/dgec\/wp-content\/uploads\/2023\/05\/Tabulados_Concordia_1T_2022.zip\"><img loading=\"lazy\" decoding=\"async\" class=\"alignnone wp-image-412\" src=\"http:\/\/www.entrerios.gov.ar\/dgec\/wp-content\/uploads\/2017\/01\/logoxls.png\" alt=\"\" width=\"40\" height=\"49\" \/><\/a><\/td>\n<td width=\"530\">\n<h4><span style=\"font-family: 'Open Sans'; font-size: small; font-weight: 300;\">Trimestre I 2022<\/span><\/h4>\n<\/td>\n<\/tr>\n<\/tbody>\n<\/table>\n<p>[\/et_pb_toggle][et_pb_toggle title=\u00bb2021&#8243; _builder_version=\u00bb4.24.2&#8243; _module_preset=\u00bbdefault\u00bb global_colors_info=\u00bb{}\u00bb]<\/p>\n<table class=\"responsive \">\n<tbody>\n<tr>\n<td align=\"center\" width=\"60\"><a href=\"https:\/\/www.entrerios.gov.ar\/dgec\/wp-content\/uploads\/2022\/04\/TBASI_CONCORDIA_T_4_2021.zip\"><img loading=\"lazy\" decoding=\"async\" class=\"alignnone wp-image-412\" src=\"http:\/\/www.entrerios.gov.ar\/dgec\/wp-content\/uploads\/2017\/01\/logoxls.png\" alt=\"\" width=\"40\" height=\"49\" \/><\/a><\/td>\n<td width=\"530\">\n<h4><span style=\"font-family: 'Open Sans'; font-size: small; font-weight: 300;\">Trimestre IV 2021<\/span><\/h4>\n<\/td>\n<\/tr>\n<tr>\n<td align=\"center\" width=\"60\"><a href=\"https:\/\/www.entrerios.gov.ar\/dgec\/wp-content\/uploads\/2022\/04\/TBASI_CONCORDIA_T_3_2021.zip\"><img loading=\"lazy\" decoding=\"async\" class=\"alignnone wp-image-412\" src=\"http:\/\/www.entrerios.gov.ar\/dgec\/wp-content\/uploads\/2017\/01\/logoxls.png\" alt=\"\" width=\"40\" height=\"49\" \/><\/a><\/td>\n<td width=\"530\">\n<h4><span style=\"font-family: 'Open Sans'; font-size: small; font-weight: 300;\">Trimestre III 2021<\/span><\/h4>\n<\/td>\n<\/tr>\n<tr>\n<td align=\"center\" width=\"60\"><a href=\"https:\/\/www.entrerios.gov.ar\/dgec\/wp-content\/uploads\/2022\/04\/TBASI_CONCORDIA_T_2_2021.zip\"><img loading=\"lazy\" decoding=\"async\" class=\"alignnone wp-image-412\" src=\"http:\/\/www.entrerios.gov.ar\/dgec\/wp-content\/uploads\/2017\/01\/logoxls.png\" alt=\"\" width=\"40\" height=\"49\" \/><\/a><\/td>\n<td width=\"530\">\n<h4><span style=\"font-family: 'Open Sans'; font-size: small; font-weight: 300;\">Trimestre II 2021<\/span><\/h4>\n<\/td>\n<\/tr>\n<tr>\n<td align=\"center\" width=\"60\"><a href=\"https:\/\/www.entrerios.gov.ar\/dgec\/wp-content\/uploads\/2022\/02\/TAB-CONCORDIA-1-2021.zip\"><img loading=\"lazy\" decoding=\"async\" class=\"alignnone wp-image-412\" src=\"http:\/\/www.entrerios.gov.ar\/dgec\/wp-content\/uploads\/2017\/01\/logoxls.png\" alt=\"\" width=\"40\" height=\"49\" \/><\/a><\/td>\n<td width=\"530\">\n<h4><span style=\"font-family: 'Open Sans'; font-size: small; font-weight: 300;\">Trimestre I 2021<\/span><\/h4>\n<\/td>\n<\/tr>\n<\/tbody>\n<\/table>\n<p>[\/et_pb_toggle][et_pb_toggle title=\u00bb2020&#8243; _builder_version=\u00bb4.24.2&#8243; _module_preset=\u00bbdefault\u00bb global_colors_info=\u00bb{}\u00bb]<\/p>\n<table class=\"responsive \">\n<tbody>\n<tr>\n<td align=\"center\" width=\"60\"><a href=\"https:\/\/www.entrerios.gov.ar\/dgec\/wp-content\/uploads\/2022\/02\/concordia-4to-2020.zip\"><img loading=\"lazy\" decoding=\"async\" class=\"alignnone wp-image-412\" src=\"http:\/\/www.entrerios.gov.ar\/dgec\/wp-content\/uploads\/2017\/01\/logoxls.png\" alt=\"\" width=\"40\" height=\"49\" \/><\/a><\/td>\n<td width=\"530\">\n<h4><span style=\"font-family: 'Open Sans'; font-size: small; font-weight: 300;\">Trimestre IV 2020<\/span><\/h4>\n<\/td>\n<\/tr>\n<tr>\n<td align=\"center\" width=\"60\"><a href=\"https:\/\/www.entrerios.gov.ar\/dgec\/wp-content\/uploads\/2021\/03\/2021_ephcdia_iii20.pdf.pdf\"><img loading=\"lazy\" decoding=\"async\" class=\"alignnone wp-image-412\" src=\"https:\/\/www.entrerios.gov.ar\/dgec\/wp-content\/uploads\/2017\/01\/logopdf.png\" alt=\"\" width=\"40\" height=\"49\" \/><\/a><\/td>\n<td width=\"530\">\n<h4><span style=\"font-family: 'Open Sans'; font-size: small; font-weight: 300;\">Trimestre III 2020<\/span><\/h4>\n<\/td>\n<\/tr>\n<tr>\n<td align=\"center\" width=\"60\"><a href=\"https:\/\/www.entrerios.gov.ar\/dgec\/wp-content\/uploads\/2017\/01\/2020_ephcdia_ii20-1.pdf\"><img loading=\"lazy\" decoding=\"async\" class=\"alignnone wp-image-412\" src=\"https:\/\/www.entrerios.gov.ar\/dgec\/wp-content\/uploads\/2017\/01\/logopdf.png\" alt=\"\" width=\"40\" height=\"49\" \/><\/a><\/td>\n<td width=\"530\">\n<h4><span style=\"font-family: 'Open Sans'; font-size: small; font-weight: 300;\">Trimestre II 2020<\/span><\/h4>\n<\/td>\n<\/tr>\n<tr>\n<td align=\"center\" width=\"60\"><a href=\"https:\/\/www.entrerios.gov.ar\/dgec\/wp-content\/uploads\/2017\/01\/2020_ephcdia_i20.pdf\"><img loading=\"lazy\" decoding=\"async\" class=\"alignnone wp-image-412\" src=\"https:\/\/www.entrerios.gov.ar\/dgec\/wp-content\/uploads\/2017\/01\/logopdf.png\" alt=\"\" width=\"40\" height=\"49\" \/><\/a><\/td>\n<td width=\"530\">\n<h4><span style=\"font-family: 'Open Sans'; font-size: small; font-weight: 300;\">Trimestre I 2020<\/span><\/h4>\n<\/td>\n<\/tr>\n<\/tbody>\n<\/table>\n<p>[\/et_pb_toggle][et_pb_toggle title=\u00bb2019&#8243; _builder_version=\u00bb4.24.2&#8243; _module_preset=\u00bbdefault\u00bb global_colors_info=\u00bb{}\u00bb]<\/p>\n<table class=\"responsive \">\n<tbody>\n<tr>\n<td align=\"center\" width=\"60\"><a href=\"https:\/\/www.entrerios.gov.ar\/dgec\/wp-content\/uploads\/2020\/07\/2020_ephcdia_iv19.pdf\"><img loading=\"lazy\" decoding=\"async\" class=\"alignnone wp-image-412\" src=\"https:\/\/www.entrerios.gov.ar\/dgec\/wp-content\/uploads\/2017\/01\/logopdf.png\" alt=\"\" width=\"40\" height=\"49\" \/><\/a><\/td>\n<td width=\"530\">\n<h4><span style=\"font-family: 'Open Sans'; font-size: small; font-weight: 300;\">Trimestre IV 2019<\/span><\/h4>\n<\/td>\n<\/tr>\n<tr>\n<td align=\"center\" width=\"60\"><a href=\"https:\/\/www.entrerios.gov.ar\/dgec\/wp-content\/uploads\/2017\/01\/2020_ephcdia_iii19.pdf\"><img loading=\"lazy\" decoding=\"async\" class=\"alignnone wp-image-412\" src=\"https:\/\/www.entrerios.gov.ar\/dgec\/wp-content\/uploads\/2017\/01\/logopdf.png\" alt=\"\" width=\"40\" height=\"49\" \/><\/a><\/td>\n<td width=\"530\">\n<h4><span style=\"font-family: 'Open Sans'; font-size: small; font-weight: 300;\">Trimestre III 2019<\/span><\/h4>\n<\/td>\n<\/tr>\n<tr>\n<td align=\"center\" width=\"60\"><a href=\"https:\/\/www.entrerios.gov.ar\/dgec\/wp-content\/uploads\/2020\/03\/2020_ephcdia_ii19.pdf\"><img loading=\"lazy\" decoding=\"async\" class=\"alignnone wp-image-412\" src=\"https:\/\/www.entrerios.gov.ar\/dgec\/wp-content\/uploads\/2017\/01\/logopdf.png\" alt=\"\" width=\"40\" height=\"49\" \/><\/a><\/td>\n<td width=\"530\">\n<h4><span style=\"font-family: 'Open Sans'; font-size: small; font-weight: 300;\">Trimestre II 2019<\/span><\/h4>\n<\/td>\n<\/tr>\n<tr>\n<td align=\"center\" width=\"60\"><a href=\"https:\/\/www.entrerios.gov.ar\/dgec\/wp-content\/uploads\/2017\/01\/2019_ephcdia_i19.pdf\"><img loading=\"lazy\" decoding=\"async\" class=\"alignnone wp-image-412\" src=\"https:\/\/www.entrerios.gov.ar\/dgec\/wp-content\/uploads\/2017\/01\/logopdf.png\" alt=\"\" width=\"40\" height=\"49\" \/><\/a><\/td>\n<td width=\"530\">\n<h4><span style=\"font-family: 'Open Sans'; font-size: small; font-weight: 300;\">Trimestre I 2019<\/span><\/h4>\n<\/td>\n<\/tr>\n<\/tbody>\n<\/table>\n<p>[\/et_pb_toggle][et_pb_toggle title=\u00bb2018&#8243; _builder_version=\u00bb4.24.2&#8243; _module_preset=\u00bbdefault\u00bb global_colors_info=\u00bb{}\u00bb]<\/p>\n<table class=\"responsive \">\n<tbody>\n<tr>\n<td align=\"center\" width=\"60\"><a href=\"https:\/\/www.entrerios.gov.ar\/dgec\/wp-content\/uploads\/2017\/01\/2018_ephcdia_iv18.pdf\"><img loading=\"lazy\" decoding=\"async\" class=\"alignnone wp-image-412\" src=\"https:\/\/www.entrerios.gov.ar\/dgec\/wp-content\/uploads\/2017\/01\/logopdf.png\" alt=\"\" width=\"40\" height=\"49\" \/><\/a><\/td>\n<td width=\"530\">\n<h4><span style=\"font-family: 'Open Sans'; font-size: small; font-weight: 300;\">Trimestre IV 2018<\/span><\/h4>\n<\/td>\n<\/tr>\n<tr>\n<td align=\"center\" width=\"60\"><a href=\"https:\/\/www.entrerios.gov.ar\/dgec\/wp-content\/uploads\/2017\/01\/2018_ephcdia_iii18.pdf\"><img loading=\"lazy\" decoding=\"async\" class=\"alignnone wp-image-412\" src=\"https:\/\/www.entrerios.gov.ar\/dgec\/wp-content\/uploads\/2017\/01\/logopdf.png\" alt=\"\" width=\"40\" height=\"49\" \/><\/a><\/td>\n<td width=\"530\">\n<h4><span style=\"font-family: 'Open Sans'; font-size: small; font-weight: 300;\">Trimestre III 2018<\/span><\/h4>\n<\/td>\n<\/tr>\n<tr>\n<td align=\"center\" width=\"60\"><a href=\"https:\/\/www.entrerios.gov.ar\/dgec\/wp-content\/uploads\/2017\/01\/2018_ephcdia_ii18.pdf\"><img loading=\"lazy\" decoding=\"async\" class=\"alignnone wp-image-412\" src=\"https:\/\/www.entrerios.gov.ar\/dgec\/wp-content\/uploads\/2017\/01\/logopdf.png\" alt=\"\" width=\"40\" height=\"49\" \/><\/a><\/td>\n<td width=\"530\">\n<h4><span style=\"font-family: 'Open Sans'; font-size: small; font-weight: 300;\">Trimestre II 2018<\/span><\/h4>\n<\/td>\n<\/tr>\n<tr>\n<td align=\"center\" width=\"60\"><a href=\"https:\/\/www.entrerios.gov.ar\/dgec\/wp-content\/uploads\/2017\/01\/2018_ephcdia_i18.pdf\"><img loading=\"lazy\" decoding=\"async\" class=\"alignnone wp-image-412\" src=\"https:\/\/www.entrerios.gov.ar\/dgec\/wp-content\/uploads\/2017\/01\/logopdf.png\" alt=\"\" width=\"40\" height=\"49\" \/><\/a><\/td>\n<td width=\"530\">\n<h4><span style=\"font-family: 'Open Sans'; font-size: small; font-weight: 300;\">Trimestre I 2018<\/span><\/h4>\n<\/td>\n<\/tr>\n<\/tbody>\n<\/table>\n<p>[\/et_pb_toggle][et_pb_toggle title=\u00bb2017&#8243; _builder_version=\u00bb4.24.2&#8243; _module_preset=\u00bbdefault\u00bb global_colors_info=\u00bb{}\u00bb]<\/p>\n<table class=\"responsive \">\n<tbody>\n<tr>\n<td align=\"center\" width=\"60\"><a href=\"https:\/\/www.entrerios.gov.ar\/dgec\/wp-content\/uploads\/2017\/01\/2017_ephcdia_iv17.pdf\"><img loading=\"lazy\" decoding=\"async\" class=\"alignnone wp-image-412\" src=\"https:\/\/www.entrerios.gov.ar\/dgec\/wp-content\/uploads\/2017\/01\/logopdf.png\" alt=\"\" width=\"40\" height=\"49\" \/><\/a><\/td>\n<td width=\"530\">\n<h4><span style=\"font-family: 'Open Sans'; font-size: small; font-weight: 300;\">Trimestre IV 2017<\/span><\/h4>\n<\/td>\n<\/tr>\n<tr>\n<td align=\"center\" width=\"60\"><a href=\"https:\/\/www.entrerios.gov.ar\/dgec\/wp-content\/uploads\/2017\/01\/2017_ephcdia_iii17.pdf\"><img loading=\"lazy\" decoding=\"async\" class=\"alignnone wp-image-412\" src=\"https:\/\/www.entrerios.gov.ar\/dgec\/wp-content\/uploads\/2017\/01\/logopdf.png\" alt=\"\" width=\"40\" height=\"49\" \/><\/a><\/td>\n<td width=\"530\">\n<h4><span style=\"font-family: 'Open Sans'; font-size: small; font-weight: 300;\">Trimestre III 2017<\/span><\/h4>\n<\/td>\n<\/tr>\n<tr>\n<td align=\"center\" width=\"60\"><a href=\"https:\/\/www.entrerios.gov.ar\/dgec\/wp-content\/uploads\/2017\/01\/2017_ephcdia_ii17.pdf\"><img loading=\"lazy\" decoding=\"async\" class=\"alignnone wp-image-412\" src=\"https:\/\/www.entrerios.gov.ar\/dgec\/wp-content\/uploads\/2017\/01\/logopdf.png\" alt=\"\" width=\"40\" height=\"49\" \/><\/a><\/td>\n<td width=\"530\">\n<h4><span style=\"font-family: 'Open Sans'; font-size: small; font-weight: 300;\">Trimestre II 2017<\/span><\/h4>\n<\/td>\n<\/tr>\n<tr>\n<td align=\"center\" width=\"60\"><a href=\"https:\/\/www.entrerios.gov.ar\/dgec\/wp-content\/uploads\/2017\/01\/2017_ephcdia_i17.pdf\"><img loading=\"lazy\" decoding=\"async\" class=\"alignnone wp-image-412\" src=\"https:\/\/www.entrerios.gov.ar\/dgec\/wp-content\/uploads\/2017\/01\/logopdf.png\" alt=\"\" width=\"40\" height=\"49\" \/><\/a><\/td>\n<td width=\"530\">\n<h4><span style=\"font-family: 'Open Sans'; font-size: small; font-weight: 300;\">Trimestre I 2017<\/span><\/h4>\n<\/td>\n<\/tr>\n<\/tbody>\n<\/table>\n<p>[\/et_pb_toggle][et_pb_toggle title=\u00bb2016&#8243; _builder_version=\u00bb4.24.2&#8243; _module_preset=\u00bbdefault\u00bb global_colors_info=\u00bb{}\u00bb]<\/p>\n<table class=\"responsive \">\n<tbody>\n<tr>\n<td align=\"center\" width=\"60\"><a href=\"https:\/\/www.entrerios.gov.ar\/dgec\/wp-content\/uploads\/2017\/01\/2016_ephcdia_iv16.pdf\"><img loading=\"lazy\" decoding=\"async\" class=\"alignnone wp-image-412\" src=\"https:\/\/www.entrerios.gov.ar\/dgec\/wp-content\/uploads\/2017\/01\/logopdf.png\" alt=\"\" width=\"40\" height=\"49\" \/><\/a><\/td>\n<td width=\"530\">\n<h4><span style=\"font-family: 'Open Sans'; font-size: small; font-weight: 300;\">Trimestre IV 2016<\/span><\/h4>\n<\/td>\n<\/tr>\n<tr>\n<td align=\"center\" width=\"60\"><a href=\"https:\/\/www.entrerios.gov.ar\/dgec\/wp-content\/uploads\/2017\/01\/2016_ephcdia_iii16.pdf\"><img loading=\"lazy\" decoding=\"async\" class=\"alignnone wp-image-412\" src=\"https:\/\/www.entrerios.gov.ar\/dgec\/wp-content\/uploads\/2017\/01\/logopdf.png\" alt=\"\" width=\"40\" height=\"49\" \/><\/a><\/td>\n<td width=\"530\">\n<h4><span style=\"font-family: 'Open Sans'; font-size: small; font-weight: 300;\">Trimestre III 2016<\/span><\/h4>\n<\/td>\n<\/tr>\n<tr>\n<td align=\"center\" width=\"60\"><a href=\"https:\/\/www.entrerios.gov.ar\/dgec\/wp-content\/uploads\/2017\/01\/2016_ephcdia_ii16.pdf\"><img loading=\"lazy\" decoding=\"async\" class=\"alignnone wp-image-412\" src=\"https:\/\/www.entrerios.gov.ar\/dgec\/wp-content\/uploads\/2017\/01\/logopdf.png\" alt=\"\" width=\"40\" height=\"49\" \/><\/a><\/td>\n<td width=\"530\">\n<h4><span style=\"font-family: 'Open Sans'; font-size: small; font-weight: 300;\">Trimestre II 2016<\/span><\/h4>\n<\/td>\n<\/tr>\n<\/tbody>\n<\/table>\n<p>[\/et_pb_toggle][\/et_pb_column][\/et_pb_row][et_pb_row _builder_version=\u00bb4.24.2&#8243; _module_preset=\u00bbdefault\u00bb global_colors_info=\u00bb{}\u00bb][et_pb_column type=\u00bb4_4&#8243; _builder_version=\u00bb4.24.2&#8243; _module_preset=\u00bbdefault\u00bb global_colors_info=\u00bb{}\u00bb][et_pb_text _builder_version=\u00bb4.27.4&#8243; _module_preset=\u00bbdefault\u00bb global_colors_info=\u00bb{}\u00bb]<\/p>\n<p>Puede consultar la serie hist\u00f3rica completa de tabulados <a href=\"https:\/\/www.indec.gob.ar\/indec\/web\/Institucional-Indec-bases_EPH_tabulado_continua\">Aqu\u00ed<\/a><\/p>\n<p>[\/et_pb_text][\/et_pb_column][\/et_pb_row][\/et_pb_section][et_pb_section fb_built=\u00bb1&#8243; _builder_version=\u00bb4.16&#8243; da_disable_devices=\u00bboff|off|off\u00bb global_colors_info=\u00bb{}\u00bb da_is_popup=\u00bboff\u00bb da_exit_intent=\u00bboff\u00bb da_has_close=\u00bbon\u00bb da_alt_close=\u00bboff\u00bb da_dark_close=\u00bboff\u00bb da_not_modal=\u00bbon\u00bb da_is_singular=\u00bboff\u00bb da_with_loader=\u00bboff\u00bb da_has_shadow=\u00bbon\u00bb][et_pb_row _builder_version=\u00bb4.16&#8243; background_size=\u00bbinitial\u00bb background_position=\u00bbtop_left\u00bb background_repeat=\u00bbrepeat\u00bb global_colors_info=\u00bb{}\u00bb][et_pb_column type=\u00bb4_4&#8243; _builder_version=\u00bb4.16&#8243; custom_padding=\u00bb|||\u00bb global_colors_info=\u00bb{}\u00bb custom_padding__hover=\u00bb|||\u00bb][et_pb_divider color=\u00bb#ffffff\u00bb disabled_on=\u00bbon|on|off\u00bb _builder_version=\u00bb4.27.4&#8243; background_color=\u00bb#FFFFFF\u00bb height=\u00bb30px\u00bb global_colors_info=\u00bb{}\u00bb][\/et_pb_divider][et_pb_divider color=\u00bb#FFFFFF\u00bb disabled_on=\u00bbon|on|off\u00bb _builder_version=\u00bb4.27.4&#8243; background_color=\u00bb#FFFFFF\u00bb height=\u00bb50px\u00bb global_colors_info=\u00bb{}\u00bb][\/et_pb_divider][\/et_pb_column][\/et_pb_row][et_pb_row _builder_version=\u00bb4.27.4&#8243; _module_preset=\u00bbdefault\u00bb global_colors_info=\u00bb{}\u00bb][et_pb_column type=\u00bb4_4&#8243; _builder_version=\u00bb4.27.4&#8243; _module_preset=\u00bbdefault\u00bb global_colors_info=\u00bb{}\u00bb][et_pb_text _builder_version=\u00bb4.27.4&#8243; _module_preset=\u00bbdefault\u00bb text_font=\u00bb|700|||||||\u00bb text_font_size=\u00bb16px\u00bb global_colors_info=\u00bb{}\u00bb]<\/p>\n<p><strong>OTROS INDICADORES LABORALES<\/strong><\/p>\n<p>[\/et_pb_text][et_pb_toggle title=\u00bbENCUESTA SOBRE TRABAJO NO REMUNERADO Y USO DEL TIEMPO. 3\u00ba TRIMESTRES DE 2013&#8243; admin_label=\u00bbToggle\u00bb _builder_version=\u00bb4.27.4&#8243; _module_preset=\u00bbdefault\u00bb title_level=\u00bbh4&#8243; title_font=\u00bb|700|||||||\u00bb global_colors_info=\u00bb{}\u00bb]<\/p>\n<table border=\"0\" width=\"400\">\n<tbody>\n<tr>\n<td align=\"center\" width=\"60\"><a href=\"https:\/\/www.entrerios.gov.ar\/dgec\/wp-content\/uploads\/2020\/02\/ENCUESTA-SOBRE-TRABAJO-NO-REMUNERADO-Y-USO-DEL-TIEMPO.pdf\"><img loading=\"lazy\" decoding=\"async\" class=\"wp-image-413 alignleft\" src=\"http:\/\/www.entrerios.gov.ar\/dgec\/wp-content\/uploads\/2017\/01\/logopdf.png\" alt=\"logopdf\" width=\"40\" height=\"49\" \/><\/a><\/td>\n<td width=\"530\">\n<h4><span style=\"font-family: 'Open Sans'; font-size: small; font-weight: 300;\">Metodolog\u00eda<\/span><\/h4>\n<\/td>\n<\/tr>\n<tr>\n<td align=\"center\" width=\"60\"><a href=\"https:\/\/www.entrerios.gov.ar\/dgec\/wp-content\/uploads\/2020\/02\/Trabajo-Voluntario.xlsx\"><img loading=\"lazy\" decoding=\"async\" class=\"wp-image-413 alignleft\" src=\"http:\/\/www.entrerios.gov.ar\/dgec\/wp-content\/uploads\/2017\/01\/logoxls.png\" alt=\"logoxls\" width=\"40\" height=\"49\" \/><\/a><\/td>\n<td width=\"530\">\n<h4><span style=\"font-family: 'Open Sans'; font-size: small; font-weight: 300;\">Trabajo Voluntario<\/span><\/h4>\n<\/td>\n<\/tr>\n<tr>\n<td align=\"center\" width=\"60\"><a href=\"https:\/\/www.entrerios.gov.ar\/dgec\/wp-content\/uploads\/2020\/02\/Trabajo-Dom\u00e9stico.xlsx\"><img loading=\"lazy\" decoding=\"async\" class=\"wp-image-413 alignleft\" src=\"http:\/\/www.entrerios.gov.ar\/dgec\/wp-content\/uploads\/2017\/01\/logoxls.png\" alt=\"logoxls\" width=\"40\" height=\"49\" \/><\/a><\/td>\n<td width=\"530\">\n<h4><span style=\"font-family: 'Open Sans'; font-size: small; font-weight: 300;\">Trabajo Dom\u00e9stico<\/span><\/h4>\n<\/td>\n<\/tr>\n<\/tbody>\n<\/table>\n<p>[\/et_pb_toggle][et_pb_toggle title=\u00bbACCIDENTABILIDAD LABORAL EN ENTRE R\u00cdOS\u00bb _builder_version=\u00bb4.27.4&#8243; _module_preset=\u00bbdefault\u00bb title_level=\u00bbh4&#8243; title_font=\u00bb|700|||||||\u00bb global_colors_info=\u00bb{}\u00bb]<\/p>\n<table style=\"width: 1079px;\" border=\"0\" width=\"400\">\n<tbody>\n<tr>\n<td style=\"width: 95px;\" align=\"center\"><a href=\"https:\/\/www.entrerios.gov.ar\/dgec\/wp-content\/uploads\/2025\/05\/Seguridad-y-Trabajo-.xlsx\"><img loading=\"lazy\" decoding=\"async\" class=\"wp-image-413 alignleft\" src=\"http:\/\/www.entrerios.gov.ar\/dgec\/wp-content\/uploads\/2017\/01\/logoxls.png\" alt=\"logoxls\" width=\"60\" height=\"70\" \/><\/a><\/td>\n<td style=\"width: 969.105px;\">\n<h4><span style=\"font-family: 'Open Sans'; font-size: small; font-weight: 300;\">Casos notificados de accidentes laborales<\/span><\/h4>\n<\/td>\n<\/tr>\n<tr>\n<td style=\"width: 95px;\" align=\"center\"><a href=\"https:\/\/www.entrerios.gov.ar\/dgec\/wp-content\/uploads\/2025\/01\/1Indice-de-Incidencia-AT-y-EP-en-Unidades-Productivas-Serie-2019-2023.xlsx\"><img loading=\"lazy\" decoding=\"async\" class=\"wp-image-413 alignleft\" src=\"http:\/\/www.entrerios.gov.ar\/dgec\/wp-content\/uploads\/2017\/01\/logoxls.png\" alt=\"logoxls\" width=\"60\" height=\"70\" \/><\/a><\/td>\n<td style=\"width: 969.105px;\">\n<h4><span style=\"font-family: 'Open Sans'; font-size: small; font-weight: 300;\">\u00cdndice de incidencia de Accidentes de Trabajo (AT) y Enfermedades Profesionales (EP)<\/span><\/h4>\n<\/td>\n<\/tr>\n<tr>\n<td style=\"width: 95px;\" align=\"center\"><a href=\"https:\/\/www.entrerios.gov.ar\/dgec\/wp-content\/uploads\/2025\/01\/2Indice-de-incidencia-segun-Sector-Economico-Serie-2019-2023.xlsx\"><img loading=\"lazy\" decoding=\"async\" class=\"wp-image-413 alignleft\" src=\"http:\/\/www.entrerios.gov.ar\/dgec\/wp-content\/uploads\/2017\/01\/logoxls.png\" alt=\"logoxls\" width=\"60\" height=\"70\" \/><\/a><\/td>\n<td style=\"width: 969.105px;\">\n<h4><span style=\"font-family: 'Open Sans'; font-size: small; font-weight: 300;\">\u00cdndice de incidencia de Accidentes de Trabajo (AT) y Enfermedades Profesionales (EP) seg\u00fan sector econ\u00f3mico.<\/span><\/h4>\n<\/td>\n<\/tr>\n<tr>\n<td style=\"width: 95px;\" align=\"center\"><a href=\"https:\/\/www.entrerios.gov.ar\/dgec\/wp-content\/uploads\/2025\/01\/3Indice-de-incidencia-de-Casos-Mortales-Serie-201-2023.xlsx\"><img loading=\"lazy\" decoding=\"async\" class=\"wp-image-413 alignleft\" src=\"http:\/\/www.entrerios.gov.ar\/dgec\/wp-content\/uploads\/2017\/01\/logoxls.png\" alt=\"logoxls\" width=\"60\" height=\"70\" \/><\/a><\/td>\n<td style=\"width: 969.105px;\">\n<h4><span style=\"font-family: 'Open Sans'; font-size: small; font-weight: 300;\">\u00cdndices de incidencia de casos mortales. Total sistema.<\/span><\/h4>\n<\/td>\n<\/tr>\n<tr>\n<td style=\"width: 95px;\" align=\"center\"><a href=\"https:\/\/www.entrerios.gov.ar\/dgec\/wp-content\/uploads\/2025\/02\/3-Accidentologia-laboral.xlsx\"><img loading=\"lazy\" decoding=\"async\" class=\"wp-image-413 alignleft\" src=\"http:\/\/www.entrerios.gov.ar\/dgec\/wp-content\/uploads\/2017\/01\/logoxls.png\" alt=\"logoxls\" width=\"60\" height=\"70\" \/><\/a><\/td>\n<td style=\"width: 969.105px;\">\n<h4><span style=\"font-family: 'Open Sans'; font-size: small; font-weight: 300;\">Accidentologia Laboral.<\/span><\/h4>\n<\/td>\n<\/tr>\n<\/tbody>\n<\/table>\n<p>[\/et_pb_toggle][et_pb_toggle title=\u00bbINDICADORES DE INFORMALIDAD LABORAL\u00bb _builder_version=\u00bb4.27.4&#8243; _module_preset=\u00bbdefault\u00bb title_level=\u00bbh4&#8243; title_font=\u00bb|700|||||||\u00bb global_colors_info=\u00bb{}\u00bb]<\/p>\n<table style=\"width: 1079px;\" border=\"0\" width=\"400\">\n<tbody>\n<tr>\n<td style=\"width: 95px;\" align=\"center\"><a href=\"https:\/\/www.entrerios.gov.ar\/dgec\/wp-content\/uploads\/2025\/06\/Indicadores-de-Informalidad-Laboral.xlsx\"><img loading=\"lazy\" decoding=\"async\" class=\"wp-image-413 alignleft\" src=\"http:\/\/www.entrerios.gov.ar\/dgec\/wp-content\/uploads\/2017\/01\/logoxls.png\" alt=\"logoxls\" width=\"60\" height=\"70\" \/><\/a><\/td>\n<td style=\"width: 969.105px;\">\n<h4><span style=\"font-family: 'Open Sans'; font-size: small; font-weight: 300;\">Indicadores de Informalidad Laboral. 31 Aglomerados Urbanos, Paran\u00e1 y Concordia. 4to. Trimestre 2024<\/span><\/h4>\n<\/td>\n<\/tr>\n<\/tbody>\n<\/table>\n<p>[\/et_pb_toggle][et_pb_divider show_divider=\u00bboff\u00bb _builder_version=\u00bb4.27.4&#8243; _module_preset=\u00bbdefault\u00bb global_colors_info=\u00bb{}\u00bb][\/et_pb_divider][\/et_pb_column][\/et_pb_row][\/et_pb_section]<\/p>\n","protected":false},"excerpt":{"rendered":"<p>TrabajoEn esta Secci\u00f3n se divulgan datos del Mercado de Trabajo y sus principales indicadores producidos principalmente a partir de la Encuesta Permanente de Hogares (EPH-INDEC) y otras fuentes secundarias.Tasas del Mercado de Trabajo. 4\u00ba Trimestre del 2025. (\u00daltimo dato) &nbsp; Tasas (%) Actividad Empleo Desocupaci\u00f3n Sub-Ocupaci\u00f3n Total 31 Aglomerados Urbanos 48,6 45,0 7,5 11,3 Regi\u00f3n [&hellip;]<\/p>\n","protected":false},"author":1,"featured_media":0,"parent":0,"menu_order":0,"comment_status":"closed","ping_status":"closed","template":"","meta":{"_et_pb_use_builder":"on","_et_pb_old_content":"","_et_gb_content_width":"","footnotes":""},"_links":{"self":[{"href":"https:\/\/www.entrerios.gov.ar\/dgec\/wp-json\/wp\/v2\/pages\/65"}],"collection":[{"href":"https:\/\/www.entrerios.gov.ar\/dgec\/wp-json\/wp\/v2\/pages"}],"about":[{"href":"https:\/\/www.entrerios.gov.ar\/dgec\/wp-json\/wp\/v2\/types\/page"}],"author":[{"embeddable":true,"href":"https:\/\/www.entrerios.gov.ar\/dgec\/wp-json\/wp\/v2\/users\/1"}],"replies":[{"embeddable":true,"href":"https:\/\/www.entrerios.gov.ar\/dgec\/wp-json\/wp\/v2\/comments?post=65"}],"version-history":[{"count":394,"href":"https:\/\/www.entrerios.gov.ar\/dgec\/wp-json\/wp\/v2\/pages\/65\/revisions"}],"predecessor-version":[{"id":222399,"href":"https:\/\/www.entrerios.gov.ar\/dgec\/wp-json\/wp\/v2\/pages\/65\/revisions\/222399"}],"wp:attachment":[{"href":"https:\/\/www.entrerios.gov.ar\/dgec\/wp-json\/wp\/v2\/media?parent=65"}],"curies":[{"name":"wp","href":"https:\/\/api.w.org\/{rel}","templated":true}]}}